{"id":70855,"date":"2025-01-22T15:26:28","date_gmt":"2025-01-22T14:26:28","guid":{"rendered":"https:\/\/www.aeemt.org\/web\/?page_id=70855"},"modified":"2025-01-22T20:08:36","modified_gmt":"2025-01-22T19:08:36","slug":"vol-33-n04-diciembre-2024-numero-completo","status":"publish","type":"page","link":"https:\/\/www.aeemt.org\/web\/vol-33-n04-diciembre-2024-numero-completo\/","title":{"rendered":"Vol 33 N04 Diciembre 2024. N\u00famero completo."},"content":{"rendered":"<p>[vc_row rt_row_background_width=\u00bbdefault\u00bb rt_row_style=\u00bbdefault-style\u00bb rt_row_borders=\u00bb\u00bb rt_row_paddings=\u00bbtrue\u00bb rt_bg_effect=\u00bbclassic\u00bb rt_bg_image_repeat=\u00bbrepeat\u00bb rt_bg_size=\u00bbcover\u00bb rt_bg_position=\u00bbright top\u00bb rt_bg_attachment=\u00bbscroll\u00bb rt_bg_video_format=\u00bbself-hosted\u00bb][vc_column rt_wrp_col_paddings=\u00bbfalse\u00bb rt_border_top=\u00bb\u00bb rt_border_bottom=\u00bb\u00bb rt_border_left=\u00bb\u00bb rt_border_right=\u00bb\u00bb rt_border_top_mobile=\u00bb\u00bb rt_border_bottom_mobile=\u00bb\u00bb rt_border_left_mobile=\u00bb\u00bb rt_border_right_mobile=\u00bb\u00bb rt_bg_image_repeat=\u00bbrepeat\u00bb rt_bg_size=\u00bbauto auto\u00bb rt_bg_position=\u00bbright top\u00bb rt_bg_attachment=\u00bbscroll\u00bb]<div class=\"rt_heading_wrapper style-4\">\n\t\t\t\t\t\t<h2 class=\"rt_heading  style-4\" >N\u00famero de la Revista:\u00a0<strong>Vol. 33\u00a0&#8211; n\u00ba 04\u00a0&#8211;\u00a0Diciembre\u00a02024<\/strong><\/h2>\n\t\t\t\t\t<\/div>[vc_column_text css=\u00bb\u00bb]<strong>Rev Asoc Esp Espec Med Trab<\/strong><br \/>\nVol\u00famen 33 &#8211; N\u00famero 4- Diciembre 2024 &#8211; 170 p\u00e1ginas<br \/>\n<strong>ISSN version on line: 3020-1160<\/strong><br \/>\n<strong>ISSN versi\u00f3n impresa: 1132-6255<\/strong><br \/>\nRevista trimestral[\/vc_column_text][vc_column_text css=\u00bb\u00bb]<\/p>\n<h3 style=\"text-align: center;\">Pod\u00e9is\u00a0visualizar en formato PDF el numero completo de la publicaci\u00f3n pulsando sobre el siguiente enlace.<\/h3>\n<p style=\"text-align: center;\"><div class=\"button_wrapper  aligncenter\"><a  href=\"https:\/\/www.aeemt.org\/Revista_AEEMT\/VOL_33_N04_2024_DIC\/MDT%20DIC%202024%204.pdf\" target=\"_blank\" title=\"Revista Volumen 33 N02 Junio 2024\" class=\"button_  default medium\"><strong>PDF del n\u00famero completo de la Revista<\/strong><\/a><\/div>\n<p>[\/vc_column_text][vc_single_image image=\u00bb70860&#8243; img_size=\u00bbfull\u00bb alignment=\u00bbcenter\u00bb css=\u00bb\u00bb][\/vc_column][\/vc_row][vc_row rt_row_background_width=\u00bbdefault\u00bb rt_row_style=\u00bbdefault-style\u00bb rt_row_borders=\u00bb\u00bb rt_row_paddings=\u00bbtrue\u00bb rt_bg_effect=\u00bbclassic\u00bb rt_bg_image_repeat=\u00bbrepeat\u00bb rt_bg_size=\u00bbcover\u00bb rt_bg_position=\u00bbright top\u00bb rt_bg_attachment=\u00bbscroll\u00bb rt_bg_video_format=\u00bbself-hosted\u00bb][vc_column width=\u00bb1\/2&#8243; rt_wrp_col_paddings=\u00bbfalse\u00bb rt_border_top=\u00bb\u00bb rt_border_bottom=\u00bb\u00bb rt_border_left=\u00bb\u00bb rt_border_right=\u00bb\u00bb rt_border_top_mobile=\u00bb\u00bb rt_border_bottom_mobile=\u00bb\u00bb rt_border_left_mobile=\u00bb\u00bb rt_border_right_mobile=\u00bb\u00bb rt_bg_image_repeat=\u00bbrepeat\u00bb rt_bg_size=\u00bbauto auto\u00bb rt_bg_position=\u00bbright top\u00bb rt_bg_attachment=\u00bbscroll\u00bb]\t \n\t\t<div  class=\"chained_contents style-1  left\" data-rt-animation-group=\"group\" >\n\t\t\t \n\t\t<div  class=\"\" data-rt-animate=\"animate\" data-rt-animation-type=\"fadeInDown\">\n\t\t<span class=\"icon-menu-1 icon\"><\/span><div class=\"list-content\"><h4 class=\"list-title\">SUMARIO<\/h4><p>Sumario de la revista.<\/p>\n<div class=\"button_wrapper \"><a  href=\"https:\/\/www.aeemt.org\/Revista_AEEMT\/VOL_33_N04_2024_DIC\/365-366%20Sumario.pdf\" target=\"_blank\" title=\"Sumario\" class=\"button_  default medium\"><strong>Sumario en PDF<\/strong><\/a><\/div>\n<\/div>\n\t\t<\/div>\n\t\t \n\t\t<div  class=\"\" data-rt-animate=\"animate\" data-rt-animation-type=\"fadeInDown\">\n\t\t<span class=\"icon-doc-alt icon\"><\/span><div class=\"list-content\"><h4 class=\"list-title\">EDITORIAL<\/h4><p style=\"text-align: justify;\"><strong>Prevenci\u00f3n del c\u00e1ncer de origen laboral: una cuesti\u00f3n de estrategia.<\/strong><br \/>\n<em>Dra. Mar\u00eda Jes\u00fas Terradillos Garc\u00eda<\/em><\/p>\n<p style=\"text-align: justify;\">\n<div class=\"button_wrapper \"><a  href=\"https:\/\/www.aeemt.org\/web\/editorial-mdt-vol33-n4-diciembre-2024\/\" target=\"_self\" title=\"Prevenci\u00f3n del c\u00e1ncer de origen laboral: una cuesti\u00f3n de estrategia.\" class=\"button_  default medium\"><strong>Ver Editorial<\/strong><\/a><\/div>\n<div class=\"button_wrapper \"><a  href=\"https:\/\/www.aeemt.org\/Revista_AEEMT\/VOL_33_N04_2024_DIC\/367-369%20Editorial.pdf\" target=\"_blank\" title=\"Prevenci\u00f3n del c\u00e1ncer de origen laboral: una cuesti\u00f3n de estrategia.\" class=\"button_  default medium\"><strong>Editorial en PDF<\/strong><\/a><\/div>\n<\/div>\n\t\t<\/div>\n\t\t \n\t\t<div  class=\"\" data-rt-animate=\"animate\" data-rt-animation-type=\"fadeInDown\">\n\t\t<span class=\"icon-doc-alt icon\"><\/span><div class=\"list-content\"><h4 class=\"list-title\">Art\u00edculo<\/h4><p style=\"text-align: justify;\"><strong>Bienestar emocional y marcadores inflamatorios en personal sanitario. Estudio transversal<\/strong><br \/>\n<em>Meritxell Ciria Roca, Laura Torrente Salvador, Isabel Fern\u00e1ndez-Diez, Josep Maria Molina Aragones<\/em><\/p>\n<p style=\"text-align: justify;\">\n<div class=\"button_wrapper \"><a  href=\"https:\/\/www.aeemt.org\/web\/original-1-mdt-vol33-n4-diciembre-2024\/\" target=\"_self\" title=\"Bienestar emocional y marcadores inflamatorios en personal sanitario. Estudio transversal\" class=\"button_  default medium\"><strong>Ver Resumen<\/strong><\/a><\/div>\n<p style=\"text-align: justify;\">\n<div class=\"button_wrapper \"><a  href=\"https:\/\/www.aeemt.org\/Revista_AEEMT\/VOL_33_N04_2024_DIC\/370-378%20Original_1.pdf\" target=\"_blank\" title=\"Bienestar emocional y marcadores inflamatorios en personal sanitario. Estudio transversal\" class=\"button_  default medium\"><strong>Ver PDF del art\u00edculo completo<\/strong><\/a><\/div>\n<\/div>\n\t\t<\/div>\n\t\t \n\t\t<div  class=\"\" data-rt-animate=\"animate\" data-rt-animation-type=\"fadeInDown\">\n\t\t<span class=\"icon-doc-alt icon\"><\/span><div class=\"list-content\"><h4 class=\"list-title\">Art\u00edculo<\/h4><p style=\"text-align: justify;\"><strong>Factores ocupacionales y su relaci\u00f3n con estilos de vida en trabajadores peruanos: un estudio estratificado por sexo<\/strong><br \/>\n<em>Lupita Ana Maria Valladolid-Sandoval, Nataly Mayely Sanchez-Tamay, Angie Chuquimbalqui Coronel, Fiorella E. Zuzunaga-Montoya, Carmen In\u00e9s Gutierrez De Carrillo, V\u00edctor Juan Vera-Ponce<\/em><\/p>\n<p style=\"text-align: left;\">\n<div class=\"button_wrapper \"><a  href=\"https:\/\/www.aeemt.org\/web\/original-2-mdt-vol33-n4-diciembre-2024\/\" target=\"_self\" title=\"Factores ocupacionales y su relaci\u00f3n con estilos de vida en trabajadores peruanos: un estudio estratificado por sexo\" class=\"button_  default medium\"><strong>Ver Resumen<\/strong><\/a><\/div>\n<p style=\"text-align: justify;\">\n<div class=\"button_wrapper \"><a  href=\"https:\/\/www.aeemt.org\/Revista_AEEMT\/VOL_33_N04_2024_DIC\/379-394%20Original_2.pdf\" target=\"_blank\" title=\"Factores ocupacionales y su relaci\u00f3n con estilos de vida en trabajadores peruanos: un estudio estratificado por sexo\" class=\"button_  default medium\"><strong>Ver PDF del art\u00edculo completo<\/strong><\/a><\/div>\n<\/div>\n\t\t<\/div>\n\t\t \n\t\t<div  class=\"\" data-rt-animate=\"animate\" data-rt-animation-type=\"fadeInDown\">\n\t\t<span class=\"icon-doc-alt icon\"><\/span><div class=\"list-content\"><h4 class=\"list-title\">Art\u00edculo<\/h4><p style=\"text-align: justify;\"><strong>Complicaciones en el embarazo en personal de tres hospitales universitarios espa\u00f1oles en relaci\u00f3n con sus turnos de trabajo. Estudio retrospectivo.<\/strong><br \/>\n<em>Mercedes Dur\u00e1n P\u00e9rez, Susana Alonso Perarnau, \u00c1lvaro Andr\u00e9s Sanz, Tivisay Garc\u00eda Y\u00e1nez<\/em><\/p>\n<p style=\"text-align: justify;\">\n<div class=\"button_wrapper \"><a  href=\"https:\/\/www.aeemt.org\/web\/original-3-mdt-vol33-n4-diciembre-2024\/\" target=\"_self\" title=\"Complicaciones en el embarazo en personal de tres hospitales universitarios espa\u00f1oles en relaci\u00f3n con sus turnos de trabajo. Estudio retrospectivo.\" class=\"button_  default medium\"><strong>Ver Resumen<\/strong><\/a><\/div>\n<p style=\"text-align: justify;\">\n<div class=\"button_wrapper \"><a  href=\"https:\/\/www.aeemt.org\/Revista_AEEMT\/VOL_33_N04_2024_DIC\/395-404%20Original_3.pdf\" target=\"_blank\" title=\"Complicaciones en el embarazo en personal de tres hospitales universitarios espa\u00f1oles en relaci\u00f3n con sus turnos de trabajo. Estudio retrospectivo.\" class=\"button_  default medium\"><strong>Ver PDF del art\u00edculo completo<\/strong><\/a><\/div>\n<\/div>\n\t\t<\/div>\n\t\t \n\t\t<div  class=\"\" data-rt-animate=\"animate\" data-rt-animation-type=\"fadeInDown\">\n\t\t<span class=\"icon-doc-alt icon\"><\/span><div class=\"list-content\"><h4 class=\"list-title\">Art\u00edculo<\/h4><p style=\"text-align: justify;\"><strong>Adaptaci\u00f3n y validaci\u00f3n de la escala de ira en la conducci\u00f3n: estudio realizado en conductores del sur del Per\u00fa<\/strong><br \/>\n<em>Yhonny Alejo-Chavez, Rosa Oviedo-Soto, Ruth Camargo-Flores, Josu\u00e9 Edison Turpo-Chaparro, Oscar Mamani-Benito<\/em><\/p>\n<p style=\"text-align: justify;\">\n<div class=\"button_wrapper \"><a  href=\"https:\/\/www.aeemt.org\/web\/original-4-mdt-vol33-n4-diciembre-2024\/\" target=\"_self\" title=\"Adaptaci\u00f3n y validaci\u00f3n de la escala de ira en la conducci\u00f3n: estudio realizado en conductores del sur del Per\u00fa\" class=\"button_  default medium\"><strong>Ver Resumen<\/strong><\/a><\/div>\n<p style=\"text-align: justify;\">\n<div class=\"button_wrapper \"><a  href=\"https:\/\/www.aeemt.org\/Revista_AEEMT\/VOL_33_N04_2024_DIC\/405-414%20Original_4.pdf\" target=\"_blank\" title=\"Adaptaci\u00f3n y validaci\u00f3n de la escala de ira en la conducci\u00f3n: estudio realizado en conductores del sur del Per\u00fa\" class=\"button_  default medium\"><strong>Ver PDF del art\u00edculo completo<\/strong><\/a><\/div>\n<\/div>\n\t\t<\/div>\n\t\t \n\t\t<div  class=\"\" data-rt-animate=\"animate\" data-rt-animation-type=\"fadeInDown\">\n\t\t<span class=\"icon-doc-alt icon\"><\/span><div class=\"list-content\"><h4 class=\"list-title\">Art\u00edculo<\/h4><p style=\"text-align: justify;\"><strong>Factores ocupacionales asociados a los s\u00edntomas de dermatitis en una poblaci\u00f3n del sector odontol\u00f3gico en varios centros de la ciudad de Medell\u00edn<\/strong><br \/>\n<em>Angela Cristina Zapata Correa, Elsa Mar\u00eda V\u00e1squez Trespalacios<\/em><\/p>\n<p style=\"text-align: justify;\">\n<div class=\"button_wrapper \"><a  href=\"https:\/\/www.aeemt.org\/web\/original-5-mdt-vol33-n4-diciembre-2024\/\" target=\"_self\" title=\"Factores ocupacionales asociados a los s\u00edntomas de dermatitis en una poblaci\u00f3n del sector odontol\u00f3gico en varios centros de la ciudad de Medell\u00edn\" class=\"button_  default medium\"><strong>Ver Resumen<\/strong><\/a><\/div>\n<p style=\"text-align: justify;\">\n<div class=\"button_wrapper \"><a  href=\"https:\/\/www.aeemt.org\/Revista_AEEMT\/VOL_33_N04_2024_DIC\/415-426%20Original_5.pdf\" target=\"_blank\" title=\"Factores ocupacionales asociados a los s\u00edntomas de dermatitis en una poblaci\u00f3n del sector odontol\u00f3gico en varios centros de la ciudad de Medell\u00edn\" class=\"button_  default medium\"><strong>Ver PDF del art\u00edculo completo<\/strong><\/a><\/div>\n<\/div>\n\t\t<\/div>\n\t\n\t\t<\/div>\n\t[\/vc_column][vc_column width=\u00bb1\/2&#8243; rt_wrp_col_paddings=\u00bbfalse\u00bb rt_border_top=\u00bb\u00bb rt_border_bottom=\u00bb\u00bb rt_border_left=\u00bb\u00bb rt_border_right=\u00bb\u00bb rt_border_top_mobile=\u00bb\u00bb rt_border_bottom_mobile=\u00bb\u00bb rt_border_left_mobile=\u00bb\u00bb rt_border_right_mobile=\u00bb\u00bb rt_bg_image_repeat=\u00bbrepeat\u00bb rt_bg_size=\u00bbauto auto\u00bb rt_bg_position=\u00bbright top\u00bb rt_bg_attachment=\u00bbscroll\u00bb]\t \n\t\t<div  class=\"chained_contents style-1  left\" data-rt-animation-group=\"group\" >\n\t\t\t \n\t\t<div  class=\"\" data-rt-animate=\"animate\" data-rt-animation-type=\"fadeInDown\">\n\t\t<span class=\"icon-doc-alt icon\"><\/span><div class=\"list-content\"><h4 class=\"list-title\">Art\u00edculo<\/h4><p><strong>Crisis epil\u00e9pticas en trabajadores de una multinacional bancaria en Madrid<\/strong><br \/>\n<em>Juan Aldana-Romero, Isabel C\u00f3rdoba-T\u00e9var, Laura G\u00f3mez-Paredes, Cristina P\u00e9rez-Herreras, Maria Guti\u00e9rrez-Aguilo, Maria-Antonia de-Miguel, Juan Mu\u00f1oz-Guti\u00e9rrez, Luis Reinoso-Barbero<\/em><\/p>\n<p style=\"text-align: justify;\">\n<div class=\"button_wrapper \"><a  href=\"https:\/\/www.aeemt.org\/web\/original-6-mdt-vol33-n4-diciembre-2024\/\" target=\"_self\" title=\"Crisis epil\u00e9pticas en trabajadores de una multinacional bancaria en Madrid\" class=\"button_  default medium\"><strong>Ver Resumen<\/strong><\/a><\/div>\n<p style=\"text-align: justify;\">\n<div class=\"button_wrapper \"><a  href=\"https:\/\/www.aeemt.org\/Revista_AEEMT\/VOL_33_N04_2024_DIC\/427-434%20Original_6.pdf\" target=\"_blank\" title=\"Crisis epil\u00e9pticas en trabajadores de una multinacional bancaria en Madrid\" class=\"button_  default medium\"><strong>Ver PDF del art\u00edculo completo<\/strong><\/a><\/div>\n<\/div>\n\t\t<\/div>\n\t\t \n\t\t<div  class=\"\" data-rt-animate=\"animate\" data-rt-animation-type=\"fadeInDown\">\n\t\t<span class=\"icon-doc-alt icon\"><\/span><div class=\"list-content\"><h4 class=\"list-title\">Art\u00edculo<\/h4><p><strong>Perfil de absentismo de trabajadores de una empresa colombiana del sector retail<\/strong><br \/>\n<em>Alejandro Angarita, Sebasti\u00e1n Bedoya, Mauricio \u00c1lzate<\/em><\/p>\n<p style=\"text-align: justify;\">\n<div class=\"button_wrapper \"><a  href=\"https:\/\/www.aeemt.org\/web\/original-7-mdt-vol33-n4-diciembre-2024\/\" target=\"_self\" title=\"Perfil de absentismo de trabajadores de una empresa colombiana del sector retail\" class=\"button_  default medium\"><strong>Ver Resumen<\/strong><\/a><\/div>\n<p style=\"text-align: justify;\">\n<div class=\"button_wrapper \"><a  href=\"https:\/\/www.aeemt.org\/Revista_AEEMT\/VOL_33_N04_2024_DIC\/435-448%20Original_7.pdf\" target=\"_blank\" title=\"Perfil de absentismo de trabajadores de una empresa colombiana del sector retail\" class=\"button_  default medium\"><strong>PDF del art\u00edculo completo<\/strong><\/a><\/div>\n<\/div>\n\t\t<\/div>\n\t\t \n\t\t<div  class=\"\" data-rt-animate=\"animate\" data-rt-animation-type=\"fadeInDown\">\n\t\t<span class=\"icon-doc-alt icon\"><\/span><div class=\"list-content\"><h4 class=\"list-title\">Revisi\u00f3n<\/h4><p><strong>Efectos adversos de la radiaci\u00f3n c\u00f3smica en personal aeron\u00e1utico: Revisi\u00f3n Sistem\u00e1tica<\/strong><br \/>\n<em>Mar\u00eda Teresa Ortiz-Ortiz, Ana Cecilia Romero-Aguirre, Valeria Olivier-Morillo, F\u00e1tima Rosalyn Gonzales-Alvarado<\/em><\/p>\n<p style=\"text-align: justify;\">\n<div class=\"button_wrapper \"><a  href=\"https:\/\/www.aeemt.org\/web\/revision-1-mdt-vol33-n4-diciembre-2024\/\" target=\"_self\" title=\"Efectos adversos de la radiaci\u00f3n c\u00f3smica en personal aeron\u00e1utico: Revisi\u00f3n Sistem\u00e1tica\" class=\"button_  default medium\"><strong>Ver Resumen<\/strong><\/a><\/div>\n<p style=\"text-align: justify;\">\n<div class=\"button_wrapper \"><a  href=\"https:\/\/www.aeemt.org\/Revista_AEEMT\/VOL_33_N04_2024_DIC\/449-484%20Revision_1.pdf\" target=\"_blank\" title=\"Efectos adversos de la radiaci\u00f3n c\u00f3smica en personal aeron\u00e1utico: Revisi\u00f3n Sistem\u00e1tica\" class=\"button_  default medium\"><strong>PDF del art\u00edculo completo<\/strong><\/a><\/div>\n<\/div>\n\t\t<\/div>\n\t\t \n\t\t<div  class=\"\" data-rt-animate=\"animate\" data-rt-animation-type=\"fadeInDown\">\n\t\t<span class=\"icon-doc-alt icon\"><\/span><div class=\"list-content\"><h4 class=\"list-title\">Revisi\u00f3n<\/h4><p><strong>Aplicaciones de la Inteligencia Artificial en Salud y Seguridad en el trabajo: Una Revisi\u00f3n Sistem\u00e1tica<\/strong><br \/>\n<em>Carlos Federico Molina Casta\u00f1o. Catalina Maria Arango Alzate<\/em><\/p>\n<p style=\"text-align: justify;\">\n<div class=\"button_wrapper \"><a  href=\"https:\/\/www.aeemt.org\/web\/revision-2-mdt-vol33-n4-diciembre-2024\/\" target=\"_self\" title=\"Aplicaciones de la Inteligencia Artificial en Salud y Seguridad en el trabajo: Una Revisi\u00f3n Sistem\u00e1tica\" class=\"button_  default medium\"><strong>Ver Resumen<\/strong><\/a><\/div>\n<p style=\"text-align: justify;\">\n<div class=\"button_wrapper \"><a  href=\"https:\/\/www.aeemt.org\/Revista_AEEMT\/VOL_33_N04_2024_DIC\/485-502%20Revision_2.pdf\" target=\"_blank\" title=\"Aplicaciones de la Inteligencia Artificial en Salud y Seguridad en el trabajo: Una Revisi\u00f3n Sistem\u00e1tica\" class=\"button_  default medium\"><strong>PDF del art\u00edculo completo<\/strong><\/a><\/div>\n<\/div>\n\t\t<\/div>\n\t\t \n\t\t<div  class=\"\" data-rt-animate=\"animate\" data-rt-animation-type=\"fadeInDown\">\n\t\t<span class=\"icon-doc-alt icon\"><\/span><div class=\"list-content\"><h4 class=\"list-title\">Revisi\u00f3n<\/h4><p><strong>Mecanismos de seguimiento a las condiciones de trabajo en la modalidad de teletrabajo<\/strong><br \/>\n<em>Wilder Alfonso Hern\u00e1ndez Duarte, Jessica Lorena Nieto Pati\u00f1o, Karol Lisset Fandi\u00f1o Remolina, Mar\u00eda Fernanda Zuluaga Elorza<\/em><\/p>\n<p style=\"text-align: justify;\">\n<div class=\"button_wrapper \"><a  href=\"https:\/\/www.aeemt.org\/web\/revision-3-mdt-vol33-n4-diciembre-2024\/\" target=\"_self\" title=\"Mecanismos de seguimiento a las condiciones de trabajo en la modalidad de teletrabajo\" class=\"button_  default medium\"><strong>Ver Resumen<\/strong><\/a><\/div>\n<p style=\"text-align: justify;\">\n<div class=\"button_wrapper \"><a  href=\"https:\/\/www.aeemt.org\/Revista_AEEMT\/VOL_33_N04_2024_DIC\/503-523%20Revision_3.pdf\" target=\"_blank\" title=\"Mecanismos de seguimiento a las condiciones de trabajo en la modalidad de teletrabajo\" class=\"button_  default medium\"><strong>PDF del art\u00edculo completo<\/strong><\/a><\/div>\n<\/div>\n\t\t<\/div>\n\t\t \n\t\t<div  class=\"\" data-rt-animate=\"animate\" data-rt-animation-type=\"fadeInDown\">\n\t\t<span class=\"icon-users icon\"><\/span><div class=\"list-content\"><h4 class=\"list-title\">Equipo editorial<\/h4><p style=\"text-align: justify;\"><strong>DIRECTORA:<\/strong><br \/>\n<em>Dra. M\u00aa Teresa del Campo Balsa<\/em><br \/>\n<strong>FUNDADOR DE LA REVISTA EN 1991:<\/strong><br \/>\n<em>Dr. Javier Sanz Gonz\u00e1lez<\/em><br \/>\n<strong>COMIT\u00c9 DE REDACCI\u00d3N:<\/strong><br \/>\n<em>Dra. Luisa Capdevila Garc\u00eda, Dr. Gregorio Moreno Manzano, Dra. Carmen Mu\u00f1oz Ruiperez, Dr. Luis Reinoso Barbero, Dr. Ignacio S\u00e1nchez-Arcilla Conejo, Dr. Guillermo Soriano Tar\u00edn<\/em><\/p>\n<p style=\"text-align: justify;\">\n<div class=\"button_wrapper \"><a  href=\"http:\/\/www.aeemt.com\/web\/equipo-editorial\/\" target=\"_self\" title=\"Equipo Editorial\" class=\"button_  default medium\"><strong>Ver Equipo Editorial<\/strong><\/a><\/div>\n<\/div>\n\t\t<\/div>\n\t\n\t\t<\/div>\n\t[\/vc_column][\/vc_row]<\/p>\n","protected":false},"excerpt":{"rendered":"<p>[vc_row rt_row_background_width=\u00bbdefault\u00bb rt_row_style=\u00bbdefault-style\u00bb rt_row_borders=\u00bb\u00bb rt_row_paddings=\u00bbtrue\u00bb rt_bg_effect=\u00bbclassic\u00bb rt_bg_image_repeat=\u00bbrepeat\u00bb rt_bg_size=\u00bbcover\u00bb rt_bg_position=\u00bbright top\u00bb rt_bg_attachment=\u00bbscroll\u00bb rt_bg_video_format=\u00bbself-hosted\u00bb][vc_column rt_wrp_col_paddings=\u00bbfalse\u00bb rt_border_top=\u00bb\u00bb rt_border_bottom=\u00bb\u00bb rt_border_left=\u00bb\u00bb rt_border_right=\u00bb\u00bb rt_border_top_mobile=\u00bb\u00bb rt_border_bottom_mobile=\u00bb\u00bb rt_border_left_mobile=\u00bb\u00bb rt_border_right_mobile=\u00bb\u00bb rt_bg_image_repeat=\u00bbrepeat\u00bb rt_bg_size=\u00bbauto auto\u00bb rt_bg_position=\u00bbright top\u00bb rt_bg_attachment=\u00bbscroll\u00bb][vc_column_text css=\u00bb\u00bb]Rev Asoc Esp [&hellip;]<\/p>\n","protected":false},"author":1,"featured_media":0,"parent":0,"menu_order":0,"comment_status":"closed","ping_status":"closed","template":"","meta":{"footnotes":""},"class_list":["post-70855","page","type-page","status-publish","hentry"],"_links":{"self":[{"href":"https:\/\/www.aeemt.org\/web\/wp-json\/wp\/v2\/pages\/70855"}],"collection":[{"href":"https:\/\/www.aeemt.org\/web\/wp-json\/wp\/v2\/pages"}],"about":[{"href":"https:\/\/www.aeemt.org\/web\/wp-json\/wp\/v2\/types\/page"}],"author":[{"embeddable":true,"href":"https:\/\/www.aeemt.org\/web\/wp-json\/wp\/v2\/users\/1"}],"replies":[{"embeddable":true,"href":"https:\/\/www.aeemt.org\/web\/wp-json\/wp\/v2\/comments?post=70855"}],"version-history":[{"count":4,"href":"https:\/\/www.aeemt.org\/web\/wp-json\/wp\/v2\/pages\/70855\/revisions"}],"predecessor-version":[{"id":70929,"href":"https:\/\/www.aeemt.org\/web\/wp-json\/wp\/v2\/pages\/70855\/revisions\/70929"}],"wp:attachment":[{"href":"https:\/\/www.aeemt.org\/web\/wp-json\/wp\/v2\/media?parent=70855"}],"curies":[{"name":"wp","href":"https:\/\/api.w.org\/{rel}","templated":true}]}}