{"id":69439,"date":"2024-07-19T20:07:02","date_gmt":"2024-07-19T20:07:02","guid":{"rendered":"http:\/\/www.aeemt.com\/web\/?page_id=69439"},"modified":"2024-07-19T20:07:02","modified_gmt":"2024-07-19T20:07:02","slug":"vol-33-n02-junio-2024-numero-completo","status":"publish","type":"page","link":"https:\/\/www.aeemt.org\/web\/vol-33-n02-junio-2024-numero-completo\/","title":{"rendered":"Vol 33 N02 Junio 2024. N\u00famero completo."},"content":{"rendered":"<p>[vc_row rt_row_background_width=\u00bbdefault\u00bb rt_row_style=\u00bbdefault-style\u00bb rt_row_borders=\u00bb\u00bb rt_row_paddings=\u00bbtrue\u00bb rt_bg_effect=\u00bbclassic\u00bb rt_bg_image_repeat=\u00bbrepeat\u00bb rt_bg_size=\u00bbcover\u00bb rt_bg_position=\u00bbright top\u00bb rt_bg_attachment=\u00bbscroll\u00bb rt_bg_video_format=\u00bbself-hosted\u00bb][vc_column rt_wrp_col_paddings=\u00bbfalse\u00bb rt_border_top=\u00bb\u00bb rt_border_bottom=\u00bb\u00bb rt_border_left=\u00bb\u00bb rt_border_right=\u00bb\u00bb rt_border_top_mobile=\u00bb\u00bb rt_border_bottom_mobile=\u00bb\u00bb rt_border_left_mobile=\u00bb\u00bb rt_border_right_mobile=\u00bb\u00bb rt_bg_image_repeat=\u00bbrepeat\u00bb rt_bg_size=\u00bbauto auto\u00bb rt_bg_position=\u00bbright top\u00bb rt_bg_attachment=\u00bbscroll\u00bb]<div class=\"rt_heading_wrapper style-4\">\n\t\t\t\t\t\t<h2 class=\"rt_heading  style-4\" >N\u00famero de la Revista:\u00a0<strong>Vol. 33\u00a0&#8211; n\u00ba 02\u00a0&#8211;\u00a0Junio\u00a02024<\/strong><\/h2>\n\t\t\t\t\t<\/div>[vc_column_text]<strong>Rev Asoc Esp Espec Med Trab<\/strong><br \/>\nVol\u00famen 33\u00a0&#8211; N\u00famero\u00a02-\u00a0Junio\u00a02024\u00a0&#8211; 140\u00a0p\u00e1ginas<br \/>\n<strong>ISSN version on line: 3020-1160<\/strong><br \/>\n<strong>ISSN versi\u00f3n impresa: 1132-6255<\/strong><br \/>\nRevista trimestral[\/vc_column_text][vc_column_text]<\/p>\n<h3 style=\"text-align: center;\">Pod\u00e9is\u00a0visualizar en formato PDF el numero completo de la publicaci\u00f3n pulsando sobre el siguiente enlace.<\/h3>\n<p style=\"text-align: center;\"><div class=\"button_wrapper  aligncenter\"><a  href=\"https:\/\/www.aeemt.org\/Revista_AEEMT\/VOL_33_N02_2024_JUN\/MDT%20Junio%202024.pdf\" target=\"_blank\" title=\"Revista Volumen 33 N02 Junio 2024\" class=\"button_  default medium\"><strong>PDF del n\u00famero completo de la Revista<\/strong><\/a><\/div>\n<p>[\/vc_column_text][vc_single_image image=\u00bb69443&#8243; img_size=\u00bbfull\u00bb alignment=\u00bbcenter\u00bb][\/vc_column][\/vc_row][vc_row rt_row_background_width=\u00bbdefault\u00bb rt_row_style=\u00bbdefault-style\u00bb rt_row_borders=\u00bb\u00bb rt_row_paddings=\u00bbtrue\u00bb rt_bg_effect=\u00bbclassic\u00bb rt_bg_image_repeat=\u00bbrepeat\u00bb rt_bg_size=\u00bbcover\u00bb rt_bg_position=\u00bbright top\u00bb rt_bg_attachment=\u00bbscroll\u00bb rt_bg_video_format=\u00bbself-hosted\u00bb][vc_column width=\u00bb1\/2&#8243; rt_wrp_col_paddings=\u00bbfalse\u00bb rt_border_top=\u00bb\u00bb rt_border_bottom=\u00bb\u00bb rt_border_left=\u00bb\u00bb rt_border_right=\u00bb\u00bb rt_border_top_mobile=\u00bb\u00bb rt_border_bottom_mobile=\u00bb\u00bb rt_border_left_mobile=\u00bb\u00bb rt_border_right_mobile=\u00bb\u00bb rt_bg_image_repeat=\u00bbrepeat\u00bb rt_bg_size=\u00bbauto auto\u00bb rt_bg_position=\u00bbright top\u00bb rt_bg_attachment=\u00bbscroll\u00bb]\t \n\t\t<div  class=\"chained_contents style-1  left\" data-rt-animation-group=\"group\" >\n\t\t\t \n\t\t<div  class=\"\" data-rt-animate=\"animate\" data-rt-animation-type=\"fadeInDown\">\n\t\t<span class=\"icon-menu-1 icon\"><\/span><div class=\"list-content\"><h4 class=\"list-title\">SUMARIO<\/h4><p>Sumario de la revista.<\/p>\n<div class=\"button_wrapper \"><a  href=\"https:\/\/www.aeemt.org\/Revista_AEEMT\/VOL_33_N02_2024_JUN\/143-144%20MDT%20Junio%202024%20Sumario.pdf\" target=\"_blank\" title=\"Sumario\" class=\"button_  default medium\"><strong>Sumario en PDF<\/strong><\/a><\/div>\n<\/div>\n\t\t<\/div>\n\t\t \n\t\t<div  class=\"\" data-rt-animate=\"animate\" data-rt-animation-type=\"fadeInDown\">\n\t\t<span class=\"icon-doc-alt icon\"><\/span><div class=\"list-content\"><h4 class=\"list-title\">EDITORIAL<\/h4><p style=\"text-align: justify;\"><strong>Prevenci\u00f3n Cuaternaria en la Medicina del Trabajo<\/strong><br \/>\n<em>Dra. Samanta C. Kameniecki<\/em><\/p>\n<p style=\"text-align: justify;\">\n<div class=\"button_wrapper \"><a  href=\"http:\/\/www.aeemt.com\/web\/editorial-mdt-vol33-n2-junio-2024\/\" target=\"_self\" title=\"Prevenci\u00f3n Cuaternaria en la Medicina del Trabajo\" class=\"button_  default medium\"><strong>Ver Editorial<\/strong><\/a><\/div>\n<div class=\"button_wrapper \"><a  href=\"https:\/\/www.aeemt.org\/Revista_AEEMT\/VOL_33_N02_2024_JUN\/145-146%20MDT%20Junio%202024%20Editorial.pdf\" target=\"_blank\" title=\"Editorial en PDF\" class=\"button_  default medium\"><strong>Editorial en PDF<\/strong><\/a><\/div>\n<\/div>\n\t\t<\/div>\n\t\t \n\t\t<div  class=\"\" data-rt-animate=\"animate\" data-rt-animation-type=\"fadeInDown\">\n\t\t<span class=\"icon-doc-alt icon\"><\/span><div class=\"list-content\"><h4 class=\"list-title\">Art\u00edculo<\/h4><p style=\"text-align: justify;\"><strong>Estudio de los valores de espirometr\u00eda en trabajadores varones del sector minero de\u00a0un centro m\u00e9dico ocupacional en la ciudad de Arequipa-Per\u00fa, 2017-2018<\/strong><br \/>\n<em>Jos\u00e9 Arturo Rosales Bonilla, Juan Carlos Palomino Baldeon<\/em><\/p>\n<p style=\"text-align: justify;\">\n<div class=\"button_wrapper \"><a  href=\"http:\/\/www.aeemt.com\/web\/original-1-mdt-vol33-n2-junio-2024\/\" target=\"_self\" title=\"Estudio de los valores de espirometr\u00eda en trabajadores varones del sector minero de un centro m\u00e9dico ocupacional en la ciudad de Arequipa-Per\u00fa, 2017-2018\" class=\"button_  default medium\"><strong>Ver Resumen<\/strong><\/a><\/div>\n<p style=\"text-align: justify;\">\n<div class=\"button_wrapper \"><a  href=\"https:\/\/www.aeemt.org\/Revista_AEEMT\/VOL_33_N02_2024_JUN\/147-158MDT%20Junio%202024%20Original%201.pdf\" target=\"_blank\" title=\"Estudio de los valores de espirometr\u00eda en trabajadores varones del sector minero de un centro m\u00e9dico ocupacional en la ciudad de Arequipa-Per\u00fa, 2017-2018\" class=\"button_  default medium\"><strong>Ver PDF del art\u00edculo completo<\/strong><\/a><\/div>\n<\/div>\n\t\t<\/div>\n\t\t \n\t\t<div  class=\"\" data-rt-animate=\"animate\" data-rt-animation-type=\"fadeInDown\">\n\t\t<span class=\"icon-doc-alt icon\"><\/span><div class=\"list-content\"><h4 class=\"list-title\">Art\u00edculo<\/h4><p style=\"text-align: justify;\"><strong>Prevalencia y factores asociados a hipoacusia en trabajadores del sector alimentos\u00a0en Bogot\u00e1 en el a\u00f1o 2022<\/strong><br \/>\n<em>Jonathan Andr\u00e9s Su\u00e1rez Mora, Nancy-Piedad Molina-Montoya, Claudia Patricia V\u00e9lez Garc\u00eda<\/em><\/p>\n<p style=\"text-align: left;\">\n<div class=\"button_wrapper \"><a  href=\"http:\/\/www.aeemt.com\/web\/original-2-mdt-vol33-n2-junio-2024\/\" target=\"_self\" title=\"Prevalencia y factores asociados a hipoacusia en trabajadores del sector alimentos en Bogot\u00e1 en el a\u00f1o 2022\" class=\"button_  default medium\"><strong>Ver Resumen<\/strong><\/a><\/div>\n<p style=\"text-align: justify;\">\n<div class=\"button_wrapper \"><a  href=\"https:\/\/www.aeemt.org\/Revista_AEEMT\/VOL_33_N02_2024_JUN\/159-171%20MDT%20Junio%202024%20Original%202.pdf\" target=\"_blank\" title=\"Prevalencia y factores asociados a hipoacusia en trabajadores del sector alimentos en Bogot\u00e1 en el a\u00f1o 2022\" class=\"button_  default medium\"><strong>Ver PDF del art\u00edculo completo<\/strong><\/a><\/div>\n<\/div>\n\t\t<\/div>\n\t\t \n\t\t<div  class=\"\" data-rt-animate=\"animate\" data-rt-animation-type=\"fadeInDown\">\n\t\t<span class=\"icon-doc-alt icon\"><\/span><div class=\"list-content\"><h4 class=\"list-title\">Art\u00edculo<\/h4><p style=\"text-align: justify;\"><strong>Astenopia relacionada a distancia de visi\u00f3n y luminiscencia de monitores de pantallas LCD\u00a0en trabajadores administrativos de Mota Engil 2022<\/strong><br \/>\n<em>Aldo Arnao Bedregal, Katherine Gisselle Noriega Herrera, Vicente Aleixandre Benites-Zapata<\/em><\/p>\n<p style=\"text-align: justify;\">\n<div class=\"button_wrapper \"><a  href=\"http:\/\/www.aeemt.com\/web\/original-3-mdt-vol33-n2-junio-2024\/\" target=\"_self\" title=\"Astenopia relacionada a distancia de visi\u00f3n y luminiscencia de monitores de pantallas LCD en trabajadores administrativos de Mota Engil 2022\" class=\"button_  default medium\"><strong>Ver Resumen<\/strong><\/a><\/div>\n<p style=\"text-align: justify;\">\n<div class=\"button_wrapper \"><a  href=\"https:\/\/www.aeemt.org\/Revista_AEEMT\/VOL_33_N02_2024_JUN\/172-182%20MDT%20Junio%202024%20Original%203.pdf\" target=\"_blank\" title=\"Astenopia relacionada a distancia de visi\u00f3n y luminiscencia de monitores de pantallas LCD en trabajadores administrativos de Mota Engil 2022\" class=\"button_  default medium\"><strong>Ver PDF del art\u00edculo completo<\/strong><\/a><\/div>\n<\/div>\n\t\t<\/div>\n\t\t \n\t\t<div  class=\"\" data-rt-animate=\"animate\" data-rt-animation-type=\"fadeInDown\">\n\t\t<span class=\"icon-doc-alt icon\"><\/span><div class=\"list-content\"><h4 class=\"list-title\">Art\u00edculo<\/h4><p style=\"text-align: justify;\"><strong>\u00bfSe cumplen los tiempos \u00f3ptimos de incapacidad temporal por accidente de trabajo?<\/strong><br \/>\n<em>Carlos S\u00e1nchez Jim\u00e9nez, Raffaella Fabiano, Mar\u00eda Teresa del Campo Balsa, Elo\u00edsa Rubio P\u00e9rez<\/em><\/p>\n<p style=\"text-align: justify;\">\n<div class=\"button_wrapper \"><a  href=\"http:\/\/www.aeemt.com\/web\/original-4-mdt-vol33-n2-junio-2024\/\" target=\"_self\" title=\"\u00bfSe cumplen los tiempos \u00f3ptimos de incapacidad temporal por accidente de trabajo?\" class=\"button_  default medium\"><strong>Ver Resumen<\/strong><\/a><\/div>\n<p style=\"text-align: justify;\">\n<div class=\"button_wrapper \"><a  href=\"https:\/\/www.aeemt.org\/Revista_AEEMT\/VOL_33_N02_2024_JUN\/183-197%20MDT%20Junio%202024%20Original%204.pdf\" target=\"_blank\" title=\"\u00bfSe cumplen los tiempos \u00f3ptimos de incapacidad temporal por accidente de trabajo?\" class=\"button_  default medium\"><strong>Ver PDF del art\u00edculo completo<\/strong><\/a><\/div>\n<\/div>\n\t\t<\/div>\n\t\t \n\t\t<div  class=\"\" data-rt-animate=\"animate\" data-rt-animation-type=\"fadeInDown\">\n\t\t<span class=\"icon-doc-alt icon\"><\/span><div class=\"list-content\"><h4 class=\"list-title\">Art\u00edculo<\/h4><p style=\"text-align: justify;\"><strong>Relaci\u00f3n entre la carga mental y el tipo de puesto laboral en trabajadores de un centro minero y uno petrolero, 2020-2021<\/strong><br \/>\n<em>Hel\u00ed Rodriguez-Leyth, Fernando Coronado-Davila, Miguel \u00c1. Arce-Huamani, Ferm\u00edn Ruiz-Guti\u00e9rrez<\/em><\/p>\n<p style=\"text-align: justify;\">\n<div class=\"button_wrapper \"><a  href=\"http:\/\/www.aeemt.com\/web\/original-5-mdt-vol33-n2-junio-2024\/\" target=\"_self\" title=\"Relaci\u00f3n entre la carga mental y el tipo de puesto laboral en trabajadores de un centro minero y uno petrolero, 2020-2021\" class=\"button_  default medium\"><strong>Ver Resumen<\/strong><\/a><\/div>\n<p style=\"text-align: justify;\">\n<div class=\"button_wrapper \"><a  href=\"https:\/\/www.aeemt.org\/Revista_AEEMT\/VOL_33_N02_2024_JUN\/198-208%20MDT%20Junio%202024%20Original%205.pdf\" target=\"_blank\" title=\"Relaci\u00f3n entre la carga mental y el tipo de puesto laboral en trabajadores de un centro minero y uno petrolero, 2020-2021\" class=\"button_  default medium\"><strong>Ver PDF del art\u00edculo completo<\/strong><\/a><\/div>\n<\/div>\n\t\t<\/div>\n\t\n\t\t<\/div>\n\t[\/vc_column][vc_column width=\u00bb1\/2&#8243; rt_wrp_col_paddings=\u00bbfalse\u00bb rt_border_top=\u00bb\u00bb rt_border_bottom=\u00bb\u00bb rt_border_left=\u00bb\u00bb rt_border_right=\u00bb\u00bb rt_border_top_mobile=\u00bb\u00bb rt_border_bottom_mobile=\u00bb\u00bb rt_border_left_mobile=\u00bb\u00bb rt_border_right_mobile=\u00bb\u00bb rt_bg_image_repeat=\u00bbrepeat\u00bb rt_bg_size=\u00bbauto auto\u00bb rt_bg_position=\u00bbright top\u00bb rt_bg_attachment=\u00bbscroll\u00bb]\t \n\t\t<div  class=\"chained_contents style-1  left\" data-rt-animation-group=\"group\" >\n\t\t\t \n\t\t<div  class=\"\" data-rt-animate=\"animate\" data-rt-animation-type=\"fadeInDown\">\n\t\t<span class=\"icon-doc-alt icon\"><\/span><div class=\"list-content\"><h4 class=\"list-title\">Art\u00edculo<\/h4><p><strong>Efecto de pausas activas en la disminuci\u00f3n de trastornos musculoesquel\u00e9ticos de\u00a0extremidades superiores en oficinistas<\/strong><br \/>\n<em>Mar\u00eda-Francisca Parra Vera, Renan Andr\u00e9s Gonz\u00e1lez Herrera, Nicol\u00e1s Emilio \u00d1iripil \u00c1rias, Eduardo Enrique Guzm\u00e1n Mu\u00f1oz<\/em><\/p>\n<p style=\"text-align: justify;\">\n<div class=\"button_wrapper \"><a  href=\"http:\/\/www.aeemt.com\/web\/original-6-mdt-vol33-n2-junio-2024\/\" target=\"_self\" title=\"Efecto de pausas activas en la disminuci\u00f3n de trastornos musculoesquel\u00e9ticos de extremidades superiores en oficinistas\" class=\"button_  default medium\"><strong>Ver Resumen<\/strong><\/a><\/div>\n<p style=\"text-align: justify;\">\n<div class=\"button_wrapper \"><a  href=\"https:\/\/www.aeemt.org\/Revista_AEEMT\/VOL_33_N02_2024_JUN\/209-217%20MDT%20Junio%202024%20Original%206.pdf\" target=\"_blank\" title=\"Efecto de pausas activas en la disminuci\u00f3n de trastornos musculoesquel\u00e9ticos de extremidades superiores en oficinistas\" class=\"button_  default medium\"><strong>Ver PDF del art\u00edculo completo<\/strong><\/a><\/div>\n<\/div>\n\t\t<\/div>\n\t\t \n\t\t<div  class=\"\" data-rt-animate=\"animate\" data-rt-animation-type=\"fadeInDown\">\n\t\t<span class=\"icon-doc-alt icon\"><\/span><div class=\"list-content\"><h4 class=\"list-title\">Art\u00edculo<\/h4><p><strong>Cultura y comunicaci\u00f3n organizacional en tiempos de pandemia: experiencia en el Instituto Nacional de Salud del Ni\u00f1o, 2021<\/strong><br \/>\n<em>Justa Danitza Fern\u00e1ndez Oliva, Mar\u00eda Elena Revilla Vel\u00e1squez, Angella Zonaly Mu\u00f1oz V\u00e1squez, Lenka Kolevick, Isabel Muchaypi\u00f1a, V\u00edctor Mamani-Urrutia,\u00a0Alicia Bustamante-L\u00f3pez<\/em><\/p>\n<p style=\"text-align: justify;\">\n<div class=\"button_wrapper \"><a  href=\"http:\/\/www.aeemt.com\/web\/original-7-mdt-vol33-n2-junio-2024\/\" target=\"_self\" title=\"Cultura y comunicaci\u00f3n organizacional en tiempos de pandemia: experiencia en el Instituto Nacional de Salud del Ni\u00f1o, 2021\" class=\"button_  default medium\"><strong>Ver Resumen<\/strong><\/a><\/div>\n<p style=\"text-align: justify;\">\n<div class=\"button_wrapper \"><a  href=\"https:\/\/www.aeemt.org\/Revista_AEEMT\/VOL_33_N02_2024_JUN\/218-230%20MDT%20Junio%202024%20Original%207.pdf\" target=\"_blank\" title=\"Cultura y comunicaci\u00f3n organizacional en tiempos de pandemia: experiencia en el Instituto Nacional de Salud del Ni\u00f1o, 2021\" class=\"button_  default medium\"><strong>PDF del art\u00edculo completo<\/strong><\/a><\/div>\n<\/div>\n\t\t<\/div>\n\t\t \n\t\t<div  class=\"\" data-rt-animate=\"animate\" data-rt-animation-type=\"fadeInDown\">\n\t\t<span class=\"icon-doc-alt icon\"><\/span><div class=\"list-content\"><h4 class=\"list-title\">Art\u00edculo<\/h4><p><strong>An\u00e1lisis de la morbilidad y mortalidad en Colombia: una mirada pre y post pandemia<\/strong><br \/>\n<em>Luis Gabriel Guti\u00e9rrez Bernal, Mar\u00eda Alexandra Malag\u00f3n Torres<\/em><\/p>\n<p style=\"text-align: justify;\">\n<div class=\"button_wrapper \"><a  href=\"http:\/\/www.aeemt.com\/web\/original-8-mdt-vol33-n2-junio-2024\/\" target=\"_self\" title=\"An\u00e1lisis de la morbilidad y mortalidad en Colombia: una mirada pre y post pandemia\" class=\"button_  default medium\"><strong>Ver Resumen<\/strong><\/a><\/div>\n<p style=\"text-align: justify;\">\n<div class=\"button_wrapper \"><a  href=\"https:\/\/www.aeemt.org\/Revista_AEEMT\/VOL_33_N02_2024_JUN\/231-239%20MDT%20Junio%202024%20Original%208.pdf\" target=\"_blank\" title=\"An\u00e1lisis de la morbilidad y mortalidad en Colombia: una mirada pre y post pandemia\" class=\"button_  default medium\"><strong>PDF del art\u00edculo completo<\/strong><\/a><\/div>\n<\/div>\n\t\t<\/div>\n\t\t \n\t\t<div  class=\"\" data-rt-animate=\"animate\" data-rt-animation-type=\"fadeInDown\">\n\t\t<span class=\"icon-doc-alt icon\"><\/span><div class=\"list-content\"><h4 class=\"list-title\">Art\u00edculo<\/h4><p><strong>Riesgo de contagio de COVID-19 en trabajadores que realizaron trabajo presencial y\u00a0no presencial, de una empresa del sector construcci\u00f3n de Lima Metropolitana (2020-2022)<\/strong><br \/>\n<em>Ra\u00fal Gomero-Cuadra, Jose Armada, Jos\u00e9 Luis Rojas-Vilca, Christian R. Mejia<\/em><\/p>\n<p style=\"text-align: justify;\">\n<div class=\"button_wrapper \"><a  href=\"http:\/\/www.aeemt.com\/web\/original-9-mdt-vol33-n2-junio-2024\/\" target=\"_self\" title=\"Riesgo de contagio de COVID-19 en trabajadores que realizaron trabajo presencial y no presencial, de una empresa del sector construcci\u00f3n de Lima Metropolitana (2020-2022)\" class=\"button_  default medium\"><strong>Ver Resumen<\/strong><\/a><\/div>\n<p style=\"text-align: justify;\">\n<div class=\"button_wrapper \"><a  href=\"https:\/\/www.aeemt.org\/Revista_AEEMT\/VOL_33_N02_2024_JUN\/240-250%20MDT%20Junio%202024%20Original%209.pdf\" target=\"_blank\" title=\"Riesgo de contagio de COVID-19 en trabajadores que realizaron trabajo presencial y no presencial, de una empresa del sector construcci\u00f3n de Lima Metropolitana (2020-2022)\" class=\"button_  default medium\"><strong>PDF del art\u00edculo completo<\/strong><\/a><\/div>\n<\/div>\n\t\t<\/div>\n\t\t \n\t\t<div  class=\"\" data-rt-animate=\"animate\" data-rt-animation-type=\"fadeInDown\">\n\t\t<span class=\"icon-doc-alt icon\"><\/span><div class=\"list-content\"><h4 class=\"list-title\">Revisi\u00f3n<\/h4><p><strong>S\u00edndrome Cervicobraquial. Propuesta de actualizaci\u00f3n del Baremo Laboral argentino<\/strong><br \/>\n<em>Dra. D\u00e9bora Joanna Gamarra Leimann<\/em><\/p>\n<p style=\"text-align: justify;\">\n<div class=\"button_wrapper \"><a  href=\"http:\/\/www.aeemt.com\/web\/revision-mdt-vol33-n2-junio-2024\/\" target=\"_self\" title=\"S\u00edndrome Cervicobraquial. Propuesta de actualizaci\u00f3n del Baremo Laboral argentino\" class=\"button_  default medium\"><strong>Ver Resumen<\/strong><\/a><\/div>\n<p style=\"text-align: justify;\">\n<div class=\"button_wrapper \"><a  href=\"https:\/\/www.aeemt.org\/Revista_AEEMT\/VOL_33_N02_2024_JUN\/251-270%20MDT%20Junio%202024%20Revision.pdf\" target=\"_blank\" title=\"S\u00edndrome Cervicobraquial. Propuesta de actualizaci\u00f3n del Baremo Laboral argentino\" class=\"button_  default medium\"><strong>PDF del art\u00edculo completo<\/strong><\/a><\/div>\n<\/div>\n\t\t<\/div>\n\t\t \n\t\t<div  class=\"\" data-rt-animate=\"animate\" data-rt-animation-type=\"fadeInDown\">\n\t\t<span class=\"icon-users icon\"><\/span><div class=\"list-content\"><h4 class=\"list-title\">Equipo editorial<\/h4><p style=\"text-align: justify;\"><strong>DIRECTORA:<\/strong><br \/>\n<em>Dra. M\u00aa Teresa del Campo Balsa<\/em><br \/>\n<strong>FUNDADOR DE LA REVISTA EN 1991:<\/strong><br \/>\n<em>Dr. Javier Sanz Gonz\u00e1lez<\/em><br \/>\n<strong>COMIT\u00c9 DE REDACCI\u00d3N:<\/strong><br \/>\n<em>Dra. Luisa Capdevila Garc\u00eda, Dr. Gregorio Moreno Manzano, Dra. Carmen Mu\u00f1oz Ruiperez, Dr. Luis Reinoso Barbero, Dr. Ignacio S\u00e1nchez-Arcilla Conejo, Dr. Guillermo Soriano Tar\u00edn<\/em><\/p>\n<p style=\"text-align: justify;\">\n<div class=\"button_wrapper \"><a  href=\"http:\/\/www.aeemt.com\/web\/equipo-editorial\/\" target=\"_self\" title=\"Equipo Editorial\" class=\"button_  default medium\"><strong>Ver Equipo Editorial<\/strong><\/a><\/div>\n<\/div>\n\t\t<\/div>\n\t\n\t\t<\/div>\n\t[\/vc_column][\/vc_row]<\/p>\n","protected":false},"excerpt":{"rendered":"<p>[vc_row rt_row_background_width=\u00bbdefault\u00bb rt_row_style=\u00bbdefault-style\u00bb rt_row_borders=\u00bb\u00bb rt_row_paddings=\u00bbtrue\u00bb rt_bg_effect=\u00bbclassic\u00bb rt_bg_image_repeat=\u00bbrepeat\u00bb rt_bg_size=\u00bbcover\u00bb rt_bg_position=\u00bbright top\u00bb rt_bg_attachment=\u00bbscroll\u00bb rt_bg_video_format=\u00bbself-hosted\u00bb][vc_column rt_wrp_col_paddings=\u00bbfalse\u00bb rt_border_top=\u00bb\u00bb rt_border_bottom=\u00bb\u00bb rt_border_left=\u00bb\u00bb rt_border_right=\u00bb\u00bb rt_border_top_mobile=\u00bb\u00bb rt_border_bottom_mobile=\u00bb\u00bb rt_border_left_mobile=\u00bb\u00bb rt_border_right_mobile=\u00bb\u00bb rt_bg_image_repeat=\u00bbrepeat\u00bb rt_bg_size=\u00bbauto auto\u00bb rt_bg_position=\u00bbright top\u00bb rt_bg_attachment=\u00bbscroll\u00bb][vc_column_text]Rev Asoc Esp Espec [&hellip;]<\/p>\n","protected":false},"author":1,"featured_media":0,"parent":0,"menu_order":0,"comment_status":"closed","ping_status":"closed","template":"","meta":{"footnotes":""},"class_list":["post-69439","page","type-page","status-publish","hentry"],"_links":{"self":[{"href":"https:\/\/www.aeemt.org\/web\/wp-json\/wp\/v2\/pages\/69439"}],"collection":[{"href":"https:\/\/www.aeemt.org\/web\/wp-json\/wp\/v2\/pages"}],"about":[{"href":"https:\/\/www.aeemt.org\/web\/wp-json\/wp\/v2\/types\/page"}],"author":[{"embeddable":true,"href":"https:\/\/www.aeemt.org\/web\/wp-json\/wp\/v2\/users\/1"}],"replies":[{"embeddable":true,"href":"https:\/\/www.aeemt.org\/web\/wp-json\/wp\/v2\/comments?post=69439"}],"version-history":[{"count":0,"href":"https:\/\/www.aeemt.org\/web\/wp-json\/wp\/v2\/pages\/69439\/revisions"}],"wp:attachment":[{"href":"https:\/\/www.aeemt.org\/web\/wp-json\/wp\/v2\/media?parent=69439"}],"curies":[{"name":"wp","href":"https:\/\/api.w.org\/{rel}","templated":true}]}}