{"id":68357,"date":"2024-01-19T13:02:58","date_gmt":"2024-01-19T13:02:58","guid":{"rendered":"http:\/\/www.aeemt.com\/web\/?page_id=68357"},"modified":"2024-01-19T13:02:58","modified_gmt":"2024-01-19T13:02:58","slug":"original-4-mdt-vol32-n4-diciembre-2023","status":"publish","type":"page","link":"https:\/\/www.aeemt.org\/web\/original-4-mdt-vol32-n4-diciembre-2023\/","title":{"rendered":"Original 4 MDT VOL32 N4 Diciembre 2023"},"content":{"rendered":"<p>[vc_row rt_row_background_width=\u00bbdefault\u00bb rt_row_style=\u00bbdefault-style\u00bb rt_row_borders=\u00bb\u00bb rt_row_paddings=\u00bbtrue\u00bb rt_bg_effect=\u00bbclassic\u00bb rt_bg_image_repeat=\u00bbrepeat\u00bb rt_bg_size=\u00bbcover\u00bb rt_bg_position=\u00bbright top\u00bb rt_bg_attachment=\u00bbscroll\u00bb rt_bg_video_format=\u00bbself-hosted\u00bb][vc_column rt_wrp_col_paddings=\u00bbfalse\u00bb rt_border_top=\u00bb\u00bb rt_border_bottom=\u00bb\u00bb rt_border_left=\u00bb\u00bb rt_border_right=\u00bb\u00bb rt_border_top_mobile=\u00bb\u00bb rt_border_bottom_mobile=\u00bb\u00bb rt_border_left_mobile=\u00bb\u00bb rt_border_right_mobile=\u00bb\u00bb rt_bg_image_repeat=\u00bbrepeat\u00bb rt_bg_size=\u00bbauto auto\u00bb rt_bg_position=\u00bbright top\u00bb rt_bg_attachment=\u00bbscroll\u00bb]<div class=\"rt_heading_wrapper \">\n\t\t\t\t\t\t<h2 class=\"rt_heading  \" >Estimaci\u00f3n del envejecimiento en poblaci\u00f3n laboral y relaci\u00f3n con salud psicof\u00edsica y condiciones de trabajo<\/h2>\n\t\t\t\t\t<\/div>[\/vc_column][\/vc_row][vc_row rt_row_background_width=\u00bbdefault\u00bb rt_row_style=\u00bbdefault-style\u00bb rt_row_borders=\u00bb\u00bb rt_row_paddings=\u00bbtrue\u00bb rt_bg_effect=\u00bbclassic\u00bb rt_bg_image_repeat=\u00bbrepeat\u00bb rt_bg_size=\u00bbcover\u00bb rt_bg_position=\u00bbright top\u00bb rt_bg_attachment=\u00bbscroll\u00bb rt_bg_video_format=\u00bbself-hosted\u00bb][vc_column rt_wrp_col_paddings=\u00bbfalse\u00bb rt_border_top=\u00bb\u00bb rt_border_bottom=\u00bb\u00bb rt_border_left=\u00bb\u00bb rt_border_right=\u00bb\u00bb rt_border_top_mobile=\u00bb\u00bb rt_border_bottom_mobile=\u00bb\u00bb rt_border_left_mobile=\u00bb\u00bb rt_border_right_mobile=\u00bb\u00bb rt_bg_image_repeat=\u00bbrepeat\u00bb rt_bg_size=\u00bbauto auto\u00bb rt_bg_position=\u00bbright top\u00bb rt_bg_attachment=\u00bbscroll\u00bb][vc_column_text]<\/p>\n<h3 style=\"text-align: justify;\"><img loading=\"lazy\" decoding=\"async\" id=\"cabecero\" src=\"http:\/\/www.aeemt.com\/Revista_AEEMT_NF\/imagenes\/Revista_AEEMT_Cabecero.png\" alt=\"cabecero_AEEMT\" width=\"934\" height=\"301\" name=\"cabecero\" border=\"0\" \/><\/h3>\n<p style=\"text-align: justify;\">N\u00famero de la Revista: Vol.\u00a032 &#8211; n\u00ba 04-\u00a0Diciembre 2023<\/p>\n<p><strong>Secci\u00f3n:<\/strong>\u00a0Original<br \/>\n<strong>T\u00edtulo:<\/strong> Estimaci\u00f3n del envejecimiento en poblaci\u00f3n laboral y relaci\u00f3n con salud psicof\u00edsica y condiciones de trabajo<\/p>\n<p style=\"text-align: justify;\"><strong>Autores:<\/strong><\/p>\n<p><strong><em>Asunci\u00f3n M\u00aa Fern\u00e1ndez Rodr\u00edguez<\/em><\/strong><strong><em><sup>(1)<\/sup><\/em><\/strong><strong><em>, Juan Carlos Rueda Garrido<\/em><\/strong><strong><em><sup>(2)<\/sup><\/em><\/strong><strong><em>, Rafael L\u00f3pez Serrano<\/em><\/strong><strong><em><sup>(3)<\/sup><\/em><\/strong><strong><em>,\u00a0 <\/em><\/strong><strong><em>\u00c1ngel Arturo L\u00f3pez Gonz\u00e1lez<\/em><\/strong><strong><em><sup>(4)<\/sup><\/em><\/strong><strong><em>, M\u00aa Te\u00f3fila Vicente-Herrero<\/em><\/strong><strong><em><sup>(5)<\/sup><\/em><\/strong><\/p>\n<p><em><sup>1 <\/sup><\/em><em>Especialista en Enfermer\u00eda del Trabajo. Murcia. Cualtis Servicio de Prevenci\u00f3n en SABIC. Cartagena. Espa\u00f1a. <\/em><br \/>\n<em><sup>2<\/sup><\/em><em>Especialista en Medicina del Trabajo. Murcia. Cualtis Servicio de Prevenci\u00f3n en SABIC. Cartagena. Espa\u00f1a. <\/em><br \/>\n<em><sup>\u00a03<\/sup><\/em><em>Licenciado en Ciencias y T\u00e9cnicas Estad\u00edsticas. Murcia. Departamento de An\u00e1lisis de Datos. Grupo Cooperativo <\/em><em>Cajamar. Espa\u00f1a. <\/em><br \/>\n<em><sup>4<\/sup><\/em><em>Especialista en Medicina del Trabajo. Servei de Salut Palma de Mallorca. Illes Balears. Escuela Universitaria <\/em><em>ADEMA. Espa\u00f1a. <\/em><br \/>\n<em><sup>5<\/sup><\/em><em>Especialista en Medicina del Trabajo. Grupo ADEMA-SALUD del Instituto Universitario de Ciencias de la Salud<\/em> <em>IUNICS Illes Balears,\u00a0 Espa\u00f1a. <\/em><\/p>\n<p><strong>Correspondencia:<\/strong><\/p>\n<p><strong><em>M\u00aa Te\u00f3fila Vicente-Herrero<\/em><\/strong><\/p>\n<p><em>Direcci\u00f3n: ADEMA-SALUD Grupo del Instituto\u00a0 \u00a0\u00a0\u00a0\u00a0\u00a0\u00a0\u00a0\u00a0\u00a0\u00a0\u00a0\u00a0\u00a0 \u00a0<\/em><br \/>\n<em>Universitario de Ciencias de la Salud-IUNICS Illes Balears (Espa\u00f1a)<\/em><br \/>\n<em>Correo electr\u00f3nico: <a href=\"mailto:vicenteherreromt@gmail.com\" target=\"_blank\" rel=\"noopener noreferrer\">vicenteherreromt@gmail.com<\/a><\/em><\/p>\n<p><strong>Palabras Clave<\/strong>: envejecimiento; fragilidad; ansiedad; depresi\u00f3n, deterioro cognitivo; turnicidad; tipo de trabajo; prevenci\u00f3n; salud laboral.<\/p>\n<p><strong>Keywords<\/strong>: aging, frailty; anxiety; depression; cognitive impairment; shift work; type of work; prevention; occupational health.<\/p>\n<p style=\"text-align: justify;\"><strong>Cita Art\u00edculo<\/strong>: Asunci\u00f3n M\u00aa Fern\u00e1ndez Rodr\u00edguez et al. Estimaci\u00f3n del envejecimiento en poblaci\u00f3n laboral y relaci\u00f3n con salud psicof\u00edsica y condiciones de trabajo. Rev Asoc Esp Espec Med Trab 2023; 32(4): 308-322<\/p>\n<p style=\"text-align: justify;\">Acceso al PDF: <div class=\"button_wrapper \"><a  href=\"https:\/\/www.aeemt.org\/Revista_AEEMT\/VOL_32_N04_2023_DIC\/308-322%20Original_4.pdf\" target=\"_blank\" title=\"Estimaci\u00f3n del envejecimiento en poblaci\u00f3n laboral y relaci\u00f3n con salud psicof\u00edsica y condiciones de trabajo\" class=\"button_  default medium\"><strong>PDF del Art\u00edculo<\/strong><\/a><\/div>\n<p><strong>RESUMEN.<\/strong><\/p>\n<p style=\"text-align: justify;\"><strong>Introducci\u00f3n:<\/strong> El envejecimiento de la poblaci\u00f3n conlleva una mayor prevalencia de trabajadores con patolog\u00eda psicof\u00edsica y cognitiva con riesgo de fragilidad.<\/p>\n<p style=\"text-align: justify;\"><strong>Objetivo:<\/strong> Estimar la relaci\u00f3n entre envejecimiento asociado a la edad en hombres y mujeres, y la salud psicof\u00edsica, emocional y deterioro cognitivo en poblaci\u00f3n laboral y su repercusi\u00f3n seg\u00fan tipo de trabajo y turnicidad.<\/p>\n<p style=\"text-align: justify;\"><strong>Material y M\u00e9todo:<\/strong> Estudio transversal en 389 trabajadores. Se valora &lt;50 y \u226550 a\u00f1os con prensi\u00f3n manual, circunferencia del gemelo, Fragilidad-Frail, depresi\u00f3n-Beck, Ansiedad-Estado-Rasgo y deterioro cognitivo-Pfeiffer y la influencia del tipo de trabajo y turnicidad.<\/p>\n<p style=\"text-align: justify;\"><strong>Resultados:<\/strong> Existe mayor fragilidad-Frail en hombres \u2265 50 a\u00f1os (p&lt;0,05). El resto de variables relacionadas con estado f\u00edsico,\u00a0emocional y cognitivo no muestra diferencias por edad, ni con el tipo de trabajo y turnicidad (p&gt;0,05).<\/p>\n<p style=\"text-align: justify;\"><strong>Conclusiones:<\/strong> La fragilidad estimada con el cuestionario de Frail muestra los resultados m\u00e1s precoces de fragilidad en hombres \u2265 50 a\u00f1os.<\/p>\n<p style=\"text-align: justify;\"><strong>Title:\u00a0<\/strong><\/p>\n<p><strong>ESTIMATION OF AGING IN THE WORKING POPULATION AND RELATIONSHIP WITH PSYCHOPHYSICAL HEALTH AND WORKING <\/strong><\/p>\n<p style=\"text-align: justify;\"><strong style=\"text-align: justify;\">Abstract:<\/strong><\/p>\n<p style=\"text-align: justify;\"><strong>Introduction:<\/strong> The aging of the population leads to a higher prevalence of workers with psychophysical and cognitive pathologies at risk of frailty.<\/p>\n<p style=\"text-align: justify;\"><strong>Objective:<\/strong> To estimate the relationship between age-associated aging in men and women and psychophysical, emotional health, and cognitive impairment in the working population and its impact according to the type of work and shift work.<\/p>\n<p style=\"text-align: justify;\"><strong>Material and Method:<\/strong> Cross-sectional study with 389 workers. We assessed individuals aged &lt;50 and \u226550 years using handgrip\u00a0strength, calf circumference, Frailty-Frail assessment, Beck Depression Inventory for depression, State-Trait Anxiety Inventory for anxiety, and Pfeiffer test for cognitive impairment, while also considering the influence of the type of work and shift work.<\/p>\n<p style=\"text-align: justify;\">Results: There is a higher prevalence of frailty in men aged \u226550 years (p&lt;0.05). The rest of the variables related to physical, emotional, and cognitive status do not show significant differences based on age, type of work, or shift work (p&gt;0.05).<\/p>\n<p style=\"text-align: justify;\">Conclusions: Frailty, as assessed by the Frail questionnaire, reveals the earliest signs of frailty in men aged \u226550\u00a0 years.<\/p>\n<p>[\/vc_column_text][\/vc_column][\/vc_row]<\/p>\n","protected":false},"excerpt":{"rendered":"<p>[vc_row rt_row_background_width=\u00bbdefault\u00bb rt_row_style=\u00bbdefault-style\u00bb rt_row_borders=\u00bb\u00bb rt_row_paddings=\u00bbtrue\u00bb rt_bg_effect=\u00bbclassic\u00bb rt_bg_image_repeat=\u00bbrepeat\u00bb rt_bg_size=\u00bbcover\u00bb rt_bg_position=\u00bbright top\u00bb rt_bg_attachment=\u00bbscroll\u00bb rt_bg_video_format=\u00bbself-hosted\u00bb][vc_column rt_wrp_col_paddings=\u00bbfalse\u00bb rt_border_top=\u00bb\u00bb rt_border_bottom=\u00bb\u00bb rt_border_left=\u00bb\u00bb rt_border_right=\u00bb\u00bb rt_border_top_mobile=\u00bb\u00bb rt_border_bottom_mobile=\u00bb\u00bb rt_border_left_mobile=\u00bb\u00bb rt_border_right_mobile=\u00bb\u00bb rt_bg_image_repeat=\u00bbrepeat\u00bb rt_bg_size=\u00bbauto auto\u00bb rt_bg_position=\u00bbright top\u00bb rt_bg_attachment=\u00bbscroll\u00bb][\/vc_column][\/vc_row][vc_row rt_row_background_width=\u00bbdefault\u00bb rt_row_style=\u00bbdefault-style\u00bb rt_row_borders=\u00bb\u00bb [&hellip;]<\/p>\n","protected":false},"author":1,"featured_media":0,"parent":0,"menu_order":0,"comment_status":"closed","ping_status":"closed","template":"","meta":{"footnotes":""},"class_list":["post-68357","page","type-page","status-publish","hentry"],"_links":{"self":[{"href":"https:\/\/www.aeemt.org\/web\/wp-json\/wp\/v2\/pages\/68357"}],"collection":[{"href":"https:\/\/www.aeemt.org\/web\/wp-json\/wp\/v2\/pages"}],"about":[{"href":"https:\/\/www.aeemt.org\/web\/wp-json\/wp\/v2\/types\/page"}],"author":[{"embeddable":true,"href":"https:\/\/www.aeemt.org\/web\/wp-json\/wp\/v2\/users\/1"}],"replies":[{"embeddable":true,"href":"https:\/\/www.aeemt.org\/web\/wp-json\/wp\/v2\/comments?post=68357"}],"version-history":[{"count":0,"href":"https:\/\/www.aeemt.org\/web\/wp-json\/wp\/v2\/pages\/68357\/revisions"}],"wp:attachment":[{"href":"https:\/\/www.aeemt.org\/web\/wp-json\/wp\/v2\/media?parent=68357"}],"curies":[{"name":"wp","href":"https:\/\/api.w.org\/{rel}","templated":true}]}}