{"id":68323,"date":"2024-01-19T11:23:03","date_gmt":"2024-01-19T11:23:03","guid":{"rendered":"http:\/\/www.aeemt.com\/web\/?page_id=68323"},"modified":"2024-01-19T11:23:03","modified_gmt":"2024-01-19T11:23:03","slug":"vol-32-n04-diciembre-2023-numero-completo","status":"publish","type":"page","link":"https:\/\/www.aeemt.org\/web\/vol-32-n04-diciembre-2023-numero-completo\/","title":{"rendered":"Vol 32 N04 Diciembre 2023. N\u00famero completo."},"content":{"rendered":"<p>[vc_row rt_row_background_width=\u00bbdefault\u00bb rt_row_style=\u00bbdefault-style\u00bb rt_row_borders=\u00bb\u00bb rt_row_paddings=\u00bbtrue\u00bb rt_bg_effect=\u00bbclassic\u00bb rt_bg_image_repeat=\u00bbrepeat\u00bb rt_bg_size=\u00bbcover\u00bb rt_bg_position=\u00bbright top\u00bb rt_bg_attachment=\u00bbscroll\u00bb rt_bg_video_format=\u00bbself-hosted\u00bb][vc_column rt_wrp_col_paddings=\u00bbfalse\u00bb rt_border_top=\u00bb\u00bb rt_border_bottom=\u00bb\u00bb rt_border_left=\u00bb\u00bb rt_border_right=\u00bb\u00bb rt_border_top_mobile=\u00bb\u00bb rt_border_bottom_mobile=\u00bb\u00bb rt_border_left_mobile=\u00bb\u00bb rt_border_right_mobile=\u00bb\u00bb rt_bg_image_repeat=\u00bbrepeat\u00bb rt_bg_size=\u00bbauto auto\u00bb rt_bg_position=\u00bbright top\u00bb rt_bg_attachment=\u00bbscroll\u00bb]<div class=\"rt_heading_wrapper style-4\">\n\t\t\t\t\t\t<h2 class=\"rt_heading  style-4\" >N\u00famero de la Revista: Vol. 32 &#8211; n\u00ba 04 &#8211;\u00a0DICIEMBRE 2023<\/h2>\n\t\t\t\t\t<\/div>[vc_column_text]<strong>Rev Asoc Esp Espec Med Trab<\/strong><br \/>\nVol\u00famen 32 &#8211; N\u00famero 4- Diciembre 2023 &#8211; 127 p\u00e1ginas<br \/>\n<strong>ISSN version on line: 3020-1160<\/strong><br \/>\n<strong>ISSN versi\u00f3n impresa: 1132-6255<\/strong><br \/>\nRevista trimestral[\/vc_column_text][vc_column_text]<\/p>\n<h3 style=\"text-align: center;\">Estimado socio o suscriptor, puede visualizar en formato PDF el numero completo de la publicaci\u00f3n pulsando sobre el siguiente enlace.<\/h3>\n<p style=\"text-align: center;\"><div class=\"button_wrapper  aligncenter\"><a  href=\"https:\/\/www.aeemt.org\/Revista_AEEMT\/VOL_32_N04_2023_DIC\/MDT%20DICIEMBRE%202023.pdf\" target=\"_blank\" title=\"Revista Volumen 31 N04 Diciembre 2023\" class=\"button_  default medium\"><strong>PDF del n\u00famero completo de la Revista<\/strong><\/a><\/div>\n<p>[\/vc_column_text][vc_single_image image=\u00bb68328&#8243; img_size=\u00bbfull\u00bb alignment=\u00bbcenter\u00bb][\/vc_column][\/vc_row][vc_row rt_row_background_width=\u00bbdefault\u00bb rt_row_style=\u00bbdefault-style\u00bb rt_row_borders=\u00bb\u00bb rt_row_paddings=\u00bbtrue\u00bb rt_bg_effect=\u00bbclassic\u00bb rt_bg_image_repeat=\u00bbrepeat\u00bb rt_bg_size=\u00bbcover\u00bb rt_bg_position=\u00bbright top\u00bb rt_bg_attachment=\u00bbscroll\u00bb rt_bg_video_format=\u00bbself-hosted\u00bb][vc_column width=\u00bb1\/2&#8243; rt_wrp_col_paddings=\u00bbfalse\u00bb rt_border_top=\u00bb\u00bb rt_border_bottom=\u00bb\u00bb rt_border_left=\u00bb\u00bb rt_border_right=\u00bb\u00bb rt_border_top_mobile=\u00bb\u00bb rt_border_bottom_mobile=\u00bb\u00bb rt_border_left_mobile=\u00bb\u00bb rt_border_right_mobile=\u00bb\u00bb rt_bg_image_repeat=\u00bbrepeat\u00bb rt_bg_size=\u00bbauto auto\u00bb rt_bg_position=\u00bbright top\u00bb rt_bg_attachment=\u00bbscroll\u00bb]\t \n\t\t<div  class=\"chained_contents style-1  left\" data-rt-animation-group=\"group\" >\n\t\t\t \n\t\t<div  class=\"\" data-rt-animate=\"animate\" data-rt-animation-type=\"fadeInDown\">\n\t\t<span class=\"icon-menu-1 icon\"><\/span><div class=\"list-content\"><h4 class=\"list-title\">SUMARIO<\/h4><p>Sumario de la revista.<\/p>\n<div class=\"button_wrapper \"><a  href=\"https:\/\/www.aeemt.org\/Revista_AEEMT\/VOL_32_N04_2023_DIC\/265-266%20Sumario.pdf\" target=\"_blank\" title=\"Sumario\" class=\"button_  default medium\"><strong>Sumario en PDF<\/strong><\/a><\/div>\n<\/div>\n\t\t<\/div>\n\t\t \n\t\t<div  class=\"\" data-rt-animate=\"animate\" data-rt-animation-type=\"fadeInDown\">\n\t\t<span class=\"icon-doc-alt icon\"><\/span><div class=\"list-content\"><h4 class=\"list-title\">EDITORIAL<\/h4><p style=\"text-align: justify;\"><strong>Apto \/ no apto. \u00bfEs esta la cuesti\u00f3n?<\/strong><br \/>\n<em>Dra Carmen Serrano<\/em><\/p>\n<p style=\"text-align: justify;\">\n<div class=\"button_wrapper \"><a  href=\"http:\/\/www.aeemt.com\/web\/editorial-mdt-vol32-n4-diciembre-2023\/\" target=\"_self\" title=\"Apto \/ no apto. \u00bfEs esta la cuesti\u00f3n?\" class=\"button_  default medium\"><strong>Ver Editorial<\/strong><\/a><\/div>\n<div class=\"button_wrapper \"><a  href=\"https:\/\/www.aeemt.org\/Revista_AEEMT\/VOL_32_N04_2023_DIC\/267-268%20Editorial.pdf\" target=\"_blank\" title=\"Apto \/ no apto. \u00bfEs esta la cuesti\u00f3n?\" class=\"button_  default medium\"><strong>Editorial en PDF<\/strong><\/a><\/div>\n<\/div>\n\t\t<\/div>\n\t\t \n\t\t<div  class=\"\" data-rt-animate=\"animate\" data-rt-animation-type=\"fadeInDown\">\n\t\t<span class=\"icon-doc-alt icon\"><\/span><div class=\"list-content\"><h4 class=\"list-title\">Art\u00edculo<\/h4><p style=\"text-align: justify;\"><strong>Programa especial de ex\u00e1menes de salud en trabajadores con COVID-19 persistente del INGESA-Ceuta<\/strong><br \/>\n<em>Jorge Garc\u00eda L\u00f3pez, Mar\u00eda Dom\u00ednguez Padilla, Ana Blanco Castro, Irene Perea Perea, Marta Garc\u00eda P\u00e9rez, Juli\u00e1n Manuel Dom\u00ednguez Fern\u00e1ndez<\/em><\/p>\n<p style=\"text-align: justify;\">\n<div class=\"button_wrapper \"><a  href=\"http:\/\/www.aeemt.com\/web\/original-1-mdt-vol32-n4-diciembre-2023\/\" target=\"_self\" title=\"Programa especial de ex\u00e1menes de salud en trabajadores con COVID-19 persistente del INGESA-Ceuta\" class=\"button_  default medium\"><strong>Ver Resumen<\/strong><\/a><\/div>\n<p style=\"text-align: justify;\">\n<div class=\"button_wrapper \"><a  href=\"https:\/\/www.aeemt.org\/Revista_AEEMT\/VOL_32_N04_2023_DIC\/269-284%20Original_1.pdf\" target=\"_blank\" title=\"Programa especial de ex\u00e1menes de salud en trabajadores con COVID-19 persistente del INGESA-Ceuta\" class=\"button_  default medium\"><strong>Ver PDF del art\u00edculo completo<\/strong><\/a><\/div>\n<\/div>\n\t\t<\/div>\n\t\t \n\t\t<div  class=\"\" data-rt-animate=\"animate\" data-rt-animation-type=\"fadeInDown\">\n\t\t<span class=\"icon-doc-alt icon\"><\/span><div class=\"list-content\"><h4 class=\"list-title\">Art\u00edculo<\/h4><p style=\"text-align: justify;\"><strong>Factores asociados a los trastornos de la esfera mental en el personal de salud de la amazonia peruana al finalizar la pandemia COVID-19<\/strong><br \/>\n<em>Milena Bonilla-Garc\u00eda, Luis Ciudad-Fern\u00e1ndez, Jose Armada, Christian R. Mejia<\/em><\/p>\n<p style=\"text-align: left;\">\n<div class=\"button_wrapper \"><a  href=\"http:\/\/www.aeemt.com\/web\/original-2-mdt-vol32-n4-diciembre-2023\/\" target=\"_self\" title=\"Factores asociados a los trastornos de la esfera mental en el personal de salud de la amazonia peruana al finalizar la pandemia COVID-19\" class=\"button_  default medium\"><strong>Ver Resumen<\/strong><\/a><\/div>\n<p style=\"text-align: justify;\">\n<div class=\"button_wrapper \"><a  href=\"https:\/\/www.aeemt.org\/Revista_AEEMT\/VOL_32_N04_2023_DIC\/285-296%20Original_2.pdf\" target=\"_blank\" title=\"Factores asociados a los trastornos de la esfera mental en el personal de salud de la amazonia peruana al finalizar la pandemia COVID-19\" class=\"button_  default medium\"><strong>Ver PDF del art\u00edculo completo<\/strong><\/a><\/div>\n<\/div>\n\t\t<\/div>\n\t\t \n\t\t<div  class=\"\" data-rt-animate=\"animate\" data-rt-animation-type=\"fadeInDown\">\n\t\t<span class=\"icon-doc-alt icon\"><\/span><div class=\"list-content\"><h4 class=\"list-title\">Art\u00edculo<\/h4><p style=\"text-align: justify;\"><strong>Comportamiento de la accidentabilidad laboral atendida en un Hospital de Lima Metropolitana durante la pandemia de la COVID-19<\/strong><br \/>\n<em>Yessenia Huapaya Ca\u00f1a, Ra\u00fal Gomero-Cuadra, Ricardo Pinto Llerena, Jose Armada, Christian R Mejia<\/em><\/p>\n<p style=\"text-align: justify;\">\n<div class=\"button_wrapper \"><a  href=\"http:\/\/www.aeemt.com\/web\/original-3-mdt-vol32-n4-diciembre-2023\/\" target=\"_self\" title=\"Comportamiento de la accidentabilidad laboral atendida en un Hospital de Lima Metropolitana durante la pandemia de la COVID-19\" class=\"button_  default medium\"><strong>Ver Resumen<\/strong><\/a><\/div>\n<p style=\"text-align: justify;\">\n<div class=\"button_wrapper \"><a  href=\"https:\/\/www.aeemt.org\/Revista_AEEMT\/VOL_32_N04_2023_DIC\/297-307%20Original_3.pdf\" target=\"_blank\" title=\"Comportamiento de la accidentabilidad laboral atendida en un Hospital de Lima Metropolitana durante la pandemia de la COVID-19\" class=\"button_  default medium\"><strong>Ver PDF del art\u00edculo completo<\/strong><\/a><\/div>\n<\/div>\n\t\t<\/div>\n\t\t \n\t\t<div  class=\"\" data-rt-animate=\"animate\" data-rt-animation-type=\"fadeInDown\">\n\t\t<span class=\"icon-doc-alt icon\"><\/span><div class=\"list-content\"><h4 class=\"list-title\">Art\u00edculo<\/h4><p style=\"text-align: justify;\"><strong>Estimaci\u00f3n del envejecimiento en poblaci\u00f3n laboral y relaci\u00f3n con salud psicof\u00edsica y condiciones de trabajo<\/strong><br \/>\n<em>Asunci\u00f3n M\u00aa Fern\u00e1ndez Rodr\u00edguez, Juan Carlos Rueda Garrido, Rafael L\u00f3pez Serrano, \u00c1ngel Arturo L\u00f3pez Gonz\u00e1lez, M\u00aa Te\u00f3fila Vicente-Herrero<\/em><\/p>\n<p style=\"text-align: justify;\">\n<div class=\"button_wrapper \"><a  href=\"http:\/\/www.aeemt.com\/web\/original-4-mdt-vol32-n4-diciembre-2023\/\" target=\"_self\" title=\"Estimaci\u00f3n del envejecimiento en poblaci\u00f3n laboral y relaci\u00f3n con salud psicof\u00edsica y condiciones de trabajo\" class=\"button_  default medium\"><strong>Ver Resumen<\/strong><\/a><\/div>\n<p style=\"text-align: justify;\">\n<div class=\"button_wrapper \"><a  href=\"https:\/\/www.aeemt.org\/Revista_AEEMT\/VOL_32_N04_2023_DIC\/308-322%20Original_4.pdf\" target=\"_blank\" title=\"Estimaci\u00f3n del envejecimiento en poblaci\u00f3n laboral y relaci\u00f3n con salud psicof\u00edsica y condiciones de trabajo\" class=\"button_  default medium\"><strong>Ver PDF del art\u00edculo completo<\/strong><\/a><\/div>\n<\/div>\n\t\t<\/div>\n\t\n\t\t<\/div>\n\t[\/vc_column][vc_column width=\u00bb1\/2&#8243; rt_wrp_col_paddings=\u00bbfalse\u00bb rt_border_top=\u00bb\u00bb rt_border_bottom=\u00bb\u00bb rt_border_left=\u00bb\u00bb rt_border_right=\u00bb\u00bb rt_border_top_mobile=\u00bb\u00bb rt_border_bottom_mobile=\u00bb\u00bb rt_border_left_mobile=\u00bb\u00bb rt_border_right_mobile=\u00bb\u00bb rt_bg_image_repeat=\u00bbrepeat\u00bb rt_bg_size=\u00bbauto auto\u00bb rt_bg_position=\u00bbright top\u00bb rt_bg_attachment=\u00bbscroll\u00bb]\t \n\t\t<div  class=\"chained_contents style-1  left\" data-rt-animation-group=\"group\" >\n\t\t\t \n\t\t<div  class=\"\" data-rt-animate=\"animate\" data-rt-animation-type=\"fadeInDown\">\n\t\t<span class=\"icon-doc-alt icon\"><\/span><div class=\"list-content\"><h4 class=\"list-title\">Art\u00edculo<\/h4><p><strong>Estudio transversal. Dolor lumbar y medidas ergon\u00f3micas en puestos de trabajo en oficinas<\/strong><br \/>\n<em>Josep M\u00aa Molina Aragon\u00e9s, Jos\u00e9 Antonio Medina Lavela, Isabel Miranda Villalba, David Vizcarro Sanagust\u00edn, Cristobal L\u00f3pez Perez<\/em><\/p>\n<p style=\"text-align: justify;\">\n<div class=\"button_wrapper \"><a  href=\"http:\/\/www.aeemt.com\/web\/original-5-mdt-vol32-n4-diciembre-2023\/\" target=\"_self\" title=\"Estudio transversal. Dolor lumbar y medidas ergon\u00f3micas en puestos de trabajo en oficinas\" class=\"button_  default medium\"><strong>Ver Resumen<\/strong><\/a><\/div>\n<p style=\"text-align: justify;\">\n<div class=\"button_wrapper \"><a  href=\"https:\/\/www.aeemt.org\/Revista_AEEMT\/VOL_32_N04_2023_DIC\/323-329%20Original_5.pdf\" target=\"_blank\" title=\"Estudio transversal. Dolor lumbar y medidas ergon\u00f3micas en puestos de trabajo en oficinas\" class=\"button_  default medium\"><strong>Ver PDF del art\u00edculo completo<\/strong><\/a><\/div>\n<\/div>\n\t\t<\/div>\n\t\t \n\t\t<div  class=\"\" data-rt-animate=\"animate\" data-rt-animation-type=\"fadeInDown\">\n\t\t<span class=\"icon-doc-alt icon\"><\/span><div class=\"list-content\"><h4 class=\"list-title\">Art\u00edculo<\/h4><p><strong>Cambio del nivel de riesgo ergon\u00f3mico en posturas forzadas y movimiento repetitivo por redise\u00f1o de m\u00e1quina sopladora de botellas de pl\u00e1stico<\/strong><br \/>\n<em>Ra\u00fal Danny Flores Guill\u00e9n, Juan Carlos Palomino Balde\u00f3n<\/em><\/p>\n<p style=\"text-align: justify;\">\n<div class=\"button_wrapper \"><a  href=\"http:\/\/www.aeemt.com\/web\/original-6-mdt-vol32-n4-diciembre-2023\/\" target=\"_self\" title=\"Cambio del nivel de riesgo ergon\u00f3mico en posturas forzadas y movimiento repetitivo por redise\u00f1o de m\u00e1quina sopladora de botellas de pl\u00e1stico\" class=\"button_  default medium\"><strong>Ver Resumen<\/strong><\/a><\/div>\n<p style=\"text-align: justify;\">\n<div class=\"button_wrapper \"><a  href=\"https:\/\/www.aeemt.org\/Revista_AEEMT\/VOL_32_N04_2023_DIC\/330-344%20Original_6.pdf\" target=\"_blank\" title=\"Cambio del nivel de riesgo ergon\u00f3mico en posturas forzadas y movimiento repetitivo por redise\u00f1o de m\u00e1quina sopladora de botellas de pl\u00e1stico\" class=\"button_  default medium\"><strong>PDF del art\u00edculo completo<\/strong><\/a><\/div>\n<\/div>\n\t\t<\/div>\n\t\t \n\t\t<div  class=\"\" data-rt-animate=\"animate\" data-rt-animation-type=\"fadeInDown\">\n\t\t<span class=\"icon-doc-alt icon\"><\/span><div class=\"list-content\"><h4 class=\"list-title\">Revisi\u00f3n<\/h4><p><strong>Efectos de las intervenciones basadas en mindfulness sobre el estr\u00e9s laboral en agentes de polic\u00eda: revisi\u00f3n sistem\u00e1tica<\/strong><br \/>\n<em>\u00c1ngela Mar\u00eda Olaya L\u00f3pez, Andrea Patricia Benavides R\u00edos, Jes\u00fas Antonio Delgado Fonseca, Laura Garc\u00eda Belinch\u00f3n<\/em><\/p>\n<p style=\"text-align: justify;\">\n<div class=\"button_wrapper \"><a  href=\"http:\/\/www.aeemt.com\/web\/revision-1-mdt-vol32-n4-diciembre-2023\/\" target=\"_self\" title=\"Efectos de las intervenciones basadas en mindfulness sobre el estr\u00e9s laboral en agentes de polic\u00eda: revisi\u00f3n sistem\u00e1tica\" class=\"button_  default medium\"><strong>Ver Resumen<\/strong><\/a><\/div>\n<p style=\"text-align: justify;\">\n<div class=\"button_wrapper \"><a  href=\"https:\/\/www.aeemt.org\/Revista_AEEMT\/VOL_32_N04_2023_DIC\/345-354%20Original_7%20.pdf\" target=\"_blank\" title=\"Efectos de las intervenciones basadas en mindfulness sobre el estr\u00e9s laboral en agentes de polic\u00eda: revisi\u00f3n sistem\u00e1tica\" class=\"button_  default medium\"><strong>PDF del art\u00edculo completo<\/strong><\/a><\/div>\n<\/div>\n\t\t<\/div>\n\t\t \n\t\t<div  class=\"\" data-rt-animate=\"animate\" data-rt-animation-type=\"fadeInDown\">\n\t\t<span class=\"icon-doc-alt icon\"><\/span><div class=\"list-content\"><h4 class=\"list-title\">Revisi\u00f3n<\/h4><p><strong>Identificaci\u00f3n de biomarcadores durante la vigilancia de la salud en profesionales expuestos a Xileno y Metanol. Revisi\u00f3n sistem\u00e1tica<\/strong><br \/>\n<em>Jezabel Rodr\u00edguez-Rocha, Asan Mollov, Bel\u00e9n Mallen-D\u00edaz de Ter\u00e1n, Bego\u00f1a Bravo-Vallejo, M. Mar P\u00e9rez de Alb\u00e9niz-Andueza, Rosa Fern\u00e1ndez-Arellano, Bel\u00e9n Asenjo-Red\u00edn<\/em><\/p>\n<p style=\"text-align: justify;\">\n<div class=\"button_wrapper \"><a  href=\"http:\/\/www.aeemt.com\/web\/revision-2-mdt-vol32-n4-diciembre-2023\/\" target=\"_self\" title=\"Identificaci\u00f3n de biomarcadores durante la vigilancia de la salud en profesionales expuestos a Xileno y Metanol. Revisi\u00f3n sistem\u00e1tica\" class=\"button_  default medium\"><strong>Ver Resumen<\/strong><\/a><\/div>\n<p style=\"text-align: justify;\">\n<div class=\"button_wrapper \"><a  href=\"https:\/\/www.aeemt.org\/Revista_AEEMT\/VOL_32_N04_2023_DIC\/355-373%20Original_8.pdf\" target=\"_blank\" title=\"Identificaci\u00f3n de biomarcadores durante la vigilancia de la salud en profesionales expuestos a Xileno y Metanol. Revisi\u00f3n sistem\u00e1tica\" class=\"button_  default medium\"><strong>PDF del art\u00edculo completo<\/strong><\/a><\/div>\n<\/div>\n\t\t<\/div>\n\t\t \n\t\t<div  class=\"\" data-rt-animate=\"animate\" data-rt-animation-type=\"fadeInDown\">\n\t\t<span class=\"icon-doc-alt icon\"><\/span><div class=\"list-content\"><h4 class=\"list-title\">Caso Cl\u00ednico<\/h4><p><strong>S\u00edndrome post-COVID o COVID persistente, situaciones de incapacidad temporal, estudio de casos, protocolo de valoraci\u00f3n de la incapacidad laboral<\/strong><br \/>\n<em>Jos\u00e9 Manuel Vicente Pardo, Araceli L\u00f3pez-Guill\u00e9n Garc\u00eda<\/em><\/p>\n<p style=\"text-align: justify;\">\n<div class=\"button_wrapper \"><a  href=\"http:\/\/www.aeemt.com\/web\/caso-clinico-mdt-vol32-n4-diciembre-2023\/\" target=\"_self\" title=\"S\u00edndrome post-COVID o COVID persistente, situaciones de incapacidad temporal, estudio de casos, protocolo de valoraci\u00f3n de la incapacidad laboral\" class=\"button_  default medium\"><strong>Ver Resumen<\/strong><\/a><\/div>\n<p style=\"text-align: justify;\">\n<div class=\"button_wrapper \"><a  href=\"https:\/\/www.aeemt.org\/Revista_AEEMT\/VOL_32_N04_2023_DIC\/374-381%20Original_9.pdf\" target=\"_blank\" title=\"S\u00edndrome post-COVID o COVID persistente, situaciones de incapacidad temporal, estudio de casos, protocolo de valoraci\u00f3n de la incapacidad laboral\" class=\"button_  default medium\"><strong>PDF del art\u00edculo completo<\/strong><\/a><\/div>\n<\/div>\n\t\t<\/div>\n\t\t \n\t\t<div  class=\"\" data-rt-animate=\"animate\" data-rt-animation-type=\"fadeInDown\">\n\t\t<span class=\"icon-users icon\"><\/span><div class=\"list-content\"><h4 class=\"list-title\">Equipo editorial<\/h4><p style=\"text-align: justify;\"><strong>DIRECTORA:<\/strong><br \/>\n<em>Dra. M\u00aa Teresa del Campo Balsa<\/em><br \/>\n<strong>FUNDADOR DE LA REVISTA EN 1991:<\/strong><br \/>\n<em>Dr. Javier Sanz Gonz\u00e1lez<\/em><br \/>\n<strong>COMIT\u00c9 DE REDACCI\u00d3N:<\/strong><br \/>\n<em>Dra. Luisa Capdevila Garc\u00eda, Dr. Gregorio Moreno Manzano, Dra. Carmen Mu\u00f1oz Ruiperez, Dr. Luis Reinoso Barbero, Dr. Ignacio S\u00e1nchez-Arcilla Conejo, Dr. Guillermo Soriano Tar\u00edn<\/em><\/p>\n<p style=\"text-align: justify;\">\n<div class=\"button_wrapper \"><a  href=\"http:\/\/www.aeemt.com\/web\/equipo-editorial\/\" target=\"_self\" title=\"Equipo Editorial\" class=\"button_  default medium\"><strong>Ver Equipo Editorial<\/strong><\/a><\/div>\n<\/div>\n\t\t<\/div>\n\t\n\t\t<\/div>\n\t[\/vc_column][\/vc_row]<\/p>\n","protected":false},"excerpt":{"rendered":"<p>[vc_row rt_row_background_width=\u00bbdefault\u00bb rt_row_style=\u00bbdefault-style\u00bb rt_row_borders=\u00bb\u00bb rt_row_paddings=\u00bbtrue\u00bb rt_bg_effect=\u00bbclassic\u00bb rt_bg_image_repeat=\u00bbrepeat\u00bb rt_bg_size=\u00bbcover\u00bb rt_bg_position=\u00bbright top\u00bb rt_bg_attachment=\u00bbscroll\u00bb rt_bg_video_format=\u00bbself-hosted\u00bb][vc_column rt_wrp_col_paddings=\u00bbfalse\u00bb rt_border_top=\u00bb\u00bb rt_border_bottom=\u00bb\u00bb rt_border_left=\u00bb\u00bb rt_border_right=\u00bb\u00bb rt_border_top_mobile=\u00bb\u00bb rt_border_bottom_mobile=\u00bb\u00bb rt_border_left_mobile=\u00bb\u00bb rt_border_right_mobile=\u00bb\u00bb rt_bg_image_repeat=\u00bbrepeat\u00bb rt_bg_size=\u00bbauto auto\u00bb rt_bg_position=\u00bbright top\u00bb rt_bg_attachment=\u00bbscroll\u00bb][vc_column_text]Rev Asoc Esp Espec [&hellip;]<\/p>\n","protected":false},"author":1,"featured_media":0,"parent":0,"menu_order":0,"comment_status":"closed","ping_status":"closed","template":"","meta":{"footnotes":""},"class_list":["post-68323","page","type-page","status-publish","hentry"],"_links":{"self":[{"href":"https:\/\/www.aeemt.org\/web\/wp-json\/wp\/v2\/pages\/68323"}],"collection":[{"href":"https:\/\/www.aeemt.org\/web\/wp-json\/wp\/v2\/pages"}],"about":[{"href":"https:\/\/www.aeemt.org\/web\/wp-json\/wp\/v2\/types\/page"}],"author":[{"embeddable":true,"href":"https:\/\/www.aeemt.org\/web\/wp-json\/wp\/v2\/users\/1"}],"replies":[{"embeddable":true,"href":"https:\/\/www.aeemt.org\/web\/wp-json\/wp\/v2\/comments?post=68323"}],"version-history":[{"count":0,"href":"https:\/\/www.aeemt.org\/web\/wp-json\/wp\/v2\/pages\/68323\/revisions"}],"wp:attachment":[{"href":"https:\/\/www.aeemt.org\/web\/wp-json\/wp\/v2\/media?parent=68323"}],"curies":[{"name":"wp","href":"https:\/\/api.w.org\/{rel}","templated":true}]}}