{"id":68202,"date":"2023-10-04T13:08:35","date_gmt":"2023-10-04T13:08:35","guid":{"rendered":"http:\/\/www.aeemt.com\/web\/?page_id=68202"},"modified":"2023-10-04T13:08:35","modified_gmt":"2023-10-04T13:08:35","slug":"ultimo-numero-vol-32-n03-septiembre-2023-numero-completo-para-socios-y-suscriptores-2","status":"publish","type":"page","link":"https:\/\/www.aeemt.org\/web\/ultimo-numero-vol-32-n03-septiembre-2023-numero-completo-para-socios-y-suscriptores-2\/","title":{"rendered":"Vol 32 N03 Septiembre 2023."},"content":{"rendered":"<p>[vc_row rt_row_background_width=\u00bbdefault\u00bb rt_row_style=\u00bbdefault-style\u00bb rt_row_borders=\u00bb\u00bb rt_row_paddings=\u00bbtrue\u00bb rt_bg_effect=\u00bbclassic\u00bb rt_bg_image_repeat=\u00bbrepeat\u00bb rt_bg_size=\u00bbcover\u00bb rt_bg_position=\u00bbright top\u00bb rt_bg_attachment=\u00bbscroll\u00bb rt_bg_video_format=\u00bbself-hosted\u00bb][vc_column rt_wrp_col_paddings=\u00bbfalse\u00bb rt_border_top=\u00bb\u00bb rt_border_bottom=\u00bb\u00bb rt_border_left=\u00bb\u00bb rt_border_right=\u00bb\u00bb rt_border_top_mobile=\u00bb\u00bb rt_border_bottom_mobile=\u00bb\u00bb rt_border_left_mobile=\u00bb\u00bb rt_border_right_mobile=\u00bb\u00bb rt_bg_image_repeat=\u00bbrepeat\u00bb rt_bg_size=\u00bbauto auto\u00bb rt_bg_position=\u00bbright top\u00bb rt_bg_attachment=\u00bbscroll\u00bb]<div class=\"rt_heading_wrapper style-4\">\n\t\t\t\t\t\t<h2 class=\"rt_heading  style-4\" >N\u00famero de la Revista: Vol. 32 &#8211; n\u00ba 03 &#8211;\u00a0SEPTIEMBRE 2023<\/h2>\n\t\t\t\t\t<\/div>[vc_column_text]<\/p>\n<h3 style=\"text-align: center;\">Estimado socio o suscriptor, puede visualizar en formato PDF el numero completo de la publicaci\u00f3n pulsando sobre el siguiente enlace.<\/h3>\n<p style=\"text-align: center;\"><div class=\"button_wrapper  aligncenter\"><a  href=\"https:\/\/www.aeemt.org\/Revista_AEEMT\/VOL_32_N02_2023_SEP\/Medicina%20del%20Trabajo%20VOL%2032%20N3%20-%20Septiembre%202023.pdf\" target=\"_blank\" title=\"Revista Volumen 31 N02 Septiembre 2023\" class=\"button_  default medium\"><strong>PDF del n\u00famero completo de la Revista<\/strong><\/a><\/div>\n<p>[\/vc_column_text][vc_single_image image=\u00bb68207&#8243; img_size=\u00bbfull\u00bb alignment=\u00bbcenter\u00bb][\/vc_column][\/vc_row][vc_row rt_row_background_width=\u00bbdefault\u00bb rt_row_style=\u00bbdefault-style\u00bb rt_row_borders=\u00bb\u00bb rt_row_paddings=\u00bbtrue\u00bb rt_bg_effect=\u00bbclassic\u00bb rt_bg_image_repeat=\u00bbrepeat\u00bb rt_bg_size=\u00bbcover\u00bb rt_bg_position=\u00bbright top\u00bb rt_bg_attachment=\u00bbscroll\u00bb rt_bg_video_format=\u00bbself-hosted\u00bb][vc_column width=\u00bb1\/2&#8243; rt_wrp_col_paddings=\u00bbfalse\u00bb rt_border_top=\u00bb\u00bb rt_border_bottom=\u00bb\u00bb rt_border_left=\u00bb\u00bb rt_border_right=\u00bb\u00bb rt_border_top_mobile=\u00bb\u00bb rt_border_bottom_mobile=\u00bb\u00bb rt_border_left_mobile=\u00bb\u00bb rt_border_right_mobile=\u00bb\u00bb rt_bg_image_repeat=\u00bbrepeat\u00bb rt_bg_size=\u00bbauto auto\u00bb rt_bg_position=\u00bbright top\u00bb rt_bg_attachment=\u00bbscroll\u00bb]\t \n\t\t<div  class=\"chained_contents style-1  left\" data-rt-animation-group=\"group\" >\n\t\t\t \n\t\t<div  class=\"\" data-rt-animate=\"animate\" data-rt-animation-type=\"fadeInDown\">\n\t\t<span class=\"icon-menu-1 icon\"><\/span><div class=\"list-content\"><h4 class=\"list-title\">SUMARIO<\/h4><p>Sumario de la revista.<\/p>\n<div class=\"button_wrapper \"><a  href=\"https:\/\/www.aeemt.org\/Revista_AEEMT\/VOL_32_N02_2023_SEP\/173-174%20Sumario.pdf\" target=\"_blank\" title=\"Sumario\" class=\"button_  default medium\"><strong>Sumario en PDF<\/strong><\/a><\/div>\n<\/div>\n\t\t<\/div>\n\t\t \n\t\t<div  class=\"\" data-rt-animate=\"animate\" data-rt-animation-type=\"fadeInDown\">\n\t\t<span class=\"icon-doc-alt icon\"><\/span><div class=\"list-content\"><h4 class=\"list-title\">EDITORIAL<\/h4><p style=\"text-align: justify;\"><strong>\u00a1Inventamos nosotros tambi\u00e9n!<\/strong><br \/>\n<strong>Teresa del Campo Balsa<\/strong><\/p>\n<p style=\"text-align: justify;\">\n<div class=\"button_wrapper \"><a  href=\"http:\/\/www.aeemt.com\/web\/editorial-mdt-vol32-n3-septiembre-2023\/\" target=\"_self\" title=\"Editorial. \u00a1Inventamos nosotros tambi\u00e9n!\" class=\"button_  default medium\"><strong>Ver Editorial<\/strong><\/a><\/div>\n<div class=\"button_wrapper \"><a  href=\"https:\/\/www.aeemt.org\/Revista_AEEMT\/VOL_32_N02_2023_SEP\/175%20Editorial.pdf\" target=\"_blank\" title=\"\u00a1Inventamos nosotros tambi\u00e9n!\" class=\"button_  default medium\"><strong>Editorial en PDF<\/strong><\/a><\/div>\n<\/div>\n\t\t<\/div>\n\t\t \n\t\t<div  class=\"\" data-rt-animate=\"animate\" data-rt-animation-type=\"fadeInDown\">\n\t\t<span class=\"icon-doc-alt icon\"><\/span><div class=\"list-content\"><h4 class=\"list-title\">Art\u00edculo<\/h4><p style=\"text-align: justify;\"><strong>Vulnerabilidad sociolaboral y riesgo a la salud en mineros de subsistencia en las principales cuencas de Colombia<\/strong><br \/>\n<em>Irina Maudith Campos-Casarrubia, Mar\u00eda Osley Garz\u00f3n-Duque, Carlos Alberto Molina-Polo<\/em><\/p>\n<p style=\"text-align: justify;\">\n<div class=\"button_wrapper \"><a  href=\"http:\/\/www.aeemt.com\/web\/original-1-mdt-vol32-n3-septiembre-2023\/\" target=\"_self\" title=\"Vulnerabilidad sociolaboral y riesgo a la salud en mineros de subsistencia en las principales cuencas de Colombia\" class=\"button_  default medium\"><strong>Ver Resumen<\/strong><\/a><\/div>\n<p style=\"text-align: justify;\">\n<div class=\"button_wrapper \"><a  href=\"https:\/\/www.aeemt.org\/Revista_AEEMT\/VOL_32_N02_2023_SEP\/176-188%20Original_1.pdf\" target=\"_blank\" title=\"Vulnerabilidad sociolaboral y riesgo a la salud en mineros de subsistencia en las principales cuencas de Colombia\" class=\"button_  default medium\"><strong>Ver PDF del art\u00edculo completo<\/strong><\/a><\/div>\n<\/div>\n\t\t<\/div>\n\t\t \n\t\t<div  class=\"\" data-rt-animate=\"animate\" data-rt-animation-type=\"fadeInDown\">\n\t\t<span class=\"icon-doc-alt icon\"><\/span><div class=\"list-content\"><h4 class=\"list-title\">Art\u00edculo<\/h4><p style=\"text-align: justify;\"><strong>Evaluaci\u00f3n de riesgo por sobrecarga biomec\u00e1nica en trabajadoras de la quinua en Bolivia<\/strong><br \/>\n<em>Rafael Cervantes Morant. Aquiles Hern\u00e1ndez Soto<\/em><\/p>\n<p style=\"text-align: left;\">\n<div class=\"button_wrapper \"><a  href=\"http:\/\/www.aeemt.com\/web\/original-2-mdt-vol32-n3-septiembre-2023\/\" target=\"_self\" title=\"Evaluaci\u00f3n de riesgo por sobrecarga biomec\u00e1nica en trabajadoras de la quinua en Bolivia\" class=\"button_  default medium\"><strong>Ver Resumen<\/strong><\/a><\/div>\n<p style=\"text-align: justify;\">\n<div class=\"button_wrapper \"><a  href=\"https:\/\/www.aeemt.org\/Revista_AEEMT\/VOL_32_N02_2023_SEP\/189-197_Original_2.pdf\" target=\"_blank\" title=\"Evaluaci\u00f3n de riesgo por sobrecarga biomec\u00e1nica en trabajadoras de la quinua en Bolivia\" class=\"button_  default medium\"><strong>Ver PDF del art\u00edculo completo<\/strong><\/a><\/div>\n<\/div>\n\t\t<\/div>\n\t\t \n\t\t<div  class=\"\" data-rt-animate=\"animate\" data-rt-animation-type=\"fadeInDown\">\n\t\t<span class=\"icon-doc-alt icon\"><\/span><div class=\"list-content\"><h4 class=\"list-title\">Art\u00edculo<\/h4><p style=\"text-align: justify;\"><strong>Principales secuelas de SARS-CoV-2 en trabajadores de la salud en Baja |California, M\u00e9xico<\/strong><br \/>\n<em>Daniel Medrano-Aispuro, C\u00e9sar Hern\u00e1ndez-Barba, Mar\u00eda Elena Haro-Acosta, Karla Adelina Qui\u00f1ones-Montelongo, Roc\u00edo del Carmen Rosales-Soria<\/em><\/p>\n<p style=\"text-align: justify;\">\n<div class=\"button_wrapper \"><a  href=\"http:\/\/www.aeemt.com\/web\/original-3-mdt-vol32-n3-septiembre-2023\/\" target=\"_self\" title=\"Principales secuelas de SARS-CoV-2 en trabajadores de la salud en Baja |California, M\u00e9xico\" class=\"button_  default medium\"><strong>Ver Resumen<\/strong><\/a><\/div>\n<p style=\"text-align: justify;\">\n<div class=\"button_wrapper \"><a  href=\"https:\/\/www.aeemt.org\/Revista_AEEMT\/VOL_32_N02_2023_SEP\/198-206_Original_3.pdf\" target=\"_blank\" title=\"Principales secuelas de SARS-CoV-2 en trabajadores de la salud en Baja |California, M\u00e9xico\" class=\"button_  default medium\"><strong>Ver PDF del art\u00edculo completo<\/strong><\/a><\/div>\n<\/div>\n\t\t<\/div>\n\t\t \n\t\t<div  class=\"\" data-rt-animate=\"animate\" data-rt-animation-type=\"fadeInDown\">\n\t\t<span class=\"icon-doc-alt icon\"><\/span><div class=\"list-content\"><h4 class=\"list-title\">Art\u00edculo<\/h4><p style=\"text-align: justify;\"><strong>Estr\u00e9s Post Traum\u00e1tico en el Personal Sanitario de la Unidad de Emergencia de un Hospital Terciario en Pandemia SARS COV-2<\/strong><br \/>\n<em>Manuel Villanueva Villanueva, Jorge Ib\u00e1\u00f1ez Parga, Andr\u00e9s Ayala Mu\u00f1oz, Pablo Mu\u00f1oz Fuentes, Flavio Ayala D\u00edaz, Rodrigo Vera Garc\u00eda<\/em><\/p>\n<p style=\"text-align: justify;\">\n<div class=\"button_wrapper \"><a  href=\"http:\/\/www.aeemt.com\/web\/original-4-mdt-vol32-n3-septiembre-2023\/\" target=\"_self\" title=\"Estr\u00e9s Post Traum\u00e1tico en el Personal Sanitario de la Unidad de Emergencia de un Hospital Terciario en Pandemia SARS COV-2\" class=\"button_  default medium\"><strong>Ver Resumen<\/strong><\/a><\/div>\n<p style=\"text-align: justify;\">\n<div class=\"button_wrapper \"><a  href=\"https:\/\/www.aeemt.org\/Revista_AEEMT\/VOL_32_N02_2023_SEP\/207-216_Original_4.pdf\" target=\"_blank\" title=\"Estr\u00e9s Post Traum\u00e1tico en el Personal Sanitario de la Unidad de Emergencia de un Hospital Terciario en Pandemia SARS COV-2\" class=\"button_  default medium\"><strong>Ver PDF del art\u00edculo completo<\/strong><\/a><\/div>\n<\/div>\n\t\t<\/div>\n\t\n\t\t<\/div>\n\t[\/vc_column][vc_column width=\u00bb1\/2&#8243; rt_wrp_col_paddings=\u00bbfalse\u00bb rt_border_top=\u00bb\u00bb rt_border_bottom=\u00bb\u00bb rt_border_left=\u00bb\u00bb rt_border_right=\u00bb\u00bb rt_border_top_mobile=\u00bb\u00bb rt_border_bottom_mobile=\u00bb\u00bb rt_border_left_mobile=\u00bb\u00bb rt_border_right_mobile=\u00bb\u00bb rt_bg_image_repeat=\u00bbrepeat\u00bb rt_bg_size=\u00bbauto auto\u00bb rt_bg_position=\u00bbright top\u00bb rt_bg_attachment=\u00bbscroll\u00bb]\t \n\t\t<div  class=\"chained_contents style-1  left\" data-rt-animation-group=\"group\" >\n\t\t\t \n\t\t<div  class=\"\" data-rt-animate=\"animate\" data-rt-animation-type=\"fadeInDown\">\n\t\t<span class=\"icon-doc-alt icon\"><\/span><div class=\"list-content\"><h4 class=\"list-title\">Art\u00edculo<\/h4><p><strong>Estilos de vida y actividad f\u00edsica factores influyentes en la recuperaci\u00f3n por Covid-19 en trabajadores de una universidad en Colombia<\/strong><br \/>\n<em>Mariana Alzate Soto, Ivonne Sof\u00eda Salcedo Castro, Nelson Rolando Campos Guzm\u00e1n, Nancy Yaneth Portela Escandon<\/em><\/p>\n<p style=\"text-align: justify;\">\n<div class=\"button_wrapper \"><a  href=\"http:\/\/www.aeemt.com\/web\/original-5-mdt-vol32-n3-septiembre-2023\/\" target=\"_self\" title=\"Estilos de vida y actividad f\u00edsica factores influyentes en la recuperaci\u00f3n por Covid-19 en trabajadores de una universidad en Colombia\" class=\"button_  default medium\"><strong>Ver Resumen<\/strong><\/a><\/div>\n<p style=\"text-align: justify;\">\n<div class=\"button_wrapper \"><a  href=\"https:\/\/www.aeemt.org\/Revista_AEEMT\/VOL_32_N02_2023_SEP\/217-227_Original_5.pdf\" target=\"_blank\" title=\"Estilos de vida y actividad f\u00edsica factores influyentes en la recuperaci\u00f3n por Covid-19 en trabajadores de una universidad en Colombia\" class=\"button_  default medium\"><strong>Ver PDF del art\u00edculo completo<\/strong><\/a><\/div>\n<\/div>\n\t\t<\/div>\n\t\t \n\t\t<div  class=\"\" data-rt-animate=\"animate\" data-rt-animation-type=\"fadeInDown\">\n\t\t<span class=\"icon-doc-alt icon\"><\/span><div class=\"list-content\"><h4 class=\"list-title\">Art\u00edculo<\/h4><p><strong>Estudio descriptivo transversal. Caracter\u00edsticas del sue\u00f1o en trabajadores sanitarios de hospitales de Madrid Sur<\/strong><br \/>\n<em>Alba Maganto Fraile, Sandra De Priso Sa\u00f1udo, F\u00e1tima Alca\u00f1iz Mart\u00edn, Alejandro Mayoral Buend\u00eda<\/em><\/p>\n<p style=\"text-align: justify;\">\n<div class=\"button_wrapper \"><a  href=\"http:\/\/www.aeemt.com\/web\/original-6-mdt-vol32-n3-septiembre-2023\/\" target=\"_self\" title=\"Estudio descriptivo transversal. Caracter\u00edsticas del sue\u00f1o en trabajadores sanitarios de hospitales de Madrid Sur\" class=\"button_  default medium\"><strong>Ver Resumen<\/strong><\/a><\/div>\n<p style=\"text-align: justify;\">\n<div class=\"button_wrapper \"><a  href=\"https:\/\/www.aeemt.org\/Revista_AEEMT\/VOL_32_N02_2023_SEP\/228-236_Original_6.pdf\" target=\"_blank\" title=\"Estudio descriptivo transversal. Caracter\u00edsticas del sue\u00f1o en trabajadores sanitarios de hospitales de Madrid Sur\" class=\"button_  default medium\"><strong>PDF del art\u00edculo completo<\/strong><\/a><\/div>\n<\/div>\n\t\t<\/div>\n\t\t \n\t\t<div  class=\"\" data-rt-animate=\"animate\" data-rt-animation-type=\"fadeInDown\">\n\t\t<span class=\"icon-doc-alt icon\"><\/span><div class=\"list-content\"><h4 class=\"list-title\">Art\u00edculo<\/h4><p><strong>Lipoatrofia semicircular en trabajadores de oficinas: una situaci\u00f3n que no desaparece tan r\u00e1pidamente<\/strong><br \/>\n<em>Mario Borin Bertuzzi, Oscar Alonso Iglesias, Mario Andr\u00e9s Borin Ar\u00e1mbulo<\/em><\/p>\n<p style=\"text-align: justify;\">\n<div class=\"button_wrapper \"><a  href=\"http:\/\/www.aeemt.com\/web\/original-7-mdt-vol32-n3-septiembre-2023\/\" target=\"_self\" title=\"Lipoatrofia semicircular en trabajadores de oficinas: una situaci\u00f3n que no desaparece tan r\u00e1pidamente\" class=\"button_  default medium\"><strong>Ver Resumen<\/strong><\/a><\/div>\n<p style=\"text-align: justify;\">\n<div class=\"button_wrapper \"><a  href=\"https:\/\/www.aeemt.org\/Revista_AEEMT\/VOL_32_N02_2023_SEP\/237-247_Original_7.pdf\" target=\"_blank\" title=\"Lipoatrofia semicircular en trabajadores de oficinas: una situaci\u00f3n que no desaparece tan r\u00e1pidamente\" class=\"button_  default medium\"><strong>PDF del art\u00edculo completo<\/strong><\/a><\/div>\n<\/div>\n\t\t<\/div>\n\t\t \n\t\t<div  class=\"\" data-rt-animate=\"animate\" data-rt-animation-type=\"fadeInDown\">\n\t\t<span class=\"icon-doc-alt icon\"><\/span><div class=\"list-content\"><h4 class=\"list-title\">Caso Cl\u00ednico<\/h4><p><strong>Papel del servicio de prevenci\u00f3n en el diagn\u00f3stico de la patolog\u00eda mental para una adecuada integraci\u00f3n laboral<\/strong><br \/>\n<em>Marta Moya Ayza, Cristina Garc\u00eda Monz\u00f3n, Esther Ligero L\u00f3pez<\/em><\/p>\n<p style=\"text-align: justify;\">\n<div class=\"button_wrapper \"><a  href=\"http:\/\/www.aeemt.com\/web\/caso-clinico-1-mdt-vol32-n3-septiembre-2023\/\" target=\"_self\" title=\"Papel del servicio de prevenci\u00f3n en el diagn\u00f3stico de la patolog\u00eda mental para una adecuada integraci\u00f3n laboral\" class=\"button_  default medium\"><strong>Ver Resumen<\/strong><\/a><\/div>\n<p style=\"text-align: justify;\">\n<div class=\"button_wrapper \"><a  href=\"https:\/\/www.aeemt.org\/Revista_AEEMT\/VOL_32_N02_2023_SEP\/NO%20SOCIOS\/248-252_Caso%20Clinico_NO%20SOCIOS.pdf\" target=\"_blank\" title=\"Papel del servicio de prevenci\u00f3n en el diagn\u00f3stico de la patolog\u00eda mental para una adecuada integraci\u00f3n laboral\" class=\"button_  default medium\"><strong>PDF del art\u00edculo completo<\/strong><\/a><\/div>\n<\/div>\n\t\t<\/div>\n\t\t \n\t\t<div  class=\"\" data-rt-animate=\"animate\" data-rt-animation-type=\"fadeInDown\">\n\t\t<span class=\"icon-users icon\"><\/span><div class=\"list-content\"><h4 class=\"list-title\">Equipo editorial<\/h4><p style=\"text-align: justify;\"><strong>DIRECTORA:<\/strong><br \/>\n<em>Dra. M\u00aa Teresa del Campo Balsa<\/em><br \/>\n<strong>FUNDADOR DE LA REVISTA EN 1991:<\/strong><br \/>\n<em>Dr. Javier Sanz Gonz\u00e1lez<\/em><br \/>\n<strong>COMIT\u00c9 DE REDACCI\u00d3N:<\/strong><br \/>\n<em>Dra. Luisa Capdevila Garc\u00eda, Dr. Gregorio Moreno Manzano, Dra. Carmen Mu\u00f1oz Ruiperez, Dr. Luis Reinoso Barbero, Dr. Ignacio S\u00e1nchez-Arcilla Conejo, Dr. Guillermo Soriano Tar\u00edn<\/em><\/p>\n<p style=\"text-align: justify;\">\n<div class=\"button_wrapper \"><a  href=\"http:\/\/www.aeemt.com\/web\/equipo-editorial\/\" target=\"_self\" title=\"Equipo Editorial\" class=\"button_  default medium\"><strong>Ver Equipo Editorial<\/strong><\/a><\/div>\n<\/div>\n\t\t<\/div>\n\t\n\t\t<\/div>\n\t[\/vc_column][\/vc_row]<\/p>\n","protected":false},"excerpt":{"rendered":"<p>[vc_row rt_row_background_width=\u00bbdefault\u00bb rt_row_style=\u00bbdefault-style\u00bb rt_row_borders=\u00bb\u00bb rt_row_paddings=\u00bbtrue\u00bb rt_bg_effect=\u00bbclassic\u00bb rt_bg_image_repeat=\u00bbrepeat\u00bb rt_bg_size=\u00bbcover\u00bb rt_bg_position=\u00bbright top\u00bb rt_bg_attachment=\u00bbscroll\u00bb rt_bg_video_format=\u00bbself-hosted\u00bb][vc_column rt_wrp_col_paddings=\u00bbfalse\u00bb rt_border_top=\u00bb\u00bb rt_border_bottom=\u00bb\u00bb rt_border_left=\u00bb\u00bb rt_border_right=\u00bb\u00bb rt_border_top_mobile=\u00bb\u00bb rt_border_bottom_mobile=\u00bb\u00bb rt_border_left_mobile=\u00bb\u00bb rt_border_right_mobile=\u00bb\u00bb rt_bg_image_repeat=\u00bbrepeat\u00bb rt_bg_size=\u00bbauto auto\u00bb rt_bg_position=\u00bbright top\u00bb rt_bg_attachment=\u00bbscroll\u00bb][vc_column_text] Estimado socio o [&hellip;]<\/p>\n","protected":false},"author":1,"featured_media":0,"parent":0,"menu_order":0,"comment_status":"closed","ping_status":"closed","template":"","meta":{"footnotes":""},"class_list":["post-68202","page","type-page","status-publish","hentry"],"_links":{"self":[{"href":"https:\/\/www.aeemt.org\/web\/wp-json\/wp\/v2\/pages\/68202"}],"collection":[{"href":"https:\/\/www.aeemt.org\/web\/wp-json\/wp\/v2\/pages"}],"about":[{"href":"https:\/\/www.aeemt.org\/web\/wp-json\/wp\/v2\/types\/page"}],"author":[{"embeddable":true,"href":"https:\/\/www.aeemt.org\/web\/wp-json\/wp\/v2\/users\/1"}],"replies":[{"embeddable":true,"href":"https:\/\/www.aeemt.org\/web\/wp-json\/wp\/v2\/comments?post=68202"}],"version-history":[{"count":0,"href":"https:\/\/www.aeemt.org\/web\/wp-json\/wp\/v2\/pages\/68202\/revisions"}],"wp:attachment":[{"href":"https:\/\/www.aeemt.org\/web\/wp-json\/wp\/v2\/media?parent=68202"}],"curies":[{"name":"wp","href":"https:\/\/api.w.org\/{rel}","templated":true}]}}