{"id":67515,"date":"2023-01-31T14:10:47","date_gmt":"2023-01-31T14:10:47","guid":{"rendered":"http:\/\/www.aeemt.com\/web\/?page_id=67515"},"modified":"2023-01-31T14:10:47","modified_gmt":"2023-01-31T14:10:47","slug":"programa-de-formacion-tabaquica-10-sesiones-aeemt-aecc","status":"publish","type":"page","link":"https:\/\/www.aeemt.org\/web\/programa-de-formacion-tabaquica-10-sesiones-aeemt-aecc\/","title":{"rendered":"Programa de formaci\u00f3n tab\u00e1quica. 10 sesiones. AEEMT-AECC."},"content":{"rendered":"<p>[vc_row rt_row_background_width=\u00bbdefault\u00bb rt_row_style=\u00bbdefault-style\u00bb rt_row_borders=\u00bb\u00bb rt_row_paddings=\u00bbtrue\u00bb rt_bg_effect=\u00bbclassic\u00bb rt_bg_image_repeat=\u00bbrepeat\u00bb rt_bg_size=\u00bbcover\u00bb rt_bg_position=\u00bbright top\u00bb rt_bg_attachment=\u00bbscroll\u00bb rt_bg_video_format=\u00bbself-hosted\u00bb][vc_column width=\u00bb1\/2&#8243; rt_wrp_col_paddings=\u00bbfalse\u00bb rt_border_top=\u00bb\u00bb rt_border_bottom=\u00bb\u00bb rt_border_left=\u00bb\u00bb rt_border_right=\u00bb\u00bb rt_border_top_mobile=\u00bb\u00bb rt_border_bottom_mobile=\u00bb\u00bb rt_border_left_mobile=\u00bb\u00bb rt_border_right_mobile=\u00bb\u00bb rt_bg_image_repeat=\u00bbrepeat\u00bb rt_bg_size=\u00bbauto auto\u00bb rt_bg_position=\u00bbright top\u00bb rt_bg_attachment=\u00bbscroll\u00bb][vc_column_text]<\/p>\n<h3 style=\"text-align: center;\">Organiza<\/h3>\n<h3 style=\"text-align: center;\"><a href=\"http:\/\/www.aeemt.com\/web\/\" target=\"_blank\" rel=\"noopener noreferrer\"><img loading=\"lazy\" decoding=\"async\" class=\"wp-image-3534 aligncenter\" src=\"http:\/\/www.aeemt.com\/web\/wp-content\/uploads\/2017\/05\/logoDibujado.png\" alt=\"\" width=\"133\" height=\"135\" srcset=\"https:\/\/www.aeemt.org\/web\/wp-content\/uploads\/2017\/05\/logoDibujado.png 402w, https:\/\/www.aeemt.org\/web\/wp-content\/uploads\/2017\/05\/logoDibujado-296x300.png 296w\" sizes=\"(max-width: 133px) 100vw, 133px\" \/><\/a><\/h3>\n<p>[\/vc_column_text][\/vc_column][vc_column width=\u00bb1\/2&#8243; rt_wrp_col_paddings=\u00bbfalse\u00bb rt_border_top=\u00bb\u00bb rt_border_bottom=\u00bb\u00bb rt_border_left=\u00bb\u00bb rt_border_right=\u00bb\u00bb rt_border_top_mobile=\u00bb\u00bb rt_border_bottom_mobile=\u00bb\u00bb rt_border_left_mobile=\u00bb\u00bb rt_border_right_mobile=\u00bb\u00bb rt_bg_image_repeat=\u00bbrepeat\u00bb rt_bg_size=\u00bbauto auto\u00bb rt_bg_position=\u00bbright top\u00bb rt_bg_attachment=\u00bbscroll\u00bb][vc_column_text]<\/p>\n<h3 style=\"text-align: center;\"><strong>Colabora<\/strong><\/h3>\n<p style=\"text-align: center;\"><a href=\"https:\/\/www.contraelcancer.es\/es\" target=\"_blank\" rel=\"noopener noreferrer\"><img loading=\"lazy\" decoding=\"async\" class=\"alignnone wp-image-67517 \" src=\"https:\/\/www.aeemt.org\/pruebaweb\/wp-content\/uploads\/2023\/01\/Logo-AEEC-1.jpg\" alt=\"\" width=\"378\" height=\"122\" srcset=\"https:\/\/www.aeemt.org\/web\/wp-content\/uploads\/2023\/01\/Logo-AEEC-1.jpg 664w, https:\/\/www.aeemt.org\/web\/wp-content\/uploads\/2023\/01\/Logo-AEEC-1-600x193.jpg 600w, https:\/\/www.aeemt.org\/web\/wp-content\/uploads\/2023\/01\/Logo-AEEC-1-300x97.jpg 300w\" sizes=\"(max-width: 378px) 100vw, 378px\" \/><\/a><\/p>\n<p>[\/vc_column_text][\/vc_column][\/vc_row][vc_row rt_row_background_width=\u00bbdefault\u00bb rt_row_style=\u00bbdefault-style\u00bb rt_row_borders=\u00bb\u00bb rt_row_paddings=\u00bbtrue\u00bb rt_bg_effect=\u00bbclassic\u00bb rt_bg_image_repeat=\u00bbrepeat\u00bb rt_bg_size=\u00bbcover\u00bb rt_bg_position=\u00bbright top\u00bb rt_bg_attachment=\u00bbscroll\u00bb rt_bg_video_format=\u00bbself-hosted\u00bb][vc_column width=\u00bb1\/2&#8243; rt_wrp_col_paddings=\u00bbfalse\u00bb rt_border_top=\u00bb\u00bb rt_border_bottom=\u00bb\u00bb rt_border_left=\u00bb\u00bb rt_border_right=\u00bb\u00bb rt_border_top_mobile=\u00bb\u00bb rt_border_bottom_mobile=\u00bb\u00bb rt_border_left_mobile=\u00bb\u00bb rt_border_right_mobile=\u00bb\u00bb rt_bg_image_repeat=\u00bbrepeat\u00bb rt_bg_size=\u00bbauto auto\u00bb rt_bg_position=\u00bbright top\u00bb rt_bg_attachment=\u00bbscroll\u00bb][vc_column_text]\u00a1La <strong>Asociaci\u00f3n de Especialistas en Medicina del Trabajo<\/strong> te invita este pr\u00f3ximo 31<strong>\u00a0de\u00a0enero de 2023<\/strong>\u00a0a acompa\u00f1arnos al inicio de una serie de sesiones cl\u00ednicas <b>bajo el t\u00edtulo: \u00abPrograma de formaci\u00f3n tab\u00e1quica para profesionales sanitarios\u00bb<\/b><br \/>\nEstas <strong>SESIONES<\/strong> tendr\u00e1n lugar todos los martes. No lo olvides!<\/p>\n<p><strong>El horario de las sesiones ser\u00e1 de\u00a016:00\u00a0a 17:horas por Zoom<\/strong><\/p>\n<h3>Informaci\u00f3n general<\/h3>\n<p style=\"text-align: justify;\"><strong>Descripci\u00f3n<\/strong> Esta formaci\u00f3n est\u00e1 destinada a miembros de la Asociaci\u00f3n Espa\u00f1ola de Especialistas en Medicina del Trabajo.<\/p>\n<p style=\"text-align: justify;\"><strong>Objetivos<\/strong><br \/>\nEn este programa se proporcionar\u00e1n herramientas y recursos m\u00e9dicos y psicol\u00f3gicos para el manejo de la deshabituaci\u00f3n tab\u00e1quica tanto en la consulta como en las diferentes modalidades de atenci\u00f3n sanitaria en el \u00e1mbito laboral.<\/p>\n<p style=\"text-align: justify;\"><strong>Materiales del curso<\/strong><br \/>\nSe proporcionar\u00e1 una bibliograf\u00eda complementaria a cada una de las sesiones que permitir\u00e1n<br \/>\nampliar los conocimientos. Consultarla a continuaci\u00f3n del programa.<br \/>\nEn este documento tambi\u00e9n podr\u00e1 encontrar los enlaces de conexi\u00f3n a cada una de las sesiones, las cuales se realizar\u00e1n a trav\u00e9s de la plataforma webex. Solo bastar\u00e1 con que clique en el enlace.<\/p>\n<p style=\"text-align: center;\"><div class=\"button_wrapper  aligncenter\"><a  href=\"https:\/\/aeemt.org\/Documentos%20GF\/Tabaquismo\/Programa%20y%20bibliograf%C3%ADa%20AEEMT.pdf\" target=\"_blank\" title=\"Programa y Bibliograf\u00eda\" class=\"button_  default medium\"><strong>Programa y Bibliograf\u00eda<\/strong><\/a><\/div>\n<h3 style=\"text-align: justify;\">Programaci\u00f3n del curso (Descripci\u00f3n de sesiones)<\/h3>\n<p style=\"text-align: justify;\"><strong>1. Terapia de aceptaci\u00f3n y compromiso<\/strong><\/p>\n<p style=\"text-align: justify;\">Descubriremos el valor de la terapia de aceptaci\u00f3n y compromiso (ACT) aplicada al tratamiento del tabaquismo. Trabajaremos los fundamentos te\u00f3ricos y daremos herramientas para llevarlos a la pr\u00e1ctica.<\/p>\n<p style=\"text-align: justify;\"><strong>2. Consejo m\u00ednimo en la consulta<\/strong><\/p>\n<p style=\"text-align: justify;\">Abordaremos el Consejo M\u00ednimo y c\u00f3mo a trav\u00e9s de una recomendaci\u00f3n breve, oportunista y sistem\u00e1tica en cualquier entorno sanitario, se puede llevar a cabo una intervenci\u00f3n para dejar de fumar.<\/p>\n<p style=\"text-align: justify;\"><strong>3. Herramientas innovadoras para dejar de fumar: Respirapp \u00ae<\/strong><\/p>\n<p style=\"text-align: justify;\">Se presentar\u00e1 la aplicaci\u00f3n del m\u00f3vil gratuita dise\u00f1ada por la Asociaci\u00f3n Espa\u00f1ola contra el C\u00e1ncer dirigida a la deshabituaci\u00f3n tab\u00e1quica y que puede ser un recurso \u00fatil para usar en solitario o de manera combinada con abordaje m\u00e9dico y farmacol\u00f3gico.<\/p>\n<p style=\"text-align: justify;\"><strong>4. Tratamiento farmacol\u00f3gico del tabaquismo<\/strong><\/p>\n<p style=\"text-align: justify;\">El \u00e9xito en la cesaci\u00f3n tab\u00e1quica en personas que lo hacen sin ayuda es del 5% frente al 30-40% en aquellas que siguen un tratamiento farmacol\u00f3gico y cuentan con apoyo psicol\u00f3gico. En esta sesi\u00f3n hablaremos de las opciones que existen para el tratamiento farmacol\u00f3gico: beneficios, indicaciones y contraindicaciones, abordando tambi\u00e9n las consideraciones especiales en pacientes psiqui\u00e1tricos.<\/p>\n<p style=\"text-align: justify;\"><strong>5. Relaci\u00f3n tabaco y covid<\/strong><\/p>\n<p style=\"text-align: justify;\">Se abordar\u00e1 el riesgo asociado al contagio la Covid-19, la progresi\u00f3n hacia estados graves de la enfermedad y el consumo de tabaco en cualquiera de sus formas. Se mostrar\u00e1 evidencia cient\u00edfica de c\u00f3mo, en caso de la COVID-19, existe una peor evoluci\u00f3n entre la poblaci\u00f3n fumadora<\/p>\n<p style=\"text-align: justify;\"><strong>6. La orientaci\u00f3n cognitiva conductual en la deshabituaci\u00f3n tab\u00e1quica<\/strong><\/p>\n<p style=\"text-align: justify;\">Se compartir\u00e1n los fundamentos psicol\u00f3gicos de la orientaci\u00f3n cognitiva-conductual en los programas de cesaci\u00f3n tab\u00e1quica y c\u00f3mo gestionar, desde el abordaje profesional, la prevenci\u00f3n de ca\u00eddas y reca\u00eddas.<\/p>\n<p style=\"text-align: justify;\"><strong>7. Evaluaci\u00f3n psicol\u00f3gica. Nudo cannabis tabaco<\/strong><\/p>\n<p style=\"text-align: justify;\">Hablaremos de los fundamentos psicol\u00f3gicos de la evaluaci\u00f3n de la persona fumadora y las consideraciones especiales cuando hay un consumo dual de cannabis.<\/p>\n<p style=\"text-align: justify;\"><strong>8. Entrevista motivacional y fases del cambio<\/strong><\/p>\n<p style=\"text-align: justify;\">Se compartir\u00e1n los fundamentos psicol\u00f3gicos de la entrevista motivacional en el entorno de los programas para dejar de fumar.<\/p>\n<p style=\"text-align: justify;\"><strong>9. Percepci\u00f3n de riesgo asociado al consumo de tabaco<\/strong><\/p>\n<p style=\"text-align: justify;\">En esta sesi\u00f3n se abordar\u00e1n cu\u00e1les son las variables que influyen en la percepci\u00f3n de riesgo de una persona cuando toma la decisi\u00f3n de consumir tabaco y\/o mantener dicho consumo<\/p>\n<p style=\"text-align: justify;\"><strong>10. Otras formas de consumo de tabaco y el impacto en la salud<\/strong><\/p>\n<p style=\"text-align: justify;\">Hablaremos del cigarrillo electr\u00f3nico y el riesgo de padecer los diferentes efectos negativos que puede provocar en nuestro organismo. \u00bfSabes lo que son los PTCs o los DSLN?, \u00bfConoces sus diferencias y c\u00f3mo impactan en la salud? Si te interesan<br \/>\nestas cuestiones y quieres conocer la regulaci\u00f3n vigente para los Cigarrillos electr\u00f3nicos, no te pierdas esta sesi\u00f3n.<\/p>\n<p>&nbsp;<\/p>\n<p style=\"text-align: center;\"><strong>Accede a las 10 sesiones pulsando sobre el siguiente enlace.<\/strong><\/p>\n<p style=\"text-align: center;\"><div class=\"button_wrapper  aligncenter\"><a  href=\"https:\/\/www.aeemt.org\/Documentos%20GF\/Tabaquismo\/Acceso%20Sesiones%20Programa%20Tabaquismo%202023.pdf\" target=\"_blank\" title=\"Enlace a las sesiones\" class=\"button_  default big\"><strong>Acceso a las sesiones de formaci\u00f3n tab\u00e1quica<\/strong><\/a><\/div>\n<p>&nbsp;<\/p>\n<p>&nbsp;<\/p>\n<p>Esperamos que esta nueva actividad les resulte de inter\u00e9s.<\/p>\n<p>Gracias a todos.[\/vc_column_text][\/vc_column][vc_column width=\u00bb1\/2&#8243; rt_wrp_col_paddings=\u00bbfalse\u00bb rt_border_top=\u00bb\u00bb rt_border_bottom=\u00bb\u00bb rt_border_left=\u00bb\u00bb rt_border_right=\u00bb\u00bb rt_border_top_mobile=\u00bb\u00bb rt_border_bottom_mobile=\u00bb\u00bb rt_border_left_mobile=\u00bb\u00bb rt_border_right_mobile=\u00bb\u00bb rt_bg_image_repeat=\u00bbrepeat\u00bb rt_bg_size=\u00bbauto auto\u00bb rt_bg_position=\u00bbright top\u00bb rt_bg_attachment=\u00bbscroll\u00bb][vc_column_text]<\/p>\n<p style=\"text-align: center;\"><strong>Accede a las 10 sesiones pulsando sobre el siguiente enlace.<\/strong><\/p>\n<p style=\"text-align: center;\"><div class=\"button_wrapper  aligncenter\"><a  href=\"https:\/\/www.aeemt.org\/Documentos%20GF\/Tabaquismo\/Acceso%20Sesiones%20Programa%20Tabaquismo%202023.pdf\" target=\"_blank\" title=\"Enlace a las sesiones\" class=\"button_  default big\"><strong>Acceso a las sesiones de formaci\u00f3n tab\u00e1quica<\/strong><\/a><\/div>\n<p>[\/vc_column_text][vc_column_text]<\/p>\n<h2 style=\"text-align: center;\"><span style=\"color: #339966;\"><strong>Programa de formaci\u00f3n tab\u00e1quica para profesionales sanitarios.<\/strong><\/span><\/h2>\n<p style=\"text-align: center;\"><a href=\"https:\/\/www.aeemt.org\/Documentos%20GF\/Tabaquismo\/Acceso%20Sesiones%20Programa%20Tabaquismo%202023.pdf\" target=\"_blank\" rel=\"noopener noreferrer\"><img loading=\"lazy\" decoding=\"async\" class=\"alignnone wp-image-67523 \" src=\"https:\/\/www.aeemt.org\/pruebaweb\/wp-content\/uploads\/2023\/01\/Img-presentacion.jpg\" alt=\"\" width=\"783\" height=\"567\" srcset=\"https:\/\/www.aeemt.org\/web\/wp-content\/uploads\/2023\/01\/Img-presentacion.jpg 943w, https:\/\/www.aeemt.org\/web\/wp-content\/uploads\/2023\/01\/Img-presentacion-600x435.jpg 600w, https:\/\/www.aeemt.org\/web\/wp-content\/uploads\/2023\/01\/Img-presentacion-300x217.jpg 300w, https:\/\/www.aeemt.org\/web\/wp-content\/uploads\/2023\/01\/Img-presentacion-768x556.jpg 768w\" sizes=\"(max-width: 783px) 100vw, 783px\" \/><\/a><\/p>\n<p>[\/vc_column_text][\/vc_column][\/vc_row][vc_row rt_row_background_width=\u00bbdefault\u00bb rt_row_style=\u00bbdefault-style\u00bb rt_row_borders=\u00bb\u00bb rt_row_paddings=\u00bbtrue\u00bb rt_bg_effect=\u00bbclassic\u00bb rt_bg_image_repeat=\u00bbrepeat\u00bb rt_bg_size=\u00bbcover\u00bb rt_bg_position=\u00bbright top\u00bb rt_bg_attachment=\u00bbscroll\u00bb rt_bg_video_format=\u00bbself-hosted\u00bb][vc_column width=\u00bb1\/3&#8243; rt_wrp_col_paddings=\u00bbfalse\u00bb rt_border_top=\u00bb\u00bb rt_border_bottom=\u00bb\u00bb rt_border_left=\u00bb\u00bb rt_border_right=\u00bb\u00bb rt_border_top_mobile=\u00bb\u00bb rt_border_bottom_mobile=\u00bb\u00bb rt_border_left_mobile=\u00bb\u00bb rt_border_right_mobile=\u00bb\u00bb rt_bg_image_repeat=\u00bbrepeat\u00bb rt_bg_size=\u00bbauto auto\u00bb rt_bg_position=\u00bbright top\u00bb rt_bg_attachment=\u00bbscroll\u00bb][vc_column_text]<\/p>\n<p style=\"text-align: center;\"><strong>Luis Reinoso-Barbero<\/strong><br \/>\n<em>Presidente AEEMT<\/em><\/p>\n<p>[\/vc_column_text][\/vc_column][vc_column width=\u00bb1\/3&#8243; rt_wrp_col_paddings=\u00bbfalse\u00bb rt_border_top=\u00bb\u00bb rt_border_bottom=\u00bb\u00bb rt_border_left=\u00bb\u00bb rt_border_right=\u00bb\u00bb rt_border_top_mobile=\u00bb\u00bb rt_border_bottom_mobile=\u00bb\u00bb rt_border_left_mobile=\u00bb\u00bb rt_border_right_mobile=\u00bb\u00bb rt_bg_image_repeat=\u00bbrepeat\u00bb rt_bg_size=\u00bbauto auto\u00bb rt_bg_position=\u00bbright top\u00bb rt_bg_attachment=\u00bbscroll\u00bb][vc_column_text]<\/p>\n<p style=\"text-align: center;\"><strong>Dra. Carmen Serrano<\/strong><br \/>\n<em>Vicepta. AEEMT<\/em><\/p>\n<p>[\/vc_column_text][\/vc_column][\/vc_row]<\/p>\n","protected":false},"excerpt":{"rendered":"<p>[vc_row rt_row_background_width=\u00bbdefault\u00bb rt_row_style=\u00bbdefault-style\u00bb rt_row_borders=\u00bb\u00bb rt_row_paddings=\u00bbtrue\u00bb rt_bg_effect=\u00bbclassic\u00bb rt_bg_image_repeat=\u00bbrepeat\u00bb rt_bg_size=\u00bbcover\u00bb rt_bg_position=\u00bbright top\u00bb rt_bg_attachment=\u00bbscroll\u00bb rt_bg_video_format=\u00bbself-hosted\u00bb][vc_column width=\u00bb1\/2&#8243; rt_wrp_col_paddings=\u00bbfalse\u00bb rt_border_top=\u00bb\u00bb rt_border_bottom=\u00bb\u00bb rt_border_left=\u00bb\u00bb rt_border_right=\u00bb\u00bb rt_border_top_mobile=\u00bb\u00bb rt_border_bottom_mobile=\u00bb\u00bb rt_border_left_mobile=\u00bb\u00bb rt_border_right_mobile=\u00bb\u00bb rt_bg_image_repeat=\u00bbrepeat\u00bb rt_bg_size=\u00bbauto auto\u00bb rt_bg_position=\u00bbright top\u00bb rt_bg_attachment=\u00bbscroll\u00bb][vc_column_text] Organiza [\/vc_column_text][\/vc_column][vc_column [&hellip;]<\/p>\n","protected":false},"author":1,"featured_media":0,"parent":0,"menu_order":0,"comment_status":"closed","ping_status":"closed","template":"","meta":{"footnotes":""},"class_list":["post-67515","page","type-page","status-publish","hentry"],"_links":{"self":[{"href":"https:\/\/www.aeemt.org\/web\/wp-json\/wp\/v2\/pages\/67515"}],"collection":[{"href":"https:\/\/www.aeemt.org\/web\/wp-json\/wp\/v2\/pages"}],"about":[{"href":"https:\/\/www.aeemt.org\/web\/wp-json\/wp\/v2\/types\/page"}],"author":[{"embeddable":true,"href":"https:\/\/www.aeemt.org\/web\/wp-json\/wp\/v2\/users\/1"}],"replies":[{"embeddable":true,"href":"https:\/\/www.aeemt.org\/web\/wp-json\/wp\/v2\/comments?post=67515"}],"version-history":[{"count":0,"href":"https:\/\/www.aeemt.org\/web\/wp-json\/wp\/v2\/pages\/67515\/revisions"}],"wp:attachment":[{"href":"https:\/\/www.aeemt.org\/web\/wp-json\/wp\/v2\/media?parent=67515"}],"curies":[{"name":"wp","href":"https:\/\/api.w.org\/{rel}","templated":true}]}}