{"id":3870,"date":"2017-07-24T15:11:37","date_gmt":"2017-07-24T15:11:37","guid":{"rendered":"http:\/\/www.aeemt.com\/web\/?page_id=3870"},"modified":"2017-07-24T15:11:37","modified_gmt":"2017-07-24T15:11:37","slug":"noticias-medicas","status":"publish","type":"page","link":"https:\/\/www.aeemt.org\/web\/noticias-medicas\/","title":{"rendered":"Noticias de medicina"},"content":{"rendered":"<p>[vc_row rt_row_background_width=\u00bbdefault\u00bb rt_row_style=\u00bbdefault-style\u00bb rt_row_borders=\u00bb\u00bb rt_row_paddings=\u00bbtrue\u00bb rt_bg_effect=\u00bbclassic\u00bb rt_bg_image_repeat=\u00bbrepeat\u00bb rt_bg_size=\u00bbcover\u00bb rt_bg_position=\u00bbright top\u00bb rt_bg_attachment=\u00bbscroll\u00bb rt_bg_video_format=\u00bbself-hosted\u00bb][vc_column rt_wrp_col_paddings=\u00bbfalse\u00bb rt_border_top=\u00bb\u00bb rt_border_bottom=\u00bb\u00bb rt_border_left=\u00bb\u00bb rt_border_right=\u00bb\u00bb rt_border_top_mobile=\u00bb\u00bb rt_border_bottom_mobile=\u00bb\u00bb rt_border_left_mobile=\u00bb\u00bb rt_border_right_mobile=\u00bb\u00bb rt_bg_image_repeat=\u00bbrepeat\u00bb rt_bg_size=\u00bbauto auto\u00bb rt_bg_position=\u00bbright top\u00bb rt_bg_attachment=\u00bbscroll\u00bb]\n<div id=\"blog-dynamicID-734608\" class=\"blog_list clearfix border_grid fixed_heights\" data-column-width=\"4\">\n<div class=\"row clearfix\">\n<div class=\"col col-sm-3\">\n \n\n<!-- blog box-->\n<article class=\"loop post-73525 post type-post status-publish format-standard has-post-thumbnail hentry category-comunicados-de-la-aeemt category-comunicados-de-la-junta-directiva category-comunicados-de-la-secretaria category-comunicados-del-presidente category-comunicados-para-asociados\" id=\"post-73525\">\n\t\t\n\t\n\t\n\t<figure class=\"featured_image featured_media\">\n\n\t\t\n\t\t\t\t<a id=\"lightbox-518162\" class=\"imgeffect zoom lightbox_ featured_image\" data-group=\"image_73530\" title=\"Enlarge Image\" data-title=\"Convocatoria Asamblea General Ordinaria de la AEEMT. 13 de marzo de 2026\" data-sub-html=\"#lightbox-518162-description\" data-thumbnail=\"https:\/\/www.aeemt.org\/web\/wp-content\/uploads\/2026\/02\/Captura-Asamblea-marzo-2026-75x50.png\" data-thumbTooltip=\"\" data-scaleUp=\"\" data-href=\"\" data-width=\"\" data-height=\"\" data-flashHasPriority=\"\" data-poster=\"\" data-autoplay=\"\" data-audiotitle=\"\" data-html=\"\" href=\"https:\/\/www.aeemt.org\/web\/wp-content\/uploads\/2026\/02\/Captura-Asamblea-marzo-2026.png\" ><img decoding=\"async\" src=\"https:\/\/www.aeemt.org\/web\/wp-content\/uploads\/2026\/02\/Captura-Asamblea-marzo-2026.png\" alt=\"\" class=\"\" \/><\/a>\r\n\t\t\t<div class=\"lighbox-description hidden\" id=\"lightbox-518162-description\">\r\n\t\t\t\t<strong>Convocatoria Asamblea General Ordinaria de la AEEMT. 13 de marzo de 2026<\/strong><br>\r\n\t\t\t\t\r\n\t\t\t<\/div>\t\t\t\t<span class=\"format-icon icon-pencil\"><\/span>\n\n\t\t\t\n\t<\/figure> \n\t\n\n\t<div class=\"date\"><a href=\"https:\/\/www.aeemt.org\/web\/2026\/02\/06\/convocatoria-asamblea-general-ordinaria-de-la-aeemt-13-de-marzo-de-2026\/\">6 de febrero de 2026<\/a><\/div> \n\t<div class=\"text entry-content\">\n\n\t\t<!-- blog headline-->\n\t\t<h2 class=\"entry-title\"><a href=\"https:\/\/www.aeemt.org\/web\/2026\/02\/06\/convocatoria-asamblea-general-ordinaria-de-la-aeemt-13-de-marzo-de-2026\/\" rel=\"bookmark\">Convocatoria Asamblea General Ordinaria de la AEEMT. 13 de marzo de 2026<\/a><\/h2> \n\t\t\t\n\n\t\t<p>[vc_row rt_row_background_width=\u00bbdefault\u00bb rt_row_style=\u00bbdefault-style\u00bb rt_row_borders=\u00bb\u00bb rt_row_paddings=\u00bbtrue\u00bb rt_bg_effect=\u00bbclassic\u00bb rt_bg_image_repeat=\u00bbrepeat\u00bb rt_bg_size=\u00bbcover\u00bb rt_bg_position=\u00bbright top\u00bb rt_bg_attachment=\u00bbscroll\u00bb rt_bg_video_format=\u00bbself-hosted\u00bb][vc_column rt_wrp_col_paddings=\u00bbfalse\u00bb rt_border_top=\u00bb\u00bb rt_border_bottom=\u00bb\u00bb rt_border_left=\u00bb\u00bb rt_border_right=\u00bb\u00bb rt_border_top_mobile=\u00bb\u00bb rt_border_bottom_mobile=\u00bb\u00bb rt_border_left_mobile=\u00bb\u00bb rt_border_right_mobile=\u00bb\u00bb rt_bg_image_repeat=\u00bbrepeat\u00bb rt_bg_size=\u00bbauto auto\u00bb rt_bg_position=\u00bbright top\u00bb rt_bg_attachment=\u00bbscroll\u00bb][vc_column_text css=\u00bb\u00bb] [\/vc_column_text][vc_column_text css=\u00bb\u00bb] [&hellip;]<\/p>\n\n\t\t\t\t<!-- meta data -->\r\n\t\t<div class=\"post_data\">\r\n\r\n\t\t\t\r\n\t\t\t\t\t\t<!-- categories -->\r\n\t\t\t<span class=\"icon-flow-cascade categories\"><a href=\"https:\/\/www.aeemt.org\/web\/category\/comunicados-de-la-aeemt\/\" rel=\"category tag\">Comunicados de la AEEMT<\/a>, <a href=\"https:\/\/www.aeemt.org\/web\/category\/comunicados-de-la-junta-directiva\/\" rel=\"category tag\">Comunicados de la Junta Directiva<\/a>, <a href=\"https:\/\/www.aeemt.org\/web\/category\/comunicados-de-la-secretaria\/\" rel=\"category tag\">Comunicados de la Secretar\u00eda<\/a>, <a href=\"https:\/\/www.aeemt.org\/web\/category\/comunicados-del-presidente\/\" rel=\"category tag\">Comunicados del Presidente<\/a>, <a href=\"https:\/\/www.aeemt.org\/web\/category\/comunicados-para-asociados\/\" rel=\"category tag\">Comunicados para asociados<\/a><\/span>\r\n\t\t\t\r\n\t\t\t\r\n\t\t\t\r\n\t\t<\/div><!-- \/ end div  .post_data -->\r\n\t\n\t<\/div> \n\n<\/article> \n<!-- \/ blog box-->\n<\/div>\n<div class=\"col col-sm-3\">\n \n\n<!-- blog box-->\n<article class=\"loop post-71952 post type-post status-publish format-standard has-post-thumbnail hentry category-comunicados-de-la-aeemt category-comunicados-de-la-junta-directiva category-comunicados-de-la-secretaria category-comunicados-del-presidente category-comunicados-para-asociados category-conferencias-y-congresos category-eventos-de-interes category-noticias-de-medicina\" id=\"post-71952\">\n\t\t\n\t\n\t\n\t<figure class=\"featured_image featured_media\">\n\n\t\t\n\t\t\t\t<a id=\"lightbox-554600\" class=\"imgeffect zoom lightbox_ featured_image\" data-group=\"image_71965\" title=\"Enlarge Image\" data-title=\"Presentaci\u00f3n III CIMET y XIV CEMET. 12, 13 y 14 de marzo 2026.\" data-sub-html=\"#lightbox-554600-description\" data-thumbnail=\"https:\/\/www.aeemt.org\/web\/wp-content\/uploads\/2025\/07\/Imagen-Destacada-Congreso-75x50.png\" data-thumbTooltip=\"\" data-scaleUp=\"\" data-href=\"\" data-width=\"\" data-height=\"\" data-flashHasPriority=\"\" data-poster=\"\" data-autoplay=\"\" data-audiotitle=\"\" data-html=\"\" href=\"https:\/\/www.aeemt.org\/web\/wp-content\/uploads\/2025\/07\/Imagen-Destacada-Congreso.png\" ><img decoding=\"async\" src=\"https:\/\/www.aeemt.org\/web\/wp-content\/uploads\/2025\/07\/Imagen-Destacada-Congreso-640x654.png\" alt=\"\" class=\"\" \/><\/a>\r\n\t\t\t<div class=\"lighbox-description hidden\" id=\"lightbox-554600-description\">\r\n\t\t\t\t<strong>Presentaci\u00f3n III CIMET y XIV CEMET. 12, 13 y 14 de marzo 2026.<\/strong><br>\r\n\t\t\t\t\r\n\t\t\t<\/div>\t\t\t\t<span class=\"format-icon icon-pencil\"><\/span>\n\n\t\t\t\n\t<\/figure> \n\t\n\n\t<div class=\"date\"><a href=\"https:\/\/www.aeemt.org\/web\/2025\/07\/25\/presentacion-iii-cimet-y-xiv-cemet-12-13-y-14-de-marzo-2026\/\">25 de julio de 2025<\/a><\/div> \n\t<div class=\"text entry-content\">\n\n\t\t<!-- blog headline-->\n\t\t<h2 class=\"entry-title\"><a href=\"https:\/\/www.aeemt.org\/web\/2025\/07\/25\/presentacion-iii-cimet-y-xiv-cemet-12-13-y-14-de-marzo-2026\/\" rel=\"bookmark\">Presentaci\u00f3n III CIMET y XIV CEMET. 12, 13 y 14 de marzo 2026.<\/a><\/h2> \n\t\t\t\n\n\t\t<p>[vc_row rt_row_background_width=\u00bbdefault\u00bb rt_row_style=\u00bbdefault-style\u00bb rt_column_placement=\u00bbmiddle\u00bb rt_row_borders=\u00bb\u00bb rt_row_paddings=\u00bbtrue\u00bb rt_bg_effect=\u00bbclassic\u00bb rt_bg_image_repeat=\u00bbrepeat\u00bb rt_bg_size=\u00bbcover\u00bb rt_bg_position=\u00bbright top\u00bb rt_bg_attachment=\u00bbscroll\u00bb rt_bg_video_format=\u00bbself-hosted\u00bb][vc_column width=\u00bb3\/4&#8243; rt_wrp_col_paddings=\u00bbfalse\u00bb rt_border_top=\u00bb\u00bb rt_border_bottom=\u00bb\u00bb rt_border_left=\u00bb\u00bb rt_border_right=\u00bb\u00bb rt_border_top_mobile=\u00bb\u00bb rt_border_bottom_mobile=\u00bb\u00bb rt_border_left_mobile=\u00bb\u00bb rt_border_right_mobile=\u00bb\u00bb rt_bg_image_repeat=\u00bbrepeat\u00bb rt_bg_size=\u00bbauto auto\u00bb rt_bg_position=\u00bbright top\u00bb rt_bg_attachment=\u00bbscroll\u00bb][vc_column_text css=\u00bb\u00bb] [&hellip;]<\/p>\n\n\t\t\t\t<!-- meta data -->\r\n\t\t<div class=\"post_data\">\r\n\r\n\t\t\t\r\n\t\t\t\t\t\t<!-- categories -->\r\n\t\t\t<span class=\"icon-flow-cascade categories\"><a href=\"https:\/\/www.aeemt.org\/web\/category\/comunicados-de-la-aeemt\/\" rel=\"category tag\">Comunicados de la AEEMT<\/a>, <a href=\"https:\/\/www.aeemt.org\/web\/category\/comunicados-de-la-junta-directiva\/\" rel=\"category tag\">Comunicados de la Junta Directiva<\/a>, <a href=\"https:\/\/www.aeemt.org\/web\/category\/comunicados-de-la-secretaria\/\" rel=\"category tag\">Comunicados de la Secretar\u00eda<\/a>, <a href=\"https:\/\/www.aeemt.org\/web\/category\/comunicados-del-presidente\/\" rel=\"category tag\">Comunicados del Presidente<\/a>, <a href=\"https:\/\/www.aeemt.org\/web\/category\/comunicados-para-asociados\/\" rel=\"category tag\">Comunicados para asociados<\/a>, <a href=\"https:\/\/www.aeemt.org\/web\/category\/conferencias-y-congresos\/\" rel=\"category tag\">Conferencias y congresos<\/a>, <a href=\"https:\/\/www.aeemt.org\/web\/category\/eventos-de-interes\/\" rel=\"category tag\">Eventos de inter\u00e9s<\/a>, <a href=\"https:\/\/www.aeemt.org\/web\/category\/noticias-de-medicina\/\" rel=\"category tag\">Noticias de Medicina<\/a><\/span>\r\n\t\t\t\r\n\t\t\t\r\n\t\t\t\r\n\t\t<\/div><!-- \/ end div  .post_data -->\r\n\t\n\t<\/div> \n\n<\/article> \n<!-- \/ blog box-->\n<\/div>\n<div class=\"col col-sm-3\">\n \n\n<!-- blog box-->\n<article class=\"loop post-71715 post type-post status-publish format-standard has-post-thumbnail hentry category-comunicados-de-la-aeemt category-comunicados-de-la-junta-directiva category-comunicados-de-la-secretaria category-comunicados-del-presidente category-comunicados-para-asociados category-eventos-de-interes category-formacion category-noticias-de-medicina\" id=\"post-71715\">\n\t\t\n\t\n\t\n\t<figure class=\"featured_image featured_media\">\n\n\t\t\n\t\t\t\t<a id=\"lightbox-556317\" class=\"imgeffect zoom lightbox_ featured_image\" data-group=\"image_71407\" title=\"Enlarge Image\" data-title=\"Grabaci\u00f3n. Webinar Reincorporaci\u00f3n laboral tras Incapacidad Permanente. Solo Socios de la AEEMT\" data-sub-html=\"#lightbox-556317-description\" data-thumbnail=\"https:\/\/www.aeemt.org\/web\/wp-content\/uploads\/2025\/06\/IMG-20250529-WA0029-75x50.jpg\" data-thumbTooltip=\"\" data-scaleUp=\"\" data-href=\"\" data-width=\"\" data-height=\"\" data-flashHasPriority=\"\" data-poster=\"\" data-autoplay=\"\" data-audiotitle=\"\" data-html=\"\" href=\"https:\/\/www.aeemt.org\/web\/wp-content\/uploads\/2025\/06\/IMG-20250529-WA0029.jpg\" ><img decoding=\"async\" src=\"https:\/\/www.aeemt.org\/web\/wp-content\/uploads\/2025\/06\/IMG-20250529-WA0029-640x334.jpg\" alt=\"\" class=\"\" \/><\/a>\r\n\t\t\t<div class=\"lighbox-description hidden\" id=\"lightbox-556317-description\">\r\n\t\t\t\t<strong>Grabaci\u00f3n. Webinar Reincorporaci\u00f3n laboral tras Incapacidad Permanente. Solo Socios de la AEEMT<\/strong><br>\r\n\t\t\t\t\r\n\t\t\t<\/div>\t\t\t\t<span class=\"format-icon icon-pencil\"><\/span>\n\n\t\t\t\n\t<\/figure> \n\t\n\n\t<div class=\"date\"><a href=\"https:\/\/www.aeemt.org\/web\/2025\/06\/18\/grabacion-webinar-reincorporacion-laboral-tras-incapacidad-permanente-solo-socios-de-la-aeemt\/\">18 de junio de 2025<\/a><\/div> \n\t<div class=\"text entry-content\">\n\n\t\t<!-- blog headline-->\n\t\t<h2 class=\"entry-title\"><a href=\"https:\/\/www.aeemt.org\/web\/2025\/06\/18\/grabacion-webinar-reincorporacion-laboral-tras-incapacidad-permanente-solo-socios-de-la-aeemt\/\" rel=\"bookmark\">Grabaci\u00f3n. Webinar Reincorporaci\u00f3n laboral tras Incapacidad Permanente. Solo Socios de la AEEMT<\/a><\/h2> \n\t\t\t\n\n\t\t<p>Este contenido est\u00e1 restringido a los miembros del sitio. Si eres un usuario existente, por favor, accede. Los nuevos usuarios pueden registrarse a continuaci\u00f3n.Acceso de usuarios existentesNombre de usuario o [&hellip;]<\/p>\n\n\t\t\t\t<!-- meta data -->\r\n\t\t<div class=\"post_data\">\r\n\r\n\t\t\t\r\n\t\t\t\t\t\t<!-- categories -->\r\n\t\t\t<span class=\"icon-flow-cascade categories\"><a href=\"https:\/\/www.aeemt.org\/web\/category\/comunicados-de-la-aeemt\/\" rel=\"category tag\">Comunicados de la AEEMT<\/a>, <a href=\"https:\/\/www.aeemt.org\/web\/category\/comunicados-de-la-junta-directiva\/\" rel=\"category tag\">Comunicados de la Junta Directiva<\/a>, <a href=\"https:\/\/www.aeemt.org\/web\/category\/comunicados-de-la-secretaria\/\" rel=\"category tag\">Comunicados de la Secretar\u00eda<\/a>, <a href=\"https:\/\/www.aeemt.org\/web\/category\/comunicados-del-presidente\/\" rel=\"category tag\">Comunicados del Presidente<\/a>, <a href=\"https:\/\/www.aeemt.org\/web\/category\/comunicados-para-asociados\/\" rel=\"category tag\">Comunicados para asociados<\/a>, <a href=\"https:\/\/www.aeemt.org\/web\/category\/eventos-de-interes\/\" rel=\"category tag\">Eventos de inter\u00e9s<\/a>, <a href=\"https:\/\/www.aeemt.org\/web\/category\/formacion\/\" rel=\"category tag\">Formaci\u00f3n<\/a>, <a href=\"https:\/\/www.aeemt.org\/web\/category\/noticias-de-medicina\/\" rel=\"category tag\">Noticias de Medicina<\/a><\/span>\r\n\t\t\t\r\n\t\t\t\r\n\t\t\t\r\n\t\t<\/div><!-- \/ end div  .post_data -->\r\n\t\n\t<\/div> \n\n<\/article> \n<!-- \/ blog box-->\n<\/div>\n<div class=\"col col-sm-3\">\n \n\n<!-- blog box-->\n<article class=\"loop post-71150 post type-post status-publish format-standard has-post-thumbnail hentry category-comunicados-de-la-aeemt category-comunicados-de-la-junta-directiva category-comunicados-de-la-secretaria category-comunicados-del-presidente category-comunicados-para-asociados category-noticias-de-medicina\" id=\"post-71150\">\n\t\t\n\t\n\t\n\t<figure class=\"featured_image featured_media\">\n\n\t\t\n\t\t\t\t<a id=\"lightbox-499029\" class=\"imgeffect zoom lightbox_ featured_image\" data-group=\"image_69972\" title=\"Enlarge Image\" data-title=\"Nuevos estatutos de la AEEMT. 28 de marzo de 2025\" data-sub-html=\"#lightbox-499029-description\" data-thumbnail=\"https:\/\/www.aeemt.org\/web\/wp-content\/uploads\/2024\/08\/cropped-Icono-aeemt-75x50.jpg\" data-thumbTooltip=\"\" data-scaleUp=\"\" data-href=\"\" data-width=\"\" data-height=\"\" data-flashHasPriority=\"\" data-poster=\"\" data-autoplay=\"\" data-audiotitle=\"\" data-html=\"\" href=\"https:\/\/www.aeemt.org\/web\/wp-content\/uploads\/2024\/08\/cropped-Icono-aeemt.jpg\" ><img decoding=\"async\" src=\"https:\/\/www.aeemt.org\/web\/wp-content\/uploads\/2024\/08\/cropped-Icono-aeemt.jpg\" alt=\"\" class=\"\" \/><\/a>\r\n\t\t\t<div class=\"lighbox-description hidden\" id=\"lightbox-499029-description\">\r\n\t\t\t\t<strong>Nuevos estatutos de la AEEMT. 28 de marzo de 2025<\/strong><br>\r\n\t\t\t\t\r\n\t\t\t<\/div>\t\t\t\t<span class=\"format-icon icon-pencil\"><\/span>\n\n\t\t\t\n\t<\/figure> \n\t\n\n\t<div class=\"date\"><a href=\"https:\/\/www.aeemt.org\/web\/2025\/05\/09\/nuevos-estatutos-de-la-aeemt-28-de-marzo-de-2025\/\">9 de mayo de 2025<\/a><\/div> \n\t<div class=\"text entry-content\">\n\n\t\t<!-- blog headline-->\n\t\t<h2 class=\"entry-title\"><a href=\"https:\/\/www.aeemt.org\/web\/2025\/05\/09\/nuevos-estatutos-de-la-aeemt-28-de-marzo-de-2025\/\" rel=\"bookmark\">Nuevos estatutos de la AEEMT. 28 de marzo de 2025<\/a><\/h2> \n\t\t\t\n\n\t\t<p>Este contenido est\u00e1 restringido a los miembros del sitio. Si eres un usuario existente, por favor, accede. Los nuevos usuarios pueden registrarse a continuaci\u00f3n.Acceso de usuarios existentesNombre de usuario o [&hellip;]<\/p>\n\n\t\t\t\t<!-- meta data -->\r\n\t\t<div class=\"post_data\">\r\n\r\n\t\t\t\r\n\t\t\t\t\t\t<!-- categories -->\r\n\t\t\t<span class=\"icon-flow-cascade categories\"><a href=\"https:\/\/www.aeemt.org\/web\/category\/comunicados-de-la-aeemt\/\" rel=\"category tag\">Comunicados de la AEEMT<\/a>, <a href=\"https:\/\/www.aeemt.org\/web\/category\/comunicados-de-la-junta-directiva\/\" rel=\"category tag\">Comunicados de la Junta Directiva<\/a>, <a href=\"https:\/\/www.aeemt.org\/web\/category\/comunicados-de-la-secretaria\/\" rel=\"category tag\">Comunicados de la Secretar\u00eda<\/a>, <a href=\"https:\/\/www.aeemt.org\/web\/category\/comunicados-del-presidente\/\" rel=\"category tag\">Comunicados del Presidente<\/a>, <a href=\"https:\/\/www.aeemt.org\/web\/category\/comunicados-para-asociados\/\" rel=\"category tag\">Comunicados para asociados<\/a>, <a href=\"https:\/\/www.aeemt.org\/web\/category\/noticias-de-medicina\/\" rel=\"category tag\">Noticias de Medicina<\/a><\/span>\r\n\t\t\t\r\n\t\t\t\r\n\t\t\t\r\n\t\t<\/div><!-- \/ end div  .post_data -->\r\n\t\n\t<\/div> \n\n<\/article> \n<!-- \/ blog box-->\n<\/div>\n<\/div>\n<div class=\"row clearfix\">\n<div class=\"col col-sm-3\">\n \n\n<!-- blog box-->\n<article class=\"loop post-70940 post type-post status-publish format-standard has-post-thumbnail hentry category-comunicados-de-la-aeemt category-comunicados-de-la-secretaria category-comunicados-del-presidente category-eventos-de-interes\" id=\"post-70940\">\n\t\t\n\t\n\t\n\t<figure class=\"featured_image featured_media\">\n\n\t\t\n\t\t\t\t<a id=\"lightbox-275097\" class=\"imgeffect zoom lightbox_ featured_image\" data-group=\"image_70934\" title=\"Enlarge Image\" data-title=\"Intercongreso AEEMT. SALUD MENTAL, SUE\u00d1O Y TRABAJO. 28 de marzo de 2025. Madrid\" data-sub-html=\"#lightbox-275097-description\" data-thumbnail=\"https:\/\/www.aeemt.org\/web\/wp-content\/uploads\/2025\/02\/Fondo-mas-texto-Inter-2025-75x50.jpg\" data-thumbTooltip=\"\" data-scaleUp=\"\" data-href=\"\" data-width=\"\" data-height=\"\" data-flashHasPriority=\"\" data-poster=\"\" data-autoplay=\"\" data-audiotitle=\"\" data-html=\"\" href=\"https:\/\/www.aeemt.org\/web\/wp-content\/uploads\/2025\/02\/Fondo-mas-texto-Inter-2025.jpg\" ><img decoding=\"async\" src=\"https:\/\/www.aeemt.org\/web\/wp-content\/uploads\/2025\/02\/Fondo-mas-texto-Inter-2025-640x360.jpg\" alt=\"\" class=\"\" \/><\/a>\r\n\t\t\t<div class=\"lighbox-description hidden\" id=\"lightbox-275097-description\">\r\n\t\t\t\t<strong>Intercongreso AEEMT. SALUD MENTAL, SUE\u00d1O Y TRABAJO. 28 de marzo de 2025. Madrid<\/strong><br>\r\n\t\t\t\t\r\n\t\t\t<\/div>\t\t\t\t<span class=\"format-icon icon-pencil\"><\/span>\n\n\t\t\t\n\t<\/figure> \n\t\n\n\t<div class=\"date\"><a href=\"https:\/\/www.aeemt.org\/web\/2025\/02\/04\/intercongreso-aeemt-salud-mental-sueno-y-trabajo-28-de-marzo-de-2025-madrid\/\">4 de febrero de 2025<\/a><\/div> \n\t<div class=\"text entry-content\">\n\n\t\t<!-- blog headline-->\n\t\t<h2 class=\"entry-title\"><a href=\"https:\/\/www.aeemt.org\/web\/2025\/02\/04\/intercongreso-aeemt-salud-mental-sueno-y-trabajo-28-de-marzo-de-2025-madrid\/\" rel=\"bookmark\">Intercongreso AEEMT. SALUD MENTAL, SUE\u00d1O Y TRABAJO. 28 de marzo de 2025. Madrid<\/a><\/h2> \n\t\t\t\n\n\t\t<p>[vc_row rt_row_background_width=\u00bbdefault\u00bb rt_row_style=\u00bbdefault-style\u00bb rt_row_borders=\u00bb\u00bb rt_row_paddings=\u00bbtrue\u00bb rt_bg_effect=\u00bbclassic\u00bb rt_bg_image_repeat=\u00bbrepeat\u00bb rt_bg_size=\u00bbcover\u00bb rt_bg_position=\u00bbright top\u00bb rt_bg_attachment=\u00bbscroll\u00bb rt_bg_video_format=\u00bbself-hosted\u00bb][vc_column rt_wrp_col_paddings=\u00bbfalse\u00bb rt_border_top=\u00bb\u00bb rt_border_bottom=\u00bb\u00bb rt_border_left=\u00bb\u00bb rt_border_right=\u00bb\u00bb rt_border_top_mobile=\u00bb\u00bb rt_border_bottom_mobile=\u00bb\u00bb rt_border_left_mobile=\u00bb\u00bb rt_border_right_mobile=\u00bb\u00bb rt_bg_image_repeat=\u00bbrepeat\u00bb rt_bg_size=\u00bbauto auto\u00bb rt_bg_position=\u00bbright top\u00bb rt_bg_attachment=\u00bbscroll\u00bb][vc_column_text css=\u00bb\u00bb] Organiza [\/vc_column_text][\/vc_column][\/vc_row][vc_row [&hellip;]<\/p>\n\n\t\t\t\t<!-- meta data -->\r\n\t\t<div class=\"post_data\">\r\n\r\n\t\t\t\r\n\t\t\t\t\t\t<!-- categories -->\r\n\t\t\t<span class=\"icon-flow-cascade categories\"><a href=\"https:\/\/www.aeemt.org\/web\/category\/comunicados-de-la-aeemt\/\" rel=\"category tag\">Comunicados de la AEEMT<\/a>, <a href=\"https:\/\/www.aeemt.org\/web\/category\/comunicados-de-la-secretaria\/\" rel=\"category tag\">Comunicados de la Secretar\u00eda<\/a>, <a href=\"https:\/\/www.aeemt.org\/web\/category\/comunicados-del-presidente\/\" rel=\"category tag\">Comunicados del Presidente<\/a>, <a href=\"https:\/\/www.aeemt.org\/web\/category\/eventos-de-interes\/\" rel=\"category tag\">Eventos de inter\u00e9s<\/a><\/span>\r\n\t\t\t\r\n\t\t\t\r\n\t\t\t\r\n\t\t<\/div><!-- \/ end div  .post_data -->\r\n\t\n\t<\/div> \n\n<\/article> \n<!-- \/ blog box-->\n<\/div>\n<div class=\"col col-sm-3\">\n \n\n<!-- blog box-->\n<article class=\"loop post-68499 post type-post status-publish format-standard hentry category-comunicados-de-la-aeemt category-comunicados-de-la-junta-directiva category-comunicados-de-la-secretaria category-comunicados-del-presidente category-comunicados-para-asociados\" id=\"post-68499\">\n\t\t\n\t\n\t\n\n\t<div class=\"date\"><a href=\"https:\/\/www.aeemt.org\/web\/2024\/02\/16\/candidatura-junta-directiva-aeemt-2024\/\">16 de febrero de 2024<\/a><\/div> \n\t<div class=\"text entry-content\">\n\n\t\t<!-- blog headline-->\n\t\t<h2 class=\"entry-title\"><a href=\"https:\/\/www.aeemt.org\/web\/2024\/02\/16\/candidatura-junta-directiva-aeemt-2024\/\" rel=\"bookmark\">Candidatura Junta Directiva AEEMT 2024<\/a><\/h2> \n\t\t\t\n\n\t\t<p>Estimados compa\u00f1eros de la AEEMT, a continuaci\u00f3n os presentamos la Candidatura que se presenta a las Elecciones a Junta Directiva de nuestra Asociaci\u00f3n, as\u00ed como el programa de la misma [&hellip;]<\/p>\n\n\t\t\t\t<!-- meta data -->\r\n\t\t<div class=\"post_data\">\r\n\r\n\t\t\t\r\n\t\t\t\t\t\t<!-- categories -->\r\n\t\t\t<span class=\"icon-flow-cascade categories\"><a href=\"https:\/\/www.aeemt.org\/web\/category\/comunicados-de-la-aeemt\/\" rel=\"category tag\">Comunicados de la AEEMT<\/a>, <a href=\"https:\/\/www.aeemt.org\/web\/category\/comunicados-de-la-junta-directiva\/\" rel=\"category tag\">Comunicados de la Junta Directiva<\/a>, <a href=\"https:\/\/www.aeemt.org\/web\/category\/comunicados-de-la-secretaria\/\" rel=\"category tag\">Comunicados de la Secretar\u00eda<\/a>, <a href=\"https:\/\/www.aeemt.org\/web\/category\/comunicados-del-presidente\/\" rel=\"category tag\">Comunicados del Presidente<\/a>, <a href=\"https:\/\/www.aeemt.org\/web\/category\/comunicados-para-asociados\/\" rel=\"category tag\">Comunicados para asociados<\/a><\/span>\r\n\t\t\t\r\n\t\t\t\r\n\t\t\t\r\n\t\t<\/div><!-- \/ end div  .post_data -->\r\n\t\n\t<\/div> \n\n<\/article> \n<!-- \/ blog box-->\n<\/div>\n<div class=\"col col-sm-3\">\n \n\n<!-- blog box-->\n<article class=\"loop post-68271 post type-post status-publish format-standard has-post-thumbnail hentry category-comunicados-de-la-aeemt category-comunicados-de-la-junta-directiva category-comunicados-del-presidente category-comunicados-para-asociados category-sin-categoria\" id=\"post-68271\">\n\t\t\n\t\n\t\n\t<figure class=\"featured_image featured_media\">\n\n\t\t\n\t\t\t\t<a id=\"lightbox-598826\" class=\"imgeffect zoom lightbox_ featured_image\" data-group=\"image_68276\" title=\"Enlarge Image\" data-title=\"Convocatoria Asamblea General Ordinaria de la AEEMT 2023\" data-sub-html=\"#lightbox-598826-description\" data-thumbnail=\"https:\/\/www.aeemt.org\/web\/wp-content\/uploads\/2023\/10\/Conv-Asamblea-ord-aeemt-2023-75x50.jpg\" data-thumbTooltip=\"\" data-scaleUp=\"\" data-href=\"\" data-width=\"\" data-height=\"\" data-flashHasPriority=\"\" data-poster=\"\" data-autoplay=\"\" data-audiotitle=\"\" data-html=\"\" href=\"https:\/\/www.aeemt.org\/web\/wp-content\/uploads\/2023\/10\/Conv-Asamblea-ord-aeemt-2023.jpg\" ><img decoding=\"async\" src=\"https:\/\/www.aeemt.org\/web\/wp-content\/uploads\/2023\/10\/Conv-Asamblea-ord-aeemt-2023.jpg\" alt=\"\" class=\"\" \/><\/a>\r\n\t\t\t<div class=\"lighbox-description hidden\" id=\"lightbox-598826-description\">\r\n\t\t\t\t<strong>Convocatoria Asamblea General Ordinaria de la AEEMT 2023<\/strong><br>\r\n\t\t\t\t\r\n\t\t\t<\/div>\t\t\t\t<span class=\"format-icon icon-pencil\"><\/span>\n\n\t\t\t\n\t<\/figure> \n\t\n\n\t<div class=\"date\"><a href=\"https:\/\/www.aeemt.org\/web\/2023\/10\/12\/convocatoria-asamblea-general-ordinaria-de-la-aeemt-2023\/\">12 de octubre de 2023<\/a><\/div> \n\t<div class=\"text entry-content\">\n\n\t\t<!-- blog headline-->\n\t\t<h2 class=\"entry-title\"><a href=\"https:\/\/www.aeemt.org\/web\/2023\/10\/12\/convocatoria-asamblea-general-ordinaria-de-la-aeemt-2023\/\" rel=\"bookmark\">Convocatoria Asamblea General Ordinaria de la AEEMT 2023<\/a><\/h2> \n\t\t\t\n\n\t\t<p>[vc_row rt_row_background_width=\u00bbdefault\u00bb rt_row_style=\u00bbdefault-style\u00bb rt_row_borders=\u00bb\u00bb rt_row_paddings=\u00bbtrue\u00bb rt_bg_effect=\u00bbclassic\u00bb rt_bg_image_repeat=\u00bbrepeat\u00bb rt_bg_size=\u00bbcover\u00bb rt_bg_position=\u00bbright top\u00bb rt_bg_attachment=\u00bbscroll\u00bb rt_bg_video_format=\u00bbself-hosted\u00bb][vc_column rt_wrp_col_paddings=\u00bbfalse\u00bb rt_border_top=\u00bb\u00bb rt_border_bottom=\u00bb\u00bb rt_border_left=\u00bb\u00bb rt_border_right=\u00bb\u00bb rt_border_top_mobile=\u00bb\u00bb rt_border_bottom_mobile=\u00bb\u00bb rt_border_left_mobile=\u00bb\u00bb rt_border_right_mobile=\u00bb\u00bb rt_bg_image_repeat=\u00bbrepeat\u00bb rt_bg_size=\u00bbauto auto\u00bb rt_bg_position=\u00bbright top\u00bb rt_bg_attachment=\u00bbscroll\u00bb][vc_column_text] Del: Presidente A: [&hellip;]<\/p>\n\n\t\t\t\t<!-- meta data -->\r\n\t\t<div class=\"post_data\">\r\n\r\n\t\t\t\r\n\t\t\t\t\t\t<!-- categories -->\r\n\t\t\t<span class=\"icon-flow-cascade categories\"><a href=\"https:\/\/www.aeemt.org\/web\/category\/comunicados-de-la-aeemt\/\" rel=\"category tag\">Comunicados de la AEEMT<\/a>, <a href=\"https:\/\/www.aeemt.org\/web\/category\/comunicados-de-la-junta-directiva\/\" rel=\"category tag\">Comunicados de la Junta Directiva<\/a>, <a href=\"https:\/\/www.aeemt.org\/web\/category\/comunicados-del-presidente\/\" rel=\"category tag\">Comunicados del Presidente<\/a>, <a href=\"https:\/\/www.aeemt.org\/web\/category\/comunicados-para-asociados\/\" rel=\"category tag\">Comunicados para asociados<\/a>, <a href=\"https:\/\/www.aeemt.org\/web\/category\/sin-categoria\/\" rel=\"category tag\">Sin categor\u00eda<\/a><\/span>\r\n\t\t\t\r\n\t\t\t\r\n\t\t\t\r\n\t\t<\/div><!-- \/ end div  .post_data -->\r\n\t\n\t<\/div> \n\n<\/article> \n<!-- \/ blog box-->\n<\/div>\n<div class=\"col col-sm-3\">\n \n\n<!-- blog box-->\n<article class=\"loop post-67069 post type-post status-publish format-standard has-post-thumbnail hentry category-comunicados-de-la-aeemt category-comunicados-del-presidente category-comunicados-para-asociados category-conferencias-y-congresos category-eventos-de-interes category-noticias-de-medicina\" id=\"post-67069\">\n\t\t\n\t\n\t\n\t<figure class=\"featured_image featured_media\">\n\n\t\t\n\t\t\t\t<a id=\"lightbox-271091\" class=\"imgeffect zoom lightbox_ featured_image\" data-group=\"image_66400\" title=\"Enlarge Image\" data-title=\"XI CEMET XII CEMET. Nota de prensa 21 de mayo 2022\" data-sub-html=\"#lightbox-271091-description\" data-thumbnail=\"https:\/\/www.aeemt.org\/web\/wp-content\/uploads\/2022\/01\/Banner-Cemet2022-1-75x50.jpg\" data-thumbTooltip=\"\" data-scaleUp=\"\" data-href=\"\" data-width=\"\" data-height=\"\" data-flashHasPriority=\"\" data-poster=\"\" data-autoplay=\"\" data-audiotitle=\"\" data-html=\"\" href=\"https:\/\/www.aeemt.org\/web\/wp-content\/uploads\/2022\/01\/Banner-Cemet2022-1.jpg\" ><img decoding=\"async\" src=\"https:\/\/www.aeemt.org\/web\/wp-content\/uploads\/2022\/01\/Banner-Cemet2022-1-640x107.jpg\" alt=\"\" class=\"\" \/><\/a>\r\n\t\t\t<div class=\"lighbox-description hidden\" id=\"lightbox-271091-description\">\r\n\t\t\t\t<strong>XI CEMET XII CEMET. Nota de prensa 21 de mayo 2022<\/strong><br>\r\n\t\t\t\t\r\n\t\t\t<\/div>\t\t\t\t<span class=\"format-icon icon-pencil\"><\/span>\n\n\t\t\t\n\t<\/figure> \n\t\n\n\t<div class=\"date\"><a href=\"https:\/\/www.aeemt.org\/web\/2022\/05\/21\/xi-cemet-xii-cemet-nota-de-prensa-20-de-mayo-2022-2\/\">21 de mayo de 2022<\/a><\/div> \n\t<div class=\"text entry-content\">\n\n\t\t<!-- blog headline-->\n\t\t<h2 class=\"entry-title\"><a href=\"https:\/\/www.aeemt.org\/web\/2022\/05\/21\/xi-cemet-xii-cemet-nota-de-prensa-20-de-mayo-2022-2\/\" rel=\"bookmark\">XI CEMET XII CEMET. Nota de prensa 21 de mayo 2022<\/a><\/h2> \n\t\t\t\n\n\t\t<p>[vc_row rt_row_background_width=\u00bbdefault\u00bb rt_row_style=\u00bbdefault-style\u00bb rt_row_borders=\u00bb\u00bb rt_row_paddings=\u00bbtrue\u00bb rt_bg_effect=\u00bbclassic\u00bb rt_bg_image_repeat=\u00bbrepeat\u00bb rt_bg_size=\u00bbcover\u00bb rt_bg_position=\u00bbright top\u00bb rt_bg_attachment=\u00bbscroll\u00bb rt_bg_video_format=\u00bbself-hosted\u00bb][vc_column rt_wrp_col_paddings=\u00bbfalse\u00bb rt_border_top=\u00bb\u00bb rt_border_bottom=\u00bb\u00bb rt_border_left=\u00bb\u00bb rt_border_right=\u00bb\u00bb rt_border_top_mobile=\u00bb\u00bb rt_border_bottom_mobile=\u00bb\u00bb rt_border_left_mobile=\u00bb\u00bb rt_border_right_mobile=\u00bb\u00bb rt_bg_image_repeat=\u00bbrepeat\u00bb rt_bg_size=\u00bbauto auto\u00bb rt_bg_position=\u00bbright top\u00bb rt_bg_attachment=\u00bbscroll\u00bb][vc_column_text] &nbsp; La salud [&hellip;]<\/p>\n\n\t\t\t\t<!-- meta data -->\r\n\t\t<div class=\"post_data\">\r\n\r\n\t\t\t\r\n\t\t\t\t\t\t<!-- categories -->\r\n\t\t\t<span class=\"icon-flow-cascade categories\"><a href=\"https:\/\/www.aeemt.org\/web\/category\/comunicados-de-la-aeemt\/\" rel=\"category tag\">Comunicados de la AEEMT<\/a>, <a href=\"https:\/\/www.aeemt.org\/web\/category\/comunicados-del-presidente\/\" rel=\"category tag\">Comunicados del Presidente<\/a>, <a href=\"https:\/\/www.aeemt.org\/web\/category\/comunicados-para-asociados\/\" rel=\"category tag\">Comunicados para asociados<\/a>, <a href=\"https:\/\/www.aeemt.org\/web\/category\/conferencias-y-congresos\/\" rel=\"category tag\">Conferencias y congresos<\/a>, <a href=\"https:\/\/www.aeemt.org\/web\/category\/eventos-de-interes\/\" rel=\"category tag\">Eventos de inter\u00e9s<\/a>, <a href=\"https:\/\/www.aeemt.org\/web\/category\/noticias-de-medicina\/\" rel=\"category tag\">Noticias de Medicina<\/a><\/span>\r\n\t\t\t\r\n\t\t\t\r\n\t\t\t\r\n\t\t<\/div><!-- \/ end div  .post_data -->\r\n\t\n\t<\/div> \n\n<\/article> \n<!-- \/ blog box-->\n<\/div>\n<\/div>\n<div class=\"row clearfix\">\n<div class=\"col col-sm-3\">\n \n\n<!-- blog box-->\n<article class=\"loop post-67065 post type-post status-publish format-standard has-post-thumbnail hentry category-comunicados-de-la-aeemt category-comunicados-del-presidente category-comunicados-para-asociados category-conferencias-y-congresos category-eventos-de-interes category-noticias-de-medicina\" id=\"post-67065\">\n\t\t\n\t\n\t\n\t<figure class=\"featured_image featured_media\">\n\n\t\t\n\t\t\t\t<a id=\"lightbox-407676\" class=\"imgeffect zoom lightbox_ featured_image\" data-group=\"image_66400\" title=\"Enlarge Image\" data-title=\"XI CEMET XII CEMET. Nota de prensa 20 de mayo 2022\" data-sub-html=\"#lightbox-407676-description\" data-thumbnail=\"https:\/\/www.aeemt.org\/web\/wp-content\/uploads\/2022\/01\/Banner-Cemet2022-1-75x50.jpg\" data-thumbTooltip=\"\" data-scaleUp=\"\" data-href=\"\" data-width=\"\" data-height=\"\" data-flashHasPriority=\"\" data-poster=\"\" data-autoplay=\"\" data-audiotitle=\"\" data-html=\"\" href=\"https:\/\/www.aeemt.org\/web\/wp-content\/uploads\/2022\/01\/Banner-Cemet2022-1.jpg\" ><img decoding=\"async\" src=\"https:\/\/www.aeemt.org\/web\/wp-content\/uploads\/2022\/01\/Banner-Cemet2022-1-640x107.jpg\" alt=\"\" class=\"\" \/><\/a>\r\n\t\t\t<div class=\"lighbox-description hidden\" id=\"lightbox-407676-description\">\r\n\t\t\t\t<strong>XI CEMET XII CEMET. Nota de prensa 20 de mayo 2022<\/strong><br>\r\n\t\t\t\t\r\n\t\t\t<\/div>\t\t\t\t<span class=\"format-icon icon-pencil\"><\/span>\n\n\t\t\t\n\t<\/figure> \n\t\n\n\t<div class=\"date\"><a href=\"https:\/\/www.aeemt.org\/web\/2022\/05\/20\/xi-cemet-xii-cemet-nota-de-prensa-20-de-mayo-2022\/\">20 de mayo de 2022<\/a><\/div> \n\t<div class=\"text entry-content\">\n\n\t\t<!-- blog headline-->\n\t\t<h2 class=\"entry-title\"><a href=\"https:\/\/www.aeemt.org\/web\/2022\/05\/20\/xi-cemet-xii-cemet-nota-de-prensa-20-de-mayo-2022\/\" rel=\"bookmark\">XI CEMET XII CEMET. Nota de prensa 20 de mayo 2022<\/a><\/h2> \n\t\t\t\n\n\t\t<p>[vc_row rt_row_background_width=\u00bbdefault\u00bb rt_row_style=\u00bbdefault-style\u00bb rt_row_borders=\u00bb\u00bb rt_row_paddings=\u00bbtrue\u00bb rt_bg_effect=\u00bbclassic\u00bb rt_bg_image_repeat=\u00bbrepeat\u00bb rt_bg_size=\u00bbcover\u00bb rt_bg_position=\u00bbright top\u00bb rt_bg_attachment=\u00bbscroll\u00bb rt_bg_video_format=\u00bbself-hosted\u00bb][vc_column rt_wrp_col_paddings=\u00bbfalse\u00bb rt_border_top=\u00bb\u00bb rt_border_bottom=\u00bb\u00bb rt_border_left=\u00bb\u00bb rt_border_right=\u00bb\u00bb rt_border_top_mobile=\u00bb\u00bb rt_border_bottom_mobile=\u00bb\u00bb rt_border_left_mobile=\u00bb\u00bb rt_border_right_mobile=\u00bb\u00bb rt_bg_image_repeat=\u00bbrepeat\u00bb rt_bg_size=\u00bbauto auto\u00bb rt_bg_position=\u00bbright top\u00bb rt_bg_attachment=\u00bbscroll\u00bb][vc_column_text] &nbsp; El I [&hellip;]<\/p>\n\n\t\t\t\t<!-- meta data -->\r\n\t\t<div class=\"post_data\">\r\n\r\n\t\t\t\r\n\t\t\t\t\t\t<!-- categories -->\r\n\t\t\t<span class=\"icon-flow-cascade categories\"><a href=\"https:\/\/www.aeemt.org\/web\/category\/comunicados-de-la-aeemt\/\" rel=\"category tag\">Comunicados de la AEEMT<\/a>, <a href=\"https:\/\/www.aeemt.org\/web\/category\/comunicados-del-presidente\/\" rel=\"category tag\">Comunicados del Presidente<\/a>, <a href=\"https:\/\/www.aeemt.org\/web\/category\/comunicados-para-asociados\/\" rel=\"category tag\">Comunicados para asociados<\/a>, <a href=\"https:\/\/www.aeemt.org\/web\/category\/conferencias-y-congresos\/\" rel=\"category tag\">Conferencias y congresos<\/a>, <a href=\"https:\/\/www.aeemt.org\/web\/category\/eventos-de-interes\/\" rel=\"category tag\">Eventos de inter\u00e9s<\/a>, <a href=\"https:\/\/www.aeemt.org\/web\/category\/noticias-de-medicina\/\" rel=\"category tag\">Noticias de Medicina<\/a><\/span>\r\n\t\t\t\r\n\t\t\t\r\n\t\t\t\r\n\t\t<\/div><!-- \/ end div  .post_data -->\r\n\t\n\t<\/div> \n\n<\/article> \n<!-- \/ blog box-->\n<\/div>\n<div class=\"col col-sm-3\">\n \n\n<!-- blog box-->\n<article class=\"loop post-67060 post type-post status-publish format-standard has-post-thumbnail hentry category-comunicados-de-la-aeemt category-comunicados-del-presidente category-comunicados-para-asociados category-conferencias-y-congresos category-eventos-de-interes category-noticias-de-medicina category-sin-categoria\" id=\"post-67060\">\n\t\t\n\t\n\t\n\t<figure class=\"featured_image featured_media\">\n\n\t\t\n\t\t\t\t<a id=\"lightbox-408563\" class=\"imgeffect zoom lightbox_ featured_image\" data-group=\"image_66400\" title=\"Enlarge Image\" data-title=\"XI CEMET XII CEMET. Nota de prensa 19 de mayo 2022\" data-sub-html=\"#lightbox-408563-description\" data-thumbnail=\"https:\/\/www.aeemt.org\/web\/wp-content\/uploads\/2022\/01\/Banner-Cemet2022-1-75x50.jpg\" data-thumbTooltip=\"\" data-scaleUp=\"\" data-href=\"\" data-width=\"\" data-height=\"\" data-flashHasPriority=\"\" data-poster=\"\" data-autoplay=\"\" data-audiotitle=\"\" data-html=\"\" href=\"https:\/\/www.aeemt.org\/web\/wp-content\/uploads\/2022\/01\/Banner-Cemet2022-1.jpg\" ><img decoding=\"async\" src=\"https:\/\/www.aeemt.org\/web\/wp-content\/uploads\/2022\/01\/Banner-Cemet2022-1-640x107.jpg\" alt=\"\" class=\"\" \/><\/a>\r\n\t\t\t<div class=\"lighbox-description hidden\" id=\"lightbox-408563-description\">\r\n\t\t\t\t<strong>XI CEMET XII CEMET. Nota de prensa 19 de mayo 2022<\/strong><br>\r\n\t\t\t\t\r\n\t\t\t<\/div>\t\t\t\t<span class=\"format-icon icon-pencil\"><\/span>\n\n\t\t\t\n\t<\/figure> \n\t\n\n\t<div class=\"date\"><a href=\"https:\/\/www.aeemt.org\/web\/2022\/05\/19\/xi-cemet-xii-cemet-nota-de-prensa-19-de-mayo-2022\/\">19 de mayo de 2022<\/a><\/div> \n\t<div class=\"text entry-content\">\n\n\t\t<!-- blog headline-->\n\t\t<h2 class=\"entry-title\"><a href=\"https:\/\/www.aeemt.org\/web\/2022\/05\/19\/xi-cemet-xii-cemet-nota-de-prensa-19-de-mayo-2022\/\" rel=\"bookmark\">XI CEMET XII CEMET. Nota de prensa 19 de mayo 2022<\/a><\/h2> \n\t\t\t\n\n\t\t<p>[vc_row rt_row_background_width=\u00bbdefault\u00bb rt_row_style=\u00bbdefault-style\u00bb rt_row_borders=\u00bb\u00bb rt_row_paddings=\u00bbtrue\u00bb rt_bg_effect=\u00bbclassic\u00bb rt_bg_image_repeat=\u00bbrepeat\u00bb rt_bg_size=\u00bbcover\u00bb rt_bg_position=\u00bbright top\u00bb rt_bg_attachment=\u00bbscroll\u00bb rt_bg_video_format=\u00bbself-hosted\u00bb][vc_column rt_wrp_col_paddings=\u00bbfalse\u00bb rt_border_top=\u00bb\u00bb rt_border_bottom=\u00bb\u00bb rt_border_left=\u00bb\u00bb rt_border_right=\u00bb\u00bb rt_border_top_mobile=\u00bb\u00bb rt_border_bottom_mobile=\u00bb\u00bb rt_border_left_mobile=\u00bb\u00bb rt_border_right_mobile=\u00bb\u00bb rt_bg_image_repeat=\u00bbrepeat\u00bb rt_bg_size=\u00bbauto auto\u00bb rt_bg_position=\u00bbright top\u00bb rt_bg_attachment=\u00bbscroll\u00bb][vc_column_text] &nbsp; &nbsp; El [&hellip;]<\/p>\n\n\t\t\t\t<!-- meta data -->\r\n\t\t<div class=\"post_data\">\r\n\r\n\t\t\t\r\n\t\t\t\t\t\t<!-- categories -->\r\n\t\t\t<span class=\"icon-flow-cascade categories\"><a href=\"https:\/\/www.aeemt.org\/web\/category\/comunicados-de-la-aeemt\/\" rel=\"category tag\">Comunicados de la AEEMT<\/a>, <a href=\"https:\/\/www.aeemt.org\/web\/category\/comunicados-del-presidente\/\" rel=\"category tag\">Comunicados del Presidente<\/a>, <a href=\"https:\/\/www.aeemt.org\/web\/category\/comunicados-para-asociados\/\" rel=\"category tag\">Comunicados para asociados<\/a>, <a href=\"https:\/\/www.aeemt.org\/web\/category\/conferencias-y-congresos\/\" rel=\"category tag\">Conferencias y congresos<\/a>, <a href=\"https:\/\/www.aeemt.org\/web\/category\/eventos-de-interes\/\" rel=\"category tag\">Eventos de inter\u00e9s<\/a>, <a href=\"https:\/\/www.aeemt.org\/web\/category\/noticias-de-medicina\/\" rel=\"category tag\">Noticias de Medicina<\/a>, <a href=\"https:\/\/www.aeemt.org\/web\/category\/sin-categoria\/\" rel=\"category tag\">Sin categor\u00eda<\/a><\/span>\r\n\t\t\t\r\n\t\t\t\r\n\t\t\t\r\n\t\t<\/div><!-- \/ end div  .post_data -->\r\n\t\n\t<\/div> \n\n<\/article> \n<!-- \/ blog box-->\n<\/div>\n<\/div>\n<\/div>\n<div class=\"paging_wrapper margin-t30 margin-b30\"><ul class='page-numbers'>\n\t<li><span aria-label=\"P\u00e1gina 1\" aria-current=\"page\" class=\"page-numbers current\">1<\/span><\/li>\n\t<li><a aria-label=\"P\u00e1gina 2\" class=\"page-numbers\" href=\"https:\/\/www.aeemt.org\/web\/wp-json\/wp\/v2\/pages\/3870\/page\/2\/\">2<\/a><\/li>\n\t<li><a aria-label=\"P\u00e1gina 3\" class=\"page-numbers\" href=\"https:\/\/www.aeemt.org\/web\/wp-json\/wp\/v2\/pages\/3870\/page\/3\/\">3<\/a><\/li>\n\t<li><a class=\"next page-numbers\" href=\"https:\/\/www.aeemt.org\/web\/wp-json\/wp\/v2\/pages\/3870\/page\/2\/\"><span class=\"icon-angle-right\"><\/span><\/a><\/li>\n<\/ul>\n<\/div>[\/vc_column][\/vc_row]<\/p>\n","protected":false},"excerpt":{"rendered":"<p>[vc_row rt_row_background_width=\u00bbdefault\u00bb rt_row_style=\u00bbdefault-style\u00bb rt_row_borders=\u00bb\u00bb rt_row_paddings=\u00bbtrue\u00bb rt_bg_effect=\u00bbclassic\u00bb rt_bg_image_repeat=\u00bbrepeat\u00bb rt_bg_size=\u00bbcover\u00bb rt_bg_position=\u00bbright top\u00bb rt_bg_attachment=\u00bbscroll\u00bb rt_bg_video_format=\u00bbself-hosted\u00bb][vc_column rt_wrp_col_paddings=\u00bbfalse\u00bb rt_border_top=\u00bb\u00bb rt_border_bottom=\u00bb\u00bb rt_border_left=\u00bb\u00bb rt_border_right=\u00bb\u00bb rt_border_top_mobile=\u00bb\u00bb rt_border_bottom_mobile=\u00bb\u00bb rt_border_left_mobile=\u00bb\u00bb rt_border_right_mobile=\u00bb\u00bb rt_bg_image_repeat=\u00bbrepeat\u00bb rt_bg_size=\u00bbauto auto\u00bb rt_bg_position=\u00bbright top\u00bb rt_bg_attachment=\u00bbscroll\u00bb][\/vc_column][\/vc_row]<\/p>\n","protected":false},"author":1,"featured_media":0,"parent":0,"menu_order":0,"comment_status":"closed","ping_status":"closed","template":"","meta":{"footnotes":""},"class_list":["post-3870","page","type-page","status-publish","hentry"],"_links":{"self":[{"href":"https:\/\/www.aeemt.org\/web\/wp-json\/wp\/v2\/pages\/3870"}],"collection":[{"href":"https:\/\/www.aeemt.org\/web\/wp-json\/wp\/v2\/pages"}],"about":[{"href":"https:\/\/www.aeemt.org\/web\/wp-json\/wp\/v2\/types\/page"}],"author":[{"embeddable":true,"href":"https:\/\/www.aeemt.org\/web\/wp-json\/wp\/v2\/users\/1"}],"replies":[{"embeddable":true,"href":"https:\/\/www.aeemt.org\/web\/wp-json\/wp\/v2\/comments?post=3870"}],"version-history":[{"count":0,"href":"https:\/\/www.aeemt.org\/web\/wp-json\/wp\/v2\/pages\/3870\/revisions"}],"wp:attachment":[{"href":"https:\/\/www.aeemt.org\/web\/wp-json\/wp\/v2\/media?parent=3870"}],"curies":[{"name":"wp","href":"https:\/\/api.w.org\/{rel}","templated":true}]}}