{"id":3344,"date":"2017-05-19T10:11:08","date_gmt":"2017-05-19T10:11:08","guid":{"rendered":"http:\/\/www.aeemt.com\/web\/?page_id=3344"},"modified":"2017-05-19T10:11:08","modified_gmt":"2017-05-19T10:11:08","slug":"comunicados-de-la-secretaria","status":"publish","type":"page","link":"https:\/\/www.aeemt.org\/web\/comunicados-de-la-secretaria\/","title":{"rendered":"Comunicados de la Secretar\u00eda"},"content":{"rendered":"<p>[vc_row rt_row_background_width=\u00bbdefault\u00bb rt_row_style=\u00bbdefault-style\u00bb rt_row_borders=\u00bb\u00bb rt_row_paddings=\u00bbtrue\u00bb rt_bg_effect=\u00bbclassic\u00bb rt_bg_image_repeat=\u00bbrepeat\u00bb rt_bg_size=\u00bbcover\u00bb rt_bg_position=\u00bbright top\u00bb rt_bg_attachment=\u00bbscroll\u00bb rt_bg_video_format=\u00bbself-hosted\u00bb][vc_column rt_wrp_col_paddings=\u00bbfalse\u00bb rt_border_top=\u00bb\u00bb rt_border_bottom=\u00bb\u00bb rt_border_left=\u00bb\u00bb rt_border_right=\u00bb\u00bb rt_border_top_mobile=\u00bb\u00bb rt_border_bottom_mobile=\u00bb\u00bb rt_border_left_mobile=\u00bb\u00bb rt_border_right_mobile=\u00bb\u00bb rt_bg_image_repeat=\u00bbrepeat\u00bb rt_bg_size=\u00bbauto auto\u00bb rt_bg_position=\u00bbright top\u00bb rt_bg_attachment=\u00bbscroll\u00bb]\n<div id=\"blog-dynamicID-478352\" class=\"blog_list clearfix border_grid fixed_heights\" data-column-width=\"4\">\n<div class=\"row clearfix\">\n<div class=\"col col-sm-3\">\n \n\n<!-- blog box-->\n<article class=\"loop post-67258 post type-post status-publish format-standard has-post-thumbnail hentry category-comunicados-para-asociados category-grupo-funcional-covid-persistente category-noticias-de-medicina\" id=\"post-67258\">\n\t\t\n\t\n\t\n\t<figure class=\"featured_image featured_media\">\n\n\t\t\n\t\t\t\t<a id=\"lightbox-531026\" class=\"imgeffect zoom lightbox_ featured_image\" data-group=\"image_67261\" title=\"Enlarge Image\" data-title=\"NOTA DE PRENSA Integraci\u00f3n de la Asociaci\u00f3n Espa\u00f1ola de Especialistas en Medicina del Trabajo en la Red Espa\u00f1ola de Investigaci\u00f3n en COVID Persistente\" data-sub-html=\"#lightbox-531026-description\" data-thumbnail=\"https:\/\/www.aeemt.org\/web\/wp-content\/uploads\/2022\/10\/Imagen-Guia-clinica-ayencion-paciente-long-covid-75x50.png\" data-thumbTooltip=\"\" data-scaleUp=\"\" data-href=\"\" data-width=\"\" data-height=\"\" data-flashHasPriority=\"\" data-poster=\"\" data-autoplay=\"\" data-audiotitle=\"\" data-html=\"\" href=\"https:\/\/www.aeemt.org\/web\/wp-content\/uploads\/2022\/10\/Imagen-Guia-clinica-ayencion-paciente-long-covid.png\" ><img decoding=\"async\" src=\"https:\/\/www.aeemt.org\/web\/wp-content\/uploads\/2022\/10\/Imagen-Guia-clinica-ayencion-paciente-long-covid-640x546.png\" alt=\"\" class=\"\" \/><\/a>\r\n\t\t\t<div class=\"lighbox-description hidden\" id=\"lightbox-531026-description\">\r\n\t\t\t\t<strong>NOTA DE PRENSA Integraci\u00f3n de la Asociaci\u00f3n Espa\u00f1ola de Especialistas en Medicina del Trabajo en la Red Espa\u00f1ola de Investigaci\u00f3n en COVID Persistente<\/strong><br>\r\n\t\t\t\t\r\n\t\t\t<\/div>\t\t\t\t<span class=\"format-icon icon-pencil\"><\/span>\n\n\t\t\t\n\t<\/figure> \n\t\n\n\t<div class=\"date\"><a href=\"https:\/\/www.aeemt.org\/web\/2022\/10\/10\/nota-de-prensa-integracion-de-la-asociacion-espanola-de-especialistas-en-medicina-del-trabajo-en-la-red-espanola-de-investigacion-en-covid-persistente\/\">10 de octubre de 2022<\/a><\/div> \n\t<div class=\"text entry-content\">\n\n\t\t<!-- blog headline-->\n\t\t<h2 class=\"entry-title\"><a href=\"https:\/\/www.aeemt.org\/web\/2022\/10\/10\/nota-de-prensa-integracion-de-la-asociacion-espanola-de-especialistas-en-medicina-del-trabajo-en-la-red-espanola-de-investigacion-en-covid-persistente\/\" rel=\"bookmark\">NOTA DE PRENSA Integraci\u00f3n de la Asociaci\u00f3n Espa\u00f1ola de Especialistas en Medicina del Trabajo en la Red Espa\u00f1ola de Investigaci\u00f3n en COVID Persistente<\/a><\/h2> \n\t\t\t\n\n\t\t<p>[vc_row rt_row_background_width=\u00bbdefault\u00bb rt_row_style=\u00bbdefault-style\u00bb rt_row_borders=\u00bb\u00bb rt_row_paddings=\u00bbtrue\u00bb rt_bg_effect=\u00bbclassic\u00bb rt_bg_image_repeat=\u00bbrepeat\u00bb rt_bg_size=\u00bbcover\u00bb rt_bg_position=\u00bbright top\u00bb rt_bg_attachment=\u00bbscroll\u00bb rt_bg_video_format=\u00bbself-hosted\u00bb][vc_column rt_wrp_col_paddings=\u00bbfalse\u00bb rt_border_top=\u00bb\u00bb rt_border_bottom=\u00bb\u00bb rt_border_left=\u00bb\u00bb rt_border_right=\u00bb\u00bb rt_border_top_mobile=\u00bb\u00bb rt_border_bottom_mobile=\u00bb\u00bb rt_border_left_mobile=\u00bb\u00bb rt_border_right_mobile=\u00bb\u00bb rt_bg_image_repeat=\u00bbrepeat\u00bb rt_bg_size=\u00bbauto auto\u00bb rt_bg_position=\u00bbright top\u00bb rt_bg_attachment=\u00bbscroll\u00bb][vc_column_text]Comunicado AEEMT. La\u00a0Asociaci\u00f3n Espa\u00f1ola [&hellip;]<\/p>\n\n\t\t\t\t<!-- meta data -->\r\n\t\t<div class=\"post_data\">\r\n\r\n\t\t\t\r\n\t\t\t\t\t\t<!-- categories -->\r\n\t\t\t<span class=\"icon-flow-cascade categories\"><a href=\"https:\/\/www.aeemt.org\/web\/category\/comunicados-para-asociados\/\" rel=\"category tag\">Comunicados para asociados<\/a>, <a href=\"https:\/\/www.aeemt.org\/web\/category\/grupo-funcional-covid-persistente\/\" rel=\"category tag\">Grupo Funcional. Covid Persistente<\/a>, <a href=\"https:\/\/www.aeemt.org\/web\/category\/noticias-de-medicina\/\" rel=\"category tag\">Noticias de Medicina<\/a><\/span>\r\n\t\t\t\r\n\t\t\t\r\n\t\t\t\r\n\t\t<\/div><!-- \/ end div  .post_data -->\r\n\t\n\t<\/div> \n\n<\/article> \n<!-- \/ blog box-->\n<\/div>\n<div class=\"col col-sm-3\">\n \n\n<!-- blog box-->\n<article class=\"loop post-50873 post type-post status-publish format-standard has-post-thumbnail hentry category-comunicados-para-asociados category-grupo-funcional-covid-persistente category-noticias-de-medicina\" id=\"post-50873\">\n\t\t\n\t\n\t\n\t<figure class=\"featured_image featured_media\">\n\n\t\t\n\t\t\t\t<a id=\"lightbox-717319\" class=\"imgeffect zoom lightbox_ featured_image\" data-group=\"image_50874\" title=\"Enlarge Image\" data-title=\"DOCUMENTO S\u00cdNDROME POST-COVID-19 o COVID PERSISTENTE Y RETORNO AL TRABAJO\" data-sub-html=\"#lightbox-717319-description\" data-thumbnail=\"https:\/\/www.aeemt.org\/web\/wp-content\/uploads\/2021\/09\/Portada-Documento-Covid-persistente-retorno-trabajo-75x50.jpg\" data-thumbTooltip=\"\" data-scaleUp=\"\" data-href=\"\" data-width=\"\" data-height=\"\" data-flashHasPriority=\"\" data-poster=\"\" data-autoplay=\"\" data-audiotitle=\"\" data-html=\"\" href=\"https:\/\/www.aeemt.org\/web\/wp-content\/uploads\/2021\/09\/Portada-Documento-Covid-persistente-retorno-trabajo.jpg\" ><img decoding=\"async\" src=\"https:\/\/www.aeemt.org\/web\/wp-content\/uploads\/2021\/09\/Portada-Documento-Covid-persistente-retorno-trabajo.jpg\" alt=\"\" class=\"\" \/><\/a>\r\n\t\t\t<div class=\"lighbox-description hidden\" id=\"lightbox-717319-description\">\r\n\t\t\t\t<strong>DOCUMENTO S\u00cdNDROME POST-COVID-19 o COVID PERSISTENTE Y RETORNO AL TRABAJO<\/strong><br>\r\n\t\t\t\t\r\n\t\t\t<\/div>\t\t\t\t<span class=\"format-icon icon-pencil\"><\/span>\n\n\t\t\t\n\t<\/figure> \n\t\n\n\t<div class=\"date\"><a href=\"https:\/\/www.aeemt.org\/web\/2021\/09\/27\/documento-sindrome-covid-persistente-y-retorno-al-trabajo\/\">27 de septiembre de 2021<\/a><\/div> \n\t<div class=\"text entry-content\">\n\n\t\t<!-- blog headline-->\n\t\t<h2 class=\"entry-title\"><a href=\"https:\/\/www.aeemt.org\/web\/2021\/09\/27\/documento-sindrome-covid-persistente-y-retorno-al-trabajo\/\" rel=\"bookmark\">DOCUMENTO S\u00cdNDROME POST-COVID-19 o COVID PERSISTENTE Y RETORNO AL TRABAJO<\/a><\/h2> \n\t\t\t\n\n\t\t<p>DOCUMENTO S\u00cdNDROME POST-COVID-19 o COVID PERSISTENTE Y RETORNO AL TRABAJO Documento\u00a0elaborado por el grupo de trabajo Covid Persistente\u00a0AEEMT(Asociaci\u00f3n Espa\u00f1ola de Especialistas en Medicina del Trabajo) Objetivo y objeto del documento [&hellip;]<\/p>\n\n\t\t\t\t<!-- meta data -->\r\n\t\t<div class=\"post_data\">\r\n\r\n\t\t\t\r\n\t\t\t\t\t\t<!-- categories -->\r\n\t\t\t<span class=\"icon-flow-cascade categories\"><a href=\"https:\/\/www.aeemt.org\/web\/category\/comunicados-para-asociados\/\" rel=\"category tag\">Comunicados para asociados<\/a>, <a href=\"https:\/\/www.aeemt.org\/web\/category\/grupo-funcional-covid-persistente\/\" rel=\"category tag\">Grupo Funcional. Covid Persistente<\/a>, <a href=\"https:\/\/www.aeemt.org\/web\/category\/noticias-de-medicina\/\" rel=\"category tag\">Noticias de Medicina<\/a><\/span>\r\n\t\t\t\r\n\t\t\t\r\n\t\t\t\r\n\t\t<\/div><!-- \/ end div  .post_data -->\r\n\t\n\t<\/div> \n\n<\/article> \n<!-- \/ blog box-->\n<\/div>\n<\/div>\n<\/div>\n<div class=\"paging_wrapper margin-t30 margin-b30\"><\/div>[\/vc_column][\/vc_row]<\/p>\n","protected":false},"excerpt":{"rendered":"<p>[vc_row rt_row_background_width=\u00bbdefault\u00bb rt_row_style=\u00bbdefault-style\u00bb rt_row_borders=\u00bb\u00bb rt_row_paddings=\u00bbtrue\u00bb rt_bg_effect=\u00bbclassic\u00bb rt_bg_image_repeat=\u00bbrepeat\u00bb rt_bg_size=\u00bbcover\u00bb rt_bg_position=\u00bbright top\u00bb rt_bg_attachment=\u00bbscroll\u00bb rt_bg_video_format=\u00bbself-hosted\u00bb][vc_column rt_wrp_col_paddings=\u00bbfalse\u00bb rt_border_top=\u00bb\u00bb rt_border_bottom=\u00bb\u00bb rt_border_left=\u00bb\u00bb rt_border_right=\u00bb\u00bb rt_border_top_mobile=\u00bb\u00bb rt_border_bottom_mobile=\u00bb\u00bb rt_border_left_mobile=\u00bb\u00bb rt_border_right_mobile=\u00bb\u00bb rt_bg_image_repeat=\u00bbrepeat\u00bb rt_bg_size=\u00bbauto auto\u00bb rt_bg_position=\u00bbright top\u00bb rt_bg_attachment=\u00bbscroll\u00bb][\/vc_column][\/vc_row]<\/p>\n","protected":false},"author":1,"featured_media":0,"parent":0,"menu_order":0,"comment_status":"closed","ping_status":"closed","template":"","meta":{"footnotes":""},"class_list":["post-3344","page","type-page","status-publish","hentry"],"_links":{"self":[{"href":"https:\/\/www.aeemt.org\/web\/wp-json\/wp\/v2\/pages\/3344"}],"collection":[{"href":"https:\/\/www.aeemt.org\/web\/wp-json\/wp\/v2\/pages"}],"about":[{"href":"https:\/\/www.aeemt.org\/web\/wp-json\/wp\/v2\/types\/page"}],"author":[{"embeddable":true,"href":"https:\/\/www.aeemt.org\/web\/wp-json\/wp\/v2\/users\/1"}],"replies":[{"embeddable":true,"href":"https:\/\/www.aeemt.org\/web\/wp-json\/wp\/v2\/comments?post=3344"}],"version-history":[{"count":0,"href":"https:\/\/www.aeemt.org\/web\/wp-json\/wp\/v2\/pages\/3344\/revisions"}],"wp:attachment":[{"href":"https:\/\/www.aeemt.org\/web\/wp-json\/wp\/v2\/media?parent=3344"}],"curies":[{"name":"wp","href":"https:\/\/api.w.org\/{rel}","templated":true}]}}