{"id":2757,"date":"2015-02-02T04:19:58","date_gmt":"2015-02-02T04:19:58","guid":{"rendered":"http:\/\/rttheme19.rtthemes.com\/?page_id=5"},"modified":"2015-02-02T04:19:58","modified_gmt":"2015-02-02T04:19:58","slug":"noticias-2","status":"publish","type":"page","link":"https:\/\/www.aeemt.org\/web\/noticias-2\/","title":{"rendered":"Noticias"},"content":{"rendered":"<p>[vc_row rt_row_background_width=\u00bbdefault\u00bb rt_row_style=\u00bbdefault-style\u00bb rt_row_borders=\u00bb\u00bb rt_row_paddings=\u00bbtrue\u00bb rt_bg_effect=\u00bbclassic\u00bb rt_bg_image_repeat=\u00bbrepeat\u00bb rt_bg_size=\u00bbcover\u00bb rt_bg_position=\u00bbright top\u00bb rt_bg_attachment=\u00bbscroll\u00bb rt_bg_video_format=\u00bbself-hosted\u00bb][vc_column rt_wrp_col_paddings=\u00bbfalse\u00bb rt_border_top=\u00bb\u00bb rt_border_bottom=\u00bb\u00bb rt_border_left=\u00bb\u00bb rt_border_right=\u00bb\u00bb rt_border_top_mobile=\u00bb\u00bb rt_border_bottom_mobile=\u00bb\u00bb rt_border_left_mobile=\u00bb\u00bb rt_border_right_mobile=\u00bb\u00bb rt_bg_image_repeat=\u00bbrepeat\u00bb rt_bg_size=\u00bbauto auto\u00bb rt_bg_position=\u00bbright top\u00bb rt_bg_attachment=\u00bbscroll\u00bb]<div class=\"rt_heading_wrapper \">\n\t\t\t\t\t\t<h2 class=\"rt_heading  \" >Noticias de la AEEMT, medicina, congresos, legislaci\u00f3n, etc<\/h2>\n\t\t\t\t\t<\/div>[\/vc_column][\/vc_row][vc_row rt_row_background_width=\u00bbdefault\u00bb rt_row_style=\u00bbdefault-style\u00bb rt_row_borders=\u00bb\u00bb rt_row_paddings=\u00bbtrue\u00bb rt_bg_effect=\u00bbclassic\u00bb rt_bg_image_repeat=\u00bbrepeat\u00bb rt_bg_size=\u00bbcover\u00bb rt_bg_position=\u00bbright top\u00bb rt_bg_attachment=\u00bbscroll\u00bb rt_bg_video_format=\u00bbself-hosted\u00bb][vc_column rt_wrp_col_paddings=\u00bbfalse\u00bb rt_border_top=\u00bb\u00bb rt_border_bottom=\u00bb\u00bb rt_border_left=\u00bb\u00bb rt_border_right=\u00bb\u00bb rt_border_top_mobile=\u00bb\u00bb rt_border_bottom_mobile=\u00bb\u00bb rt_border_left_mobile=\u00bb\u00bb rt_border_right_mobile=\u00bb\u00bb rt_bg_image_repeat=\u00bbrepeat\u00bb rt_bg_size=\u00bbauto auto\u00bb rt_bg_position=\u00bbright top\u00bb rt_bg_attachment=\u00bbscroll\u00bb][vc_column_text]En este apartado tanto los asociados como los visitantes de nuestra web podr\u00e1n encontrar noticias relacionadas con el mundo de la medicina en general y de\u00a0la especialidad de Medicina del Trabajo en particular.<\/p>\n<p>Nuestros asociados dispondr\u00e1n tambi\u00e9n de noticias exclusivas, comunicados, etc. Podr\u00e1n acceder por esta secci\u00f3n y en la Zona reservada para socios.<\/p>\n<p>Las secciones en las que hemos dividido este apartado son las siguientes.<\/p>\n<ul>\n<li>Comunicados de la AEEMT<\/li>\n<li>Comunicados para asociados<\/li>\n<li>Conferencias y congresos<\/li>\n<li>Eventos de inter\u00e9s<\/li>\n<li>Normativa y Legislaci\u00f3n<\/li>\n<li>Noticias de Medicina<\/li>\n<li>Redes sociales<\/li>\n<\/ul>\n<p>A continuaci\u00f3n podr\u00e1n ver las ultimas noticias de todos los apartados.[\/vc_column_text][\/vc_column][\/vc_row][vc_row rt_row_background_width=\u00bbfullwidth\u00bb rt_row_content_width=\u00bbdefault\u00bb rt_row_style=\u00bbdefault-style\u00bb rt_row_borders=\u00bb\u00bb rt_overlap=\u00bbtrue\u00bb rt_row_paddings=\u00bbtrue\u00bb rt_bg_effect=\u00bbclassic\u00bb rt_bg_image_repeat=\u00bbrepeat\u00bb rt_bg_size=\u00bbcover\u00bb rt_bg_position=\u00bbright top\u00bb rt_bg_attachment=\u00bbscroll\u00bb rt_bg_video_format=\u00bbself-hosted\u00bb][vc_column rt_wrp_col_paddings=\u00bbfalse\u00bb rt_border_top=\u00bb\u00bb rt_border_bottom=\u00bb\u00bb rt_border_left=\u00bb\u00bb rt_border_right=\u00bb\u00bb rt_border_top_mobile=\u00bb\u00bb rt_border_bottom_mobile=\u00bb\u00bb rt_border_left_mobile=\u00bb\u00bb rt_border_right_mobile=\u00bb\u00bb rt_bg_image_repeat=\u00bbrepeat\u00bb rt_bg_size=\u00bbauto auto\u00bb rt_bg_position=\u00bbright top\u00bb rt_bg_attachment=\u00bbscroll\u00bb]\n<div id=\"blog-dynamicID-695038\" class=\"blog_list clearfix masonry\" data-column-width=\"2\">\n<div class=\"col col-sm-6 isotope-item\">\n \n\n<!-- blog box-->\n<article class=\"loop post-74751 post type-post status-publish format-standard has-post-thumbnail hentry category-comunicados-de-la-aeemt category-comunicados-de-la-junta-directiva category-comunicados-de-la-secretaria category-comunicados-para-asociados category-grupo-funcional-guias-y-protocolos category-noticias-de-medicina\" id=\"post-74751\">\n\t\t\n\t\n\t\n\t<figure class=\"featured_image featured_media\">\n\n\t\t\n\t\t\t\t<a id=\"lightbox-894180\" class=\"imgeffect zoom lightbox_ featured_image\" data-group=\"image_74753\" title=\"Enlarge Image\" data-title=\"Protocolo de Vigilancia Sanitaria Espec\u00edfica de Personas Trabajadoras Expuestas a Rad\u00f3n. 2026.\" data-sub-html=\"#lightbox-894180-description\" data-thumbnail=\"https:\/\/www.aeemt.org\/web\/wp-content\/uploads\/2026\/08\/banner-16-9-protocolo-radon-2026-75x50.png\" data-thumbTooltip=\"\" data-scaleUp=\"\" data-href=\"\" data-width=\"\" data-height=\"\" data-flashHasPriority=\"\" data-poster=\"\" data-autoplay=\"\" data-audiotitle=\"\" data-html=\"\" href=\"https:\/\/www.aeemt.org\/web\/wp-content\/uploads\/2026\/08\/banner-16-9-protocolo-radon-2026.png\" ><img decoding=\"async\" src=\"https:\/\/www.aeemt.org\/web\/wp-content\/uploads\/2026\/08\/banner-16-9-protocolo-radon-2026-640x357.png\" alt=\"\" class=\"\" \/><\/a>\r\n\t\t\t<div class=\"lighbox-description hidden\" id=\"lightbox-894180-description\">\r\n\t\t\t\t<strong>Protocolo de Vigilancia Sanitaria Espec\u00edfica de Personas Trabajadoras Expuestas a Rad\u00f3n. 2026.<\/strong><br>\r\n\t\t\t\t\r\n\t\t\t<\/div>\t\t\t\t<span class=\"format-icon icon-pencil\"><\/span>\n\n\t\t\t\n\t<\/figure> \n\t\n\n\t<div class=\"date\"><a href=\"https:\/\/www.aeemt.org\/web\/2026\/08\/07\/protocolo-de-vigilancia-sanitaria-especifica-de-personas-trabajadoras-expuestas-a-radon-2026\/\">7 de agosto de 2026<\/a><\/div> \n\t<div class=\"text entry-content\">\n\n\t\t<!-- blog headline-->\n\t\t<h2 class=\"entry-title\"><a href=\"https:\/\/www.aeemt.org\/web\/2026\/08\/07\/protocolo-de-vigilancia-sanitaria-especifica-de-personas-trabajadoras-expuestas-a-radon-2026\/\" rel=\"bookmark\">Protocolo de Vigilancia Sanitaria Espec\u00edfica de Personas Trabajadoras Expuestas a Rad\u00f3n. 2026.<\/a><\/h2> \n\t\t\t\n\n\t\t<p>[vc_row rt_row_background_width=\u00bbdefault\u00bb rt_row_style=\u00bbdefault-style\u00bb rt_column_placement=\u00bbmiddle\u00bb rt_row_borders=\u00bb\u00bb rt_row_paddings=\u00bbtrue\u00bb rt_bg_effect=\u00bbclassic\u00bb rt_bg_image_repeat=\u00bbrepeat\u00bb rt_bg_size=\u00bbcover\u00bb rt_bg_position=\u00bbright top\u00bb rt_bg_attachment=\u00bbscroll\u00bb rt_bg_video_format=\u00bbself-hosted\u00bb][vc_column width=\u00bb1\/3&#8243; rt_wrp_col_paddings=\u00bbfalse\u00bb rt_border_top=\u00bb\u00bb rt_border_bottom=\u00bb\u00bb rt_border_left=\u00bb\u00bb rt_border_right=\u00bb\u00bb rt_border_top_mobile=\u00bb\u00bb rt_border_bottom_mobile=\u00bb\u00bb rt_border_left_mobile=\u00bb\u00bb rt_border_right_mobile=\u00bb\u00bb rt_bg_image_repeat=\u00bbrepeat\u00bb rt_bg_size=\u00bbauto auto\u00bb rt_bg_position=\u00bbright top\u00bb rt_bg_attachment=\u00bbscroll\u00bb][vc_column_text css=\u00bb\u00bb] [&hellip;]<\/p>\n\n\t\t\t\t<!-- meta data -->\r\n\t\t<div class=\"post_data\">\r\n\r\n\t\t\t\r\n\t\t\t\t\t\t<!-- categories -->\r\n\t\t\t<span class=\"icon-flow-cascade categories\"><a href=\"https:\/\/www.aeemt.org\/web\/category\/comunicados-de-la-aeemt\/\" rel=\"category tag\">Comunicados de la AEEMT<\/a>, <a href=\"https:\/\/www.aeemt.org\/web\/category\/comunicados-de-la-junta-directiva\/\" rel=\"category tag\">Comunicados de la Junta Directiva<\/a>, <a href=\"https:\/\/www.aeemt.org\/web\/category\/comunicados-de-la-secretaria\/\" rel=\"category tag\">Comunicados de la Secretar\u00eda<\/a>, <a href=\"https:\/\/www.aeemt.org\/web\/category\/comunicados-para-asociados\/\" rel=\"category tag\">Comunicados para asociados<\/a>, <a href=\"https:\/\/www.aeemt.org\/web\/category\/grupo-funcional-guias-y-protocolos\/\" rel=\"category tag\">Grupo Funcional. Guias y Protocolos<\/a>, <a href=\"https:\/\/www.aeemt.org\/web\/category\/noticias-de-medicina\/\" rel=\"category tag\">Noticias de Medicina<\/a><\/span>\r\n\t\t\t\r\n\t\t\t\r\n\t\t\t\r\n\t\t<\/div><!-- \/ end div  .post_data -->\r\n\t\n\t<\/div> \n\n<\/article> \n<!-- \/ blog box-->\n<\/div>\n<div class=\"col col-sm-6 isotope-item\">\n \n\n<!-- blog box-->\n<article class=\"loop post-74697 post type-post status-publish format-standard has-post-thumbnail hentry category-comunicados-de-la-aeemt category-comunicados-de-la-junta-directiva category-comunicados-de-la-secretaria category-comunicados-del-presidente category-comunicados-para-asociados category-conferencias-y-congresos category-formacion category-nl-innovacion category-noticias-de-medicina\" id=\"post-74697\">\n\t\t\n\t\n\t\n\t<figure class=\"featured_image featured_media\">\n\n\t\t\n\t\t\t\t<a id=\"lightbox-556141\" class=\"imgeffect zoom lightbox_ featured_image\" data-group=\"image_74706\" title=\"Enlarge Image\" data-title=\"V\u00eddeos y presentaciones. Aplicaci\u00f3n pr\u00e1ctica de la IA en Medicina del Trabajo. (4 sesiones) 2026\" data-sub-html=\"#lightbox-556141-description\" data-thumbnail=\"https:\/\/www.aeemt.org\/web\/wp-content\/uploads\/2026\/07\/Imagen-web-de-cursos-de-IA-75x50.png\" data-thumbTooltip=\"\" data-scaleUp=\"\" data-href=\"\" data-width=\"\" data-height=\"\" data-flashHasPriority=\"\" data-poster=\"\" data-autoplay=\"\" data-audiotitle=\"\" data-html=\"\" href=\"https:\/\/www.aeemt.org\/web\/wp-content\/uploads\/2026\/07\/Imagen-web-de-cursos-de-IA.png\" ><img decoding=\"async\" src=\"https:\/\/www.aeemt.org\/web\/wp-content\/uploads\/2026\/07\/Imagen-web-de-cursos-de-IA-640x357.png\" alt=\"\" class=\"\" \/><\/a>\r\n\t\t\t<div class=\"lighbox-description hidden\" id=\"lightbox-556141-description\">\r\n\t\t\t\t<strong>V\u00eddeos y presentaciones. Aplicaci\u00f3n pr\u00e1ctica de la IA en Medicina del Trabajo. (4 sesiones) 2026<\/strong><br>\r\n\t\t\t\t\r\n\t\t\t<\/div>\t\t\t\t<span class=\"format-icon icon-pencil\"><\/span>\n\n\t\t\t\n\t<\/figure> \n\t\n\n\t<div class=\"date\"><a href=\"https:\/\/www.aeemt.org\/web\/2026\/07\/10\/videos-y-presentaciones-4-sesiones-aplicacion-practica-de-la-ia-en-medicina-del-trabajo-2026\/\">10 de julio de 2026<\/a><\/div> \n\t<div class=\"text entry-content\">\n\n\t\t<!-- blog headline-->\n\t\t<h2 class=\"entry-title\"><a href=\"https:\/\/www.aeemt.org\/web\/2026\/07\/10\/videos-y-presentaciones-4-sesiones-aplicacion-practica-de-la-ia-en-medicina-del-trabajo-2026\/\" rel=\"bookmark\">V\u00eddeos y presentaciones. Aplicaci\u00f3n pr\u00e1ctica de la IA en Medicina del Trabajo. (4 sesiones) 2026<\/a><\/h2> \n\t\t\t\n\n\t\t<p>Este contenido est\u00e1 restringido a los miembros del sitio. Si eres un usuario existente, por favor, accede. Los nuevos usuarios pueden registrarse a continuaci\u00f3n.Acceso de usuarios existentesNombre de usuario o [&hellip;]<\/p>\n\n\t\t\t\t<!-- meta data -->\r\n\t\t<div class=\"post_data\">\r\n\r\n\t\t\t\r\n\t\t\t\t\t\t<!-- categories -->\r\n\t\t\t<span class=\"icon-flow-cascade categories\"><a href=\"https:\/\/www.aeemt.org\/web\/category\/comunicados-de-la-aeemt\/\" rel=\"category tag\">Comunicados de la AEEMT<\/a>, <a href=\"https:\/\/www.aeemt.org\/web\/category\/comunicados-de-la-junta-directiva\/\" rel=\"category tag\">Comunicados de la Junta Directiva<\/a>, <a href=\"https:\/\/www.aeemt.org\/web\/category\/comunicados-de-la-secretaria\/\" rel=\"category tag\">Comunicados de la Secretar\u00eda<\/a>, <a href=\"https:\/\/www.aeemt.org\/web\/category\/comunicados-del-presidente\/\" rel=\"category tag\">Comunicados del Presidente<\/a>, <a href=\"https:\/\/www.aeemt.org\/web\/category\/comunicados-para-asociados\/\" rel=\"category tag\">Comunicados para asociados<\/a>, <a href=\"https:\/\/www.aeemt.org\/web\/category\/conferencias-y-congresos\/\" rel=\"category tag\">Conferencias y congresos<\/a>, <a href=\"https:\/\/www.aeemt.org\/web\/category\/formacion\/\" rel=\"category tag\">Formaci\u00f3n<\/a>, <a href=\"https:\/\/www.aeemt.org\/web\/category\/nl-innovacion\/\" rel=\"category tag\">NL Innovaci\u00f3n<\/a>, <a href=\"https:\/\/www.aeemt.org\/web\/category\/noticias-de-medicina\/\" rel=\"category tag\">Noticias de Medicina<\/a><\/span>\r\n\t\t\t\r\n\t\t\t\r\n\t\t\t\r\n\t\t<\/div><!-- \/ end div  .post_data -->\r\n\t\n\t<\/div> \n\n<\/article> \n<!-- \/ blog box-->\n<\/div>\n<div class=\"col col-sm-6 isotope-item\">\n \n\n<!-- blog box-->\n<article class=\"loop post-74688 post type-post status-publish format-standard has-post-thumbnail hentry category-comunicados-de-la-aeemt category-comunicados-de-la-junta-directiva category-comunicados-de-la-secretaria category-comunicados-para-asociados category-eventos-de-interes category-nl-investigacion category-noticias-de-medicina\" id=\"post-74688\">\n\t\t\n\t\n\t\n\t<figure class=\"featured_image featured_media\">\n\n\t\t\n\t\t\t\t<a id=\"lightbox-922164\" class=\"imgeffect zoom lightbox_ featured_image\" data-group=\"image_74593\" title=\"Enlarge Image\" data-title=\"V\u00eddeo y Documentos. Presentaci\u00f3n del Proyecto de Investigaci\u00f3n sobre el S\u00edndrome de Gulliver.\" data-sub-html=\"#lightbox-922164-description\" data-thumbnail=\"https:\/\/www.aeemt.org\/web\/wp-content\/uploads\/2026\/06\/Estudio_del_Siindrome_de_Gulliver-Peq-75x50.png\" data-thumbTooltip=\"\" data-scaleUp=\"\" data-href=\"\" data-width=\"\" data-height=\"\" data-flashHasPriority=\"\" data-poster=\"\" data-autoplay=\"\" data-audiotitle=\"\" data-html=\"\" href=\"https:\/\/www.aeemt.org\/web\/wp-content\/uploads\/2026\/06\/Estudio_del_Siindrome_de_Gulliver-Peq.png\" ><img decoding=\"async\" src=\"https:\/\/www.aeemt.org\/web\/wp-content\/uploads\/2026\/06\/Estudio_del_Siindrome_de_Gulliver-Peq-640x357.png\" alt=\"\" class=\"\" \/><\/a>\r\n\t\t\t<div class=\"lighbox-description hidden\" id=\"lightbox-922164-description\">\r\n\t\t\t\t<strong>V\u00eddeo y Documentos. Presentaci\u00f3n del Proyecto de Investigaci\u00f3n sobre el S\u00edndrome de Gulliver.<\/strong><br>\r\n\t\t\t\t\r\n\t\t\t<\/div>\t\t\t\t<span class=\"format-icon icon-pencil\"><\/span>\n\n\t\t\t\n\t<\/figure> \n\t\n\n\t<div class=\"date\"><a href=\"https:\/\/www.aeemt.org\/web\/2026\/07\/04\/video-y-documentos-presentacion-del-proyecto-de-investigacion-sobre-el-sindrome-de-gulliver\/\">4 de julio de 2026<\/a><\/div> \n\t<div class=\"text entry-content\">\n\n\t\t<!-- blog headline-->\n\t\t<h2 class=\"entry-title\"><a href=\"https:\/\/www.aeemt.org\/web\/2026\/07\/04\/video-y-documentos-presentacion-del-proyecto-de-investigacion-sobre-el-sindrome-de-gulliver\/\" rel=\"bookmark\">V\u00eddeo y Documentos. Presentaci\u00f3n del Proyecto de Investigaci\u00f3n sobre el S\u00edndrome de Gulliver.<\/a><\/h2> \n\t\t\t\n\n\t\t<p>Este contenido est\u00e1 restringido a los miembros del sitio. Si eres un usuario existente, por favor, accede. Los nuevos usuarios pueden registrarse a continuaci\u00f3n.Acceso de usuarios existentesNombre de usuario o [&hellip;]<\/p>\n\n\t\t\t\t<!-- meta data -->\r\n\t\t<div class=\"post_data\">\r\n\r\n\t\t\t\r\n\t\t\t\t\t\t<!-- categories -->\r\n\t\t\t<span class=\"icon-flow-cascade categories\"><a href=\"https:\/\/www.aeemt.org\/web\/category\/comunicados-de-la-aeemt\/\" rel=\"category tag\">Comunicados de la AEEMT<\/a>, <a href=\"https:\/\/www.aeemt.org\/web\/category\/comunicados-de-la-junta-directiva\/\" rel=\"category tag\">Comunicados de la Junta Directiva<\/a>, <a href=\"https:\/\/www.aeemt.org\/web\/category\/comunicados-de-la-secretaria\/\" rel=\"category tag\">Comunicados de la Secretar\u00eda<\/a>, <a href=\"https:\/\/www.aeemt.org\/web\/category\/comunicados-para-asociados\/\" rel=\"category tag\">Comunicados para asociados<\/a>, <a href=\"https:\/\/www.aeemt.org\/web\/category\/eventos-de-interes\/\" rel=\"category tag\">Eventos de inter\u00e9s<\/a>, <a href=\"https:\/\/www.aeemt.org\/web\/category\/nl-investigacion\/\" rel=\"category tag\">NL Investigaci\u00f3n<\/a>, <a href=\"https:\/\/www.aeemt.org\/web\/category\/noticias-de-medicina\/\" rel=\"category tag\">Noticias de Medicina<\/a><\/span>\r\n\t\t\t\r\n\t\t\t\r\n\t\t\t\r\n\t\t<\/div><!-- \/ end div  .post_data -->\r\n\t\n\t<\/div> \n\n<\/article> \n<!-- \/ blog box-->\n<\/div>\n<div class=\"col col-sm-6 isotope-item\">\n \n\n<!-- blog box-->\n<article class=\"loop post-74590 post type-post status-publish format-standard has-post-thumbnail hentry category-comunicados-de-la-aeemt category-comunicados-de-la-junta-directiva category-comunicados-de-la-secretaria category-comunicados-para-asociados category-eventos-de-interes category-noticias-de-medicina\" id=\"post-74590\">\n\t\t\n\t\n\t\n\t<figure class=\"featured_image featured_media\">\n\n\t\t\n\t\t\t\t<a id=\"lightbox-259470\" class=\"imgeffect zoom lightbox_ featured_image\" data-group=\"image_74593\" title=\"Enlarge Image\" data-title=\"Webinar informativo Proyecto Investigaci\u00f3n sobre el S\u00edndrome de Gulliver. 2 de julio de 2026\" data-sub-html=\"#lightbox-259470-description\" data-thumbnail=\"https:\/\/www.aeemt.org\/web\/wp-content\/uploads\/2026\/06\/Estudio_del_Siindrome_de_Gulliver-Peq-75x50.png\" data-thumbTooltip=\"\" data-scaleUp=\"\" data-href=\"\" data-width=\"\" data-height=\"\" data-flashHasPriority=\"\" data-poster=\"\" data-autoplay=\"\" data-audiotitle=\"\" data-html=\"\" href=\"https:\/\/www.aeemt.org\/web\/wp-content\/uploads\/2026\/06\/Estudio_del_Siindrome_de_Gulliver-Peq.png\" ><img decoding=\"async\" src=\"https:\/\/www.aeemt.org\/web\/wp-content\/uploads\/2026\/06\/Estudio_del_Siindrome_de_Gulliver-Peq-640x357.png\" alt=\"\" class=\"\" \/><\/a>\r\n\t\t\t<div class=\"lighbox-description hidden\" id=\"lightbox-259470-description\">\r\n\t\t\t\t<strong>Webinar informativo Proyecto Investigaci\u00f3n sobre el S\u00edndrome de Gulliver. 2 de julio de 2026<\/strong><br>\r\n\t\t\t\t\r\n\t\t\t<\/div>\t\t\t\t<span class=\"format-icon icon-pencil\"><\/span>\n\n\t\t\t\n\t<\/figure> \n\t\n\n\t<div class=\"date\"><a href=\"https:\/\/www.aeemt.org\/web\/2026\/06\/29\/webinar-informativo-proyecto-investigacion-sobre-el-sindrome-de-gulliver-2-de-julio-de-2026\/\">29 de junio de 2026<\/a><\/div> \n\t<div class=\"text entry-content\">\n\n\t\t<!-- blog headline-->\n\t\t<h2 class=\"entry-title\"><a href=\"https:\/\/www.aeemt.org\/web\/2026\/06\/29\/webinar-informativo-proyecto-investigacion-sobre-el-sindrome-de-gulliver-2-de-julio-de-2026\/\" rel=\"bookmark\">Webinar informativo Proyecto Investigaci\u00f3n sobre el S\u00edndrome de Gulliver. 2 de julio de 2026<\/a><\/h2> \n\t\t\t\n\n\t\t<p>Este contenido est\u00e1 restringido a los miembros del sitio. Si eres un usuario existente, por favor, accede. Los nuevos usuarios pueden registrarse a continuaci\u00f3n.Acceso de usuarios existentesNombre de usuario o [&hellip;]<\/p>\n\n\t\t\t\t<!-- meta data -->\r\n\t\t<div class=\"post_data\">\r\n\r\n\t\t\t\r\n\t\t\t\t\t\t<!-- categories -->\r\n\t\t\t<span class=\"icon-flow-cascade categories\"><a href=\"https:\/\/www.aeemt.org\/web\/category\/comunicados-de-la-aeemt\/\" rel=\"category tag\">Comunicados de la AEEMT<\/a>, <a href=\"https:\/\/www.aeemt.org\/web\/category\/comunicados-de-la-junta-directiva\/\" rel=\"category tag\">Comunicados de la Junta Directiva<\/a>, <a href=\"https:\/\/www.aeemt.org\/web\/category\/comunicados-de-la-secretaria\/\" rel=\"category tag\">Comunicados de la Secretar\u00eda<\/a>, <a href=\"https:\/\/www.aeemt.org\/web\/category\/comunicados-para-asociados\/\" rel=\"category tag\">Comunicados para asociados<\/a>, <a href=\"https:\/\/www.aeemt.org\/web\/category\/eventos-de-interes\/\" rel=\"category tag\">Eventos de inter\u00e9s<\/a>, <a href=\"https:\/\/www.aeemt.org\/web\/category\/noticias-de-medicina\/\" rel=\"category tag\">Noticias de Medicina<\/a><\/span>\r\n\t\t\t\r\n\t\t\t\r\n\t\t\t\r\n\t\t<\/div><!-- \/ end div  .post_data -->\r\n\t\n\t<\/div> \n\n<\/article> \n<!-- \/ blog box-->\n<\/div>\n<div class=\"col col-sm-6 isotope-item\">\n \n\n<!-- blog box-->\n<article class=\"loop post-74547 post type-post status-publish format-standard has-post-thumbnail hentry category-comunicados-de-la-aeemt category-comunicados-de-la-junta-directiva category-comunicados-de-la-secretaria category-comunicados-del-presidente category-comunicados-para-asociados category-eventos-de-interes category-formacion category-noticias-de-medicina\" id=\"post-74547\">\n\t\t\n\t\n\t\n\t<figure class=\"featured_image featured_media\">\n\n\t\t\n\t\t\t\t<a id=\"lightbox-954525\" class=\"imgeffect zoom lightbox_ featured_image\" data-group=\"image_74550\" title=\"Enlarge Image\" data-title=\"Webinar MEDICINA DEL TRABAJO. Impacto de la obesidad en la salud de los trabajadores. 17 de Junio. 2026\" data-sub-html=\"#lightbox-954525-description\" data-thumbnail=\"https:\/\/www.aeemt.org\/web\/wp-content\/uploads\/2026\/06\/Banner-WEbinar-17-junio-75x50.png\" data-thumbTooltip=\"\" data-scaleUp=\"\" data-href=\"\" data-width=\"\" data-height=\"\" data-flashHasPriority=\"\" data-poster=\"\" data-autoplay=\"\" data-audiotitle=\"\" data-html=\"\" href=\"https:\/\/www.aeemt.org\/web\/wp-content\/uploads\/2026\/06\/Banner-WEbinar-17-junio.png\" ><img decoding=\"async\" src=\"https:\/\/www.aeemt.org\/web\/wp-content\/uploads\/2026\/06\/Banner-WEbinar-17-junio-640x398.png\" alt=\"\" class=\"\" \/><\/a>\r\n\t\t\t<div class=\"lighbox-description hidden\" id=\"lightbox-954525-description\">\r\n\t\t\t\t<strong>Webinar MEDICINA DEL TRABAJO. Impacto de la obesidad en la salud de los trabajadores. 17 de Junio. 2026<\/strong><br>\r\n\t\t\t\t\r\n\t\t\t<\/div>\t\t\t\t<span class=\"format-icon icon-pencil\"><\/span>\n\n\t\t\t\n\t<\/figure> \n\t\n\n\t<div class=\"date\"><a href=\"https:\/\/www.aeemt.org\/web\/2026\/06\/12\/webinar-medicina-del-trabajo-impacto-de-la-obesidad-en-la-salud-de-los-trabajadores-17-de-junio-2026\/\">12 de junio de 2026<\/a><\/div> \n\t<div class=\"text entry-content\">\n\n\t\t<!-- blog headline-->\n\t\t<h2 class=\"entry-title\"><a href=\"https:\/\/www.aeemt.org\/web\/2026\/06\/12\/webinar-medicina-del-trabajo-impacto-de-la-obesidad-en-la-salud-de-los-trabajadores-17-de-junio-2026\/\" rel=\"bookmark\">Webinar MEDICINA DEL TRABAJO. Impacto de la obesidad en la salud de los trabajadores. 17 de Junio. 2026<\/a><\/h2> \n\t\t\t\n\n\t\t<p>[vc_row rt_row_background_width=\u00bbdefault\u00bb rt_row_style=\u00bbdefault-style\u00bb rt_column_placement=\u00bbmiddle\u00bb rt_row_borders=\u00bb\u00bb rt_row_paddings=\u00bbtrue\u00bb rt_bg_effect=\u00bbclassic\u00bb rt_bg_image_repeat=\u00bbrepeat\u00bb rt_bg_size=\u00bbcover\u00bb rt_bg_position=\u00bbright top\u00bb rt_bg_attachment=\u00bbscroll\u00bb rt_bg_video_format=\u00bbself-hosted\u00bb][vc_column width=\u00bb1\/2&#8243; rt_wrp_col_paddings=\u00bbfalse\u00bb rt_border_top=\u00bb\u00bb rt_border_bottom=\u00bb\u00bb rt_border_left=\u00bb\u00bb rt_border_right=\u00bb\u00bb rt_border_top_mobile=\u00bb\u00bb rt_border_bottom_mobile=\u00bb\u00bb rt_border_left_mobile=\u00bb\u00bb rt_border_right_mobile=\u00bb\u00bb rt_bg_image_repeat=\u00bbrepeat\u00bb rt_bg_size=\u00bbauto auto\u00bb rt_bg_position=\u00bbright top\u00bb rt_bg_attachment=\u00bbscroll\u00bb][vc_column_text css=\u00bb\u00bb] [&hellip;]<\/p>\n\n\t\t\t\t<!-- meta data -->\r\n\t\t<div class=\"post_data\">\r\n\r\n\t\t\t\r\n\t\t\t\t\t\t<!-- categories -->\r\n\t\t\t<span class=\"icon-flow-cascade categories\"><a href=\"https:\/\/www.aeemt.org\/web\/category\/comunicados-de-la-aeemt\/\" rel=\"category tag\">Comunicados de la AEEMT<\/a>, <a href=\"https:\/\/www.aeemt.org\/web\/category\/comunicados-de-la-junta-directiva\/\" rel=\"category tag\">Comunicados de la Junta Directiva<\/a>, <a href=\"https:\/\/www.aeemt.org\/web\/category\/comunicados-de-la-secretaria\/\" rel=\"category tag\">Comunicados de la Secretar\u00eda<\/a>, <a href=\"https:\/\/www.aeemt.org\/web\/category\/comunicados-del-presidente\/\" rel=\"category tag\">Comunicados del Presidente<\/a>, <a href=\"https:\/\/www.aeemt.org\/web\/category\/comunicados-para-asociados\/\" rel=\"category tag\">Comunicados para asociados<\/a>, <a href=\"https:\/\/www.aeemt.org\/web\/category\/eventos-de-interes\/\" rel=\"category tag\">Eventos de inter\u00e9s<\/a>, <a href=\"https:\/\/www.aeemt.org\/web\/category\/formacion\/\" rel=\"category tag\">Formaci\u00f3n<\/a>, <a href=\"https:\/\/www.aeemt.org\/web\/category\/noticias-de-medicina\/\" rel=\"category tag\">Noticias de Medicina<\/a><\/span>\r\n\t\t\t\r\n\t\t\t\r\n\t\t\t\r\n\t\t<\/div><!-- \/ end div  .post_data -->\r\n\t\n\t<\/div> \n\n<\/article> \n<!-- \/ blog box-->\n<\/div>\n<div class=\"col col-sm-6 isotope-item\">\n \n\n<!-- blog box-->\n<article class=\"loop post-74532 post type-post status-publish format-standard has-post-thumbnail hentry category-comunicados-de-la-aeemt category-comunicados-de-la-junta-directiva category-comunicados-de-la-secretaria category-comunicados-del-presidente category-comunicados-para-asociados category-eventos-de-interes category-noticias-de-medicina\" id=\"post-74532\">\n\t\t\n\t\n\t\n\t<figure class=\"featured_image featured_media\">\n\n\t\t\n\t\t\t\t<a id=\"lightbox-389425\" class=\"imgeffect zoom lightbox_ featured_image\" data-group=\"image_74534\" title=\"Enlarge Image\" data-title=\"Observatorio EPOC. Una urgencia social. 15 de junio de 2026. Madrid\" data-sub-html=\"#lightbox-389425-description\" data-thumbnail=\"https:\/\/www.aeemt.org\/web\/wp-content\/uploads\/2026\/06\/maxresdefault-75x50.jpg\" data-thumbTooltip=\"\" data-scaleUp=\"\" data-href=\"\" data-width=\"\" data-height=\"\" data-flashHasPriority=\"\" data-poster=\"\" data-autoplay=\"\" data-audiotitle=\"\" data-html=\"\" href=\"https:\/\/www.aeemt.org\/web\/wp-content\/uploads\/2026\/06\/maxresdefault.jpg\" ><img decoding=\"async\" src=\"https:\/\/www.aeemt.org\/web\/wp-content\/uploads\/2026\/06\/maxresdefault-640x360.jpg\" alt=\"\" class=\"\" \/><\/a>\r\n\t\t\t<div class=\"lighbox-description hidden\" id=\"lightbox-389425-description\">\r\n\t\t\t\t<strong>Observatorio EPOC. Una urgencia social. 15 de junio de 2026. Madrid<\/strong><br>\r\n\t\t\t\t\r\n\t\t\t<\/div>\t\t\t\t<span class=\"format-icon icon-pencil\"><\/span>\n\n\t\t\t\n\t<\/figure> \n\t\n\n\t<div class=\"date\"><a href=\"https:\/\/www.aeemt.org\/web\/2026\/06\/11\/observatorio-epoc-una-urgencia-social-15-de-junio-de-2026-madrid\/\">11 de junio de 2026<\/a><\/div> \n\t<div class=\"text entry-content\">\n\n\t\t<!-- blog headline-->\n\t\t<h2 class=\"entry-title\"><a href=\"https:\/\/www.aeemt.org\/web\/2026\/06\/11\/observatorio-epoc-una-urgencia-social-15-de-junio-de-2026-madrid\/\" rel=\"bookmark\">Observatorio EPOC. Una urgencia social. 15 de junio de 2026. Madrid<\/a><\/h2> \n\t\t\t\n\n\t\t<p>[vc_row rt_row_background_width=\u00bbdefault\u00bb rt_row_style=\u00bbdefault-style\u00bb rt_column_placement=\u00bbmiddle\u00bb rt_row_borders=\u00bb\u00bb rt_row_paddings=\u00bbtrue\u00bb rt_bg_effect=\u00bbclassic\u00bb rt_bg_image_repeat=\u00bbrepeat\u00bb rt_bg_size=\u00bbcover\u00bb rt_bg_position=\u00bbright top\u00bb rt_bg_attachment=\u00bbscroll\u00bb rt_bg_video_format=\u00bbself-hosted\u00bb][vc_column rt_wrp_col_paddings=\u00bbfalse\u00bb rt_border_top=\u00bb\u00bb rt_border_bottom=\u00bb\u00bb rt_border_left=\u00bb\u00bb rt_border_right=\u00bb\u00bb rt_border_top_mobile=\u00bb\u00bb rt_border_bottom_mobile=\u00bb\u00bb rt_border_left_mobile=\u00bb\u00bb rt_border_right_mobile=\u00bb\u00bb rt_bg_image_repeat=\u00bbrepeat\u00bb rt_bg_size=\u00bbauto auto\u00bb rt_bg_position=\u00bbright top\u00bb rt_bg_attachment=\u00bbscroll\u00bb][vc_column_text css=\u00bb\u00bb] [\/vc_column_text][\/vc_column][\/vc_row][vc_row [&hellip;]<\/p>\n\n\t\t\t\t<!-- meta data -->\r\n\t\t<div class=\"post_data\">\r\n\r\n\t\t\t\r\n\t\t\t\t\t\t<!-- categories -->\r\n\t\t\t<span class=\"icon-flow-cascade categories\"><a href=\"https:\/\/www.aeemt.org\/web\/category\/comunicados-de-la-aeemt\/\" rel=\"category tag\">Comunicados de la AEEMT<\/a>, <a href=\"https:\/\/www.aeemt.org\/web\/category\/comunicados-de-la-junta-directiva\/\" rel=\"category tag\">Comunicados de la Junta Directiva<\/a>, <a href=\"https:\/\/www.aeemt.org\/web\/category\/comunicados-de-la-secretaria\/\" rel=\"category tag\">Comunicados de la Secretar\u00eda<\/a>, <a href=\"https:\/\/www.aeemt.org\/web\/category\/comunicados-del-presidente\/\" rel=\"category tag\">Comunicados del Presidente<\/a>, <a href=\"https:\/\/www.aeemt.org\/web\/category\/comunicados-para-asociados\/\" rel=\"category tag\">Comunicados para asociados<\/a>, <a href=\"https:\/\/www.aeemt.org\/web\/category\/eventos-de-interes\/\" rel=\"category tag\">Eventos de inter\u00e9s<\/a>, <a href=\"https:\/\/www.aeemt.org\/web\/category\/noticias-de-medicina\/\" rel=\"category tag\">Noticias de Medicina<\/a><\/span>\r\n\t\t\t\r\n\t\t\t\r\n\t\t\t\r\n\t\t<\/div><!-- \/ end div  .post_data -->\r\n\t\n\t<\/div> \n\n<\/article> \n<!-- \/ blog box-->\n<\/div>\n<\/div>\n<button href=\"#\" class=\"load_more button_ medium default aligncenter\" autocomplete=\"off\" data-atts=\"YToyNTp7czoyOiJpZCI7czoyMToiYmxvZy1keW5hbWljSUQtNjk1MDM4IjtzOjc6ImFyY2hpdmUiO3M6NToiZmFsc2UiO3M6MTE6Imxpc3RfbGF5b3V0IjtzOjM6IjEvMiI7czoxMjoibGF5b3V0X3N0eWxlIjtzOjc6Im1hc29ucnkiO3M6MTE6InNob3dfYXV0aG9yIjtzOjU6ImZhbHNlIjtzOjE1OiJzaG93X2NhdGVnb3JpZXMiO3M6NDoidHJ1ZSI7czoyMDoic2hvd19jb21tZW50X251bWJlcnMiO3M6NToiZmFsc2UiO3M6OToic2hvd19kYXRlIjtzOjQ6InRydWUiO3M6MjE6ImZlYXR1cmVkX2ltYWdlX3Jlc2l6ZSI7czo0OiJ0cnVlIjtzOjI0OiJmZWF0dXJlZF9pbWFnZV9tYXhfd2lkdGgiO3M6MToiMCI7czoyNToiZmVhdHVyZWRfaW1hZ2VfbWF4X2hlaWdodCI7czoxOiIwIjtzOjE5OiJmZWF0dXJlZF9pbWFnZV9jcm9wIjtzOjU6ImZhbHNlIjtzOjEwOiJwYWdpbmF0aW9uIjtzOjQ6InRydWUiO3M6MTU6ImFqYXhfcGFnaW5hdGlvbiI7czowOiIiO3M6MTI6InVzZV9leGNlcnB0cyI7czo0OiJ0cnVlIjtzOjEyOiJsaXN0X29yZGVyYnkiO3M6NDoiZGF0ZSI7czoxMDoibGlzdF9vcmRlciI7czo0OiJERVNDIjtzOjEzOiJpdGVtX3Blcl9wYWdlIjtzOjE6IjYiO3M6MTA6ImNhdGVnb3JpZXMiO3M6MTE6IjIyLDI2LDI4LDIzIjtzOjQ6ImFqYXgiO3M6NToiZmFsc2UiO3M6NToicGFnZWQiO2k6MDtzOjk6IndwbWxfbGFuZyI7czowOiIiO3M6MjA6ImhpZGVfZmVhdHVyZWRfaW1hZ2VzIjtzOjA6IiI7czo1OiJjbGFzcyI7czowOiIiO3M6NzoicHVycG9zZSI7czo0OiJibG9nIjt9\" data-page_count=\"23\" data-current_page=\"1\" data-listid=\"blog-dynamicID-695038\"><span class=\"icon-angle-double-down\"><\/span>LOAD MORE<\/button>[\/vc_column][\/vc_row]<\/p>\n","protected":false},"excerpt":{"rendered":"<p>[vc_row rt_row_background_width=\u00bbdefault\u00bb rt_row_style=\u00bbdefault-style\u00bb rt_row_borders=\u00bb\u00bb rt_row_paddings=\u00bbtrue\u00bb rt_bg_effect=\u00bbclassic\u00bb rt_bg_image_repeat=\u00bbrepeat\u00bb rt_bg_size=\u00bbcover\u00bb rt_bg_position=\u00bbright top\u00bb rt_bg_attachment=\u00bbscroll\u00bb rt_bg_video_format=\u00bbself-hosted\u00bb][vc_column rt_wrp_col_paddings=\u00bbfalse\u00bb rt_border_top=\u00bb\u00bb rt_border_bottom=\u00bb\u00bb rt_border_left=\u00bb\u00bb rt_border_right=\u00bb\u00bb rt_border_top_mobile=\u00bb\u00bb rt_border_bottom_mobile=\u00bb\u00bb rt_border_left_mobile=\u00bb\u00bb rt_border_right_mobile=\u00bb\u00bb rt_bg_image_repeat=\u00bbrepeat\u00bb rt_bg_size=\u00bbauto auto\u00bb rt_bg_position=\u00bbright top\u00bb rt_bg_attachment=\u00bbscroll\u00bb][\/vc_column][\/vc_row][vc_row rt_row_background_width=\u00bbdefault\u00bb rt_row_style=\u00bbdefault-style\u00bb rt_row_borders=\u00bb\u00bb [&hellip;]<\/p>\n","protected":false},"author":1,"featured_media":0,"parent":0,"menu_order":0,"comment_status":"open","ping_status":"closed","template":"","meta":{"footnotes":""},"class_list":["post-2757","page","type-page","status-publish","hentry"],"_links":{"self":[{"href":"https:\/\/www.aeemt.org\/web\/wp-json\/wp\/v2\/pages\/2757"}],"collection":[{"href":"https:\/\/www.aeemt.org\/web\/wp-json\/wp\/v2\/pages"}],"about":[{"href":"https:\/\/www.aeemt.org\/web\/wp-json\/wp\/v2\/types\/page"}],"author":[{"embeddable":true,"href":"https:\/\/www.aeemt.org\/web\/wp-json\/wp\/v2\/users\/1"}],"replies":[{"embeddable":true,"href":"https:\/\/www.aeemt.org\/web\/wp-json\/wp\/v2\/comments?post=2757"}],"version-history":[{"count":0,"href":"https:\/\/www.aeemt.org\/web\/wp-json\/wp\/v2\/pages\/2757\/revisions"}],"wp:attachment":[{"href":"https:\/\/www.aeemt.org\/web\/wp-json\/wp\/v2\/media?parent=2757"}],"curies":[{"name":"wp","href":"https:\/\/api.w.org\/{rel}","templated":true}]}}